{"id":5,"date":"2021-01-20T15:06:18","date_gmt":"2021-01-20T15:06:18","guid":{"rendered":"https:\/\/hcdvillademerlo.com\/?page_id=5"},"modified":"2021-02-01T15:52:25","modified_gmt":"2021-02-01T15:52:25","slug":"orden-del-dia","status":"publish","type":"page","link":"https:\/\/hcdvillademerlo.com\/index.php\/orden-del-dia\/","title":{"rendered":"Orden del d\u00eda"},"content":{"rendered":"\n<h3 class=\"has-text-align-center wp-block-heading\">Orden del d\u00eda<\/h3>\n\n\n\n<hr class=\"wp-block-separator\"\/>\n\n\n<ul class=\"wp-block-latest-posts__list container-list-ordenanzas wp-block-latest-posts\"><li><a class=\"wp-block-latest-posts__post-title\" href=\"https:\/\/hcdvillademerlo.com\/index.php\/2026\/04\/29\/orden-del-dia-sesion-ordinaria-acta-n008-c-d-2026-fecha-30-de-abril-de-2026\/\">ORDEN DEL D\u00cdA-SESI\u00d3N ORDINARIA                                          ACTA N\u00b0008-C.D.-2026                                                               FECHA: 30 DE ABRIL DE 2026<\/a><div class=\"wp-block-latest-posts__post-excerpt\"><\/div><\/li>\n<li><a class=\"wp-block-latest-posts__post-title\" href=\"https:\/\/hcdvillademerlo.com\/index.php\/2026\/04\/22\/orden-del-dia-sesion-ordinaria-acta-n007-c-d-2026-fecha-23-de-abril-de-2026\/\">ORDEN DEL D\u00cdA-SESI\u00d3N ORDINARIA                                   ACTA N\u00b0007-C.D.-2026                                                                        FECHA: 23 DE ABRIL DE 2026.<\/a><div class=\"wp-block-latest-posts__post-excerpt\"><\/div><\/li>\n<li><a class=\"wp-block-latest-posts__post-title\" href=\"https:\/\/hcdvillademerlo.com\/index.php\/2026\/04\/15\/orden-del-dia-sesion-ordinaria-acta-n-006-c-d-2026-fecha-16-de-abril-de-2026\/\">ORDEN DEL D\u00cdA &#8211; SESI\u00d3N ORDINARIA                                     ACTA N\u00b0 006 &#8211; C.D. &#8211; 2026                                                              FECHA: 16 DE ABRIL DE 2026<\/a><div class=\"wp-block-latest-posts__post-excerpt\"><\/div><\/li>\n<li><a class=\"wp-block-latest-posts__post-title\" href=\"https:\/\/hcdvillademerlo.com\/index.php\/2026\/04\/08\/orden-del-dia-sesion-ordinaria-acta-n005-c-d-2026-fecha-09-de-abril-de-2026\/\">ORDEN DEL D\u00cdA &#8211; SESI\u00d3N ORDINARIA                                   ACTA N\u00b0005-C.D.-2026.                                                                FECHA: 09 DE ABRIL DE 2026.<\/a><div class=\"wp-block-latest-posts__post-excerpt\"><\/div><\/li>\n<li><a class=\"wp-block-latest-posts__post-title\" href=\"https:\/\/hcdvillademerlo.com\/index.php\/2026\/04\/01\/orden-del-dia-sesion-ordinaria-acta-n-004-c-d-2026-fecha-01-de-abril-de-2026\/\">ORDEN DEL D\u00cdA &#8211; SESI\u00d3N ORDINARIA                                  ACTA N\u00b0 004 &#8211; C.D.-2026                                                         FECHA: 01 DE ABRIL DE 2026<\/a><div class=\"wp-block-latest-posts__post-excerpt\"><\/div><\/li>\n<li><a class=\"wp-block-latest-posts__post-title\" href=\"https:\/\/hcdvillademerlo.com\/index.php\/2026\/03\/18\/orden-del-dia-sesion-ordinaria-acta-n-003-c-d-2026-fecha-19\/\">ORDEN DEL D\u00cdA &#8211; SESI\u00d3N ORDINARIA                                    ACTA N\u00b0 003 -C.D.-2026                                                                                               FECHA: 19 DE MARZO DE 2026.<\/a><div class=\"wp-block-latest-posts__post-excerpt\"><\/div><\/li>\n<li><a class=\"wp-block-latest-posts__post-title\" href=\"https:\/\/hcdvillademerlo.com\/index.php\/2026\/03\/11\/orden-del-dia-sesion-ordinaria-acta-n002-c-d-2026-fecha-12-de-marzo-de-2026\/\">ORDEN DEL D\u00cdA &#8211; SESI\u00d3N ORDINARIA                                        ACTA N\u00b0002-C.D.-2026                                                                      FECHA: 12 DE MARZO DE 2026<\/a><div class=\"wp-block-latest-posts__post-excerpt\"><\/div><\/li>\n<li><a class=\"wp-block-latest-posts__post-title\" href=\"https:\/\/hcdvillademerlo.com\/index.php\/2026\/03\/04\/orden-del-dia-sesion-ordinaria-acta-n001-c-d-2026-fecha-05-de-marzo-de-2026\/\">ORDEN DEL D\u00cdA &#8211; SESI\u00d3N ORDINARIA                                     ACTA N\u00b0001-C.D.-2026.-                                              FECHA: 05 DE MARZO DE 2026.<\/a><div class=\"wp-block-latest-posts__post-excerpt\"><\/div><\/li>\n<li><a class=\"wp-block-latest-posts__post-title\" href=\"https:\/\/hcdvillademerlo.com\/index.php\/2026\/02\/26\/orden-del-dia-audiencia-publica-por-tema-plan-de-ordenamiento-territorial-de\/\">ORDEN DEL D\u00cdA                                                                          AUDIENCIA P\u00daBLICA POR TEMA:                                                   PLAN DE ORDENAMIENTO TERRITORIAL DE LA VILLA DE MERLO                                                                           FECHA: 27 DE FEBRERO DE 2026.-<\/a><div class=\"wp-block-latest-posts__post-excerpt\"><\/div><\/li>\n<li><a class=\"wp-block-latest-posts__post-title\" href=\"https:\/\/hcdvillademerlo.com\/index.php\/2026\/02\/04\/orden-del-dia-sesion-extraordinaria-fecha-04-de-febrero-de-2026\/\">ORDEN DEL D\u00cdA                                                                       SESI\u00d3N EXTRAORDINARIA                                                            FECHA: 04 DE FEBRERO DE 2026<\/a><div class=\"wp-block-latest-posts__post-excerpt\"><\/div><\/li>\n<li><a class=\"wp-block-latest-posts__post-title\" href=\"https:\/\/hcdvillademerlo.com\/index.php\/2026\/02\/04\/orden-del-dia-sesion-preparatoria-extraordinaria-fecha-04-de-febrero-de-2026\/\">ORDEN DEL D\u00cdA                                                                         SESI\u00d3N PREPARATORIA EXTRAORDINARIA                           FECHA: 04 DE FEBRERO DE 2026<\/a><div class=\"wp-block-latest-posts__post-excerpt\"><\/div><\/li>\n<li><a class=\"wp-block-latest-posts__post-title\" href=\"https:\/\/hcdvillademerlo.com\/index.php\/2025\/12\/03\/orden-del-dia-sesion-ordinaria-acta-n035-c-d-2025-fecha-04-de-diciembre-de-2025\/\">ORDEN DEL D\u00cdA &#8211; SESI\u00d3N ORDINARIA                       ACTA N\u00b0035-C.D.-2025-                                                             FECHA: 04 DE DICIEMBRE DE 2025.-<\/a><div class=\"wp-block-latest-posts__post-excerpt\"><\/div><\/li>\n<li><a class=\"wp-block-latest-posts__post-title\" href=\"https:\/\/hcdvillademerlo.com\/index.php\/2025\/11\/19\/orden-del-dia-sesion-ordinaria-acta-n033-c-d-2025-fecha-20-de-noviembre-de-2025\/\">ORDEN DEL D\u00cdA &#8211; SESI\u00d3N ORDINARIA                                  ACTA N\u00b0033-C.D.-2025.-                                                                        FECHA: 20 DE NOVIEMBRE DE 2025.<\/a><div class=\"wp-block-latest-posts__post-excerpt\"><\/div><\/li>\n<li><a class=\"wp-block-latest-posts__post-title\" href=\"https:\/\/hcdvillademerlo.com\/index.php\/2025\/11\/12\/orden-del-dia-sesion-ordinaria-acta-n032-c-d-2025-fecha-13-de-noviembre-de-2025\/\">ORDEN DEL D\u00cdA &#8211; SESI\u00d3N ORDINARIA                                        ACTA N\u00b0032-C.D.-2025.- FECHA: 13 DE NOVIEMBRE DE 2025.-<\/a><div class=\"wp-block-latest-posts__post-excerpt\"><\/div><\/li>\n<li><a class=\"wp-block-latest-posts__post-title\" href=\"https:\/\/hcdvillademerlo.com\/index.php\/2025\/11\/05\/orden-del-dia-sesion-ordinaria-acta-n-031-c-d-2025-fecha-06-de-noviembre-de-2025\/\">ORDEN DEL D\u00cdA &#8211; SESI\u00d3N ORDINARIA &#8211; ACTA N\u00b0 031-C.D.-2025.- FECHA: 06 DE NOVIEMBRE DE 2025.-<\/a><div class=\"wp-block-latest-posts__post-excerpt\"><\/div><\/li>\n<li><a class=\"wp-block-latest-posts__post-title\" href=\"https:\/\/hcdvillademerlo.com\/index.php\/2025\/10\/29\/orden-del-dia-sesion-ordinaria-acta-n30-c-d-2025-fecha-30-de-octubre-de-2025\/\">ORDEN DEL D\u00cdA &#8211; SESI\u00d3N ORDINARIA &#8211; ACTA N\u00b030-C.D.-2025.- FECHA: 30 DE OCTUBRE DE 2025.<\/a><div class=\"wp-block-latest-posts__post-excerpt\"><\/div><\/li>\n<li><a class=\"wp-block-latest-posts__post-title\" href=\"https:\/\/hcdvillademerlo.com\/index.php\/2025\/10\/15\/orden-del-dia-sesion-ordinaria-acta-n028-c-d-2025-fecha-16-de-octubre-de-2025\/\">ORDEN DEL D\u00cdA &#8211; SESI\u00d3N ORDINARIA ACTA N\u00b0028-C.D.-2025.- FECHA: 16 DE OCTUBRE DE 2025.-<\/a><div class=\"wp-block-latest-posts__post-excerpt\"><\/div><\/li>\n<li><a class=\"wp-block-latest-posts__post-title\" href=\"https:\/\/hcdvillademerlo.com\/index.php\/2025\/10\/01\/orden-del-dia-sesion-ordinaria-acta-n-026-c-d-2025-fecha-02-de-octubre-de-2025\/\">ORDEN DEL D\u00cdA &#8211; SESI\u00d3N ORDINARIA ACTA N\u00b0 026-C.D.-2025 FECHA: 02 DE OCTUBRE DE 2025.<\/a><div class=\"wp-block-latest-posts__post-excerpt\"><\/div><\/li>\n<li><a class=\"wp-block-latest-posts__post-title\" href=\"https:\/\/hcdvillademerlo.com\/index.php\/2025\/09\/24\/orden-del-dia-sesion-ordinaria-acta-n-025-c-d-2025-25-de-septiembre-de-2025\/\">ORDEN DEL D\u00cdA &#8211; SESI\u00d3N ORDINARIA ACTA N\u00b0 025-C.D.-2025- 25 DE SEPTIEMBRE DE 2025.-<\/a><div class=\"wp-block-latest-posts__post-excerpt\"><\/div><\/li>\n<li><a class=\"wp-block-latest-posts__post-title\" href=\"https:\/\/hcdvillademerlo.com\/index.php\/2025\/09\/03\/orden-del-dia-sesion-ordinaria-acta-n-022-c-d-2025-04-de-septiembre-de-2025\/\">ORDEN DEL D\u00cdA &#8211; SESI\u00d3N ORDINARIA ACTA N\u00b0 022-C.D.-2025.- 04 DE SEPTIEMBRE DE 2025.<\/a><div class=\"wp-block-latest-posts__post-excerpt\"><\/div><\/li>\n<li><a class=\"wp-block-latest-posts__post-title\" href=\"https:\/\/hcdvillademerlo.com\/index.php\/2025\/07\/02\/orden-del-dia-sesion-ordinaria-acta-n-015-c-d-2025-fecha-03-de-julio-de-2025\/\">ORDEN DEL D\u00cdA &#8211; SESI\u00d3N ORDINARIA ACTA N\u00b0 015-C.D.-2025 FECHA: 03 DE JULIO DE 2025.-<\/a><div class=\"wp-block-latest-posts__post-excerpt\"><\/div><\/li>\n<li><a class=\"wp-block-latest-posts__post-title\" href=\"https:\/\/hcdvillademerlo.com\/index.php\/2025\/06\/25\/orden-del-dia-sesion-ordinaria-2\/\">ORDEN DEL D\u00cdA &#8211; SESI\u00d3N ORDINARIA ACTA N\u00b0 014-C.D.-2025 FECHA: 26 de Junio de 2025.-<\/a><div class=\"wp-block-latest-posts__post-excerpt\"><\/div><\/li>\n<li><a class=\"wp-block-latest-posts__post-title\" href=\"https:\/\/hcdvillademerlo.com\/index.php\/2025\/06\/12\/sesion-13-2025\/\">ORDEN DEL D\u00cdA &#8211; SESI\u00d3N ORDINARIA ACTA N\u00b0 013-C.D.-2025 FECHA: 12 DE JUNIO DE 2025<\/a><div class=\"wp-block-latest-posts__post-excerpt\"><\/div><\/li>\n<li><a class=\"wp-block-latest-posts__post-title\" href=\"https:\/\/hcdvillademerlo.com\/index.php\/2025\/05\/22\/sesion-010-2025\/\">ORDEN DEL D\u00cdA &#8211; SESI\u00d3N ORDINARIA ACTA N\u00b0 010-C.D.-2025 FECHA: 22 DE MAYO DE 2025<\/a><div class=\"wp-block-latest-posts__post-excerpt\">BANDERA: Concejala Ana Laura Ferrarotti.- De los Despachos de Comisi\u00f3n: De las Comunicaciones Oficiales: (Se<\/div><div class=\"blog-btn\"><a href=\"https:\/\/hcdvillademerlo.com\/index.php\/2025\/05\/22\/sesion-010-2025\/\" class=\"home-blog-btn\">Leer m\u00e1s<\/a><\/div><\/li>\n<li><a class=\"wp-block-latest-posts__post-title\" href=\"https:\/\/hcdvillademerlo.com\/index.php\/2025\/05\/15\/sesion-9-2025\/\">ORDEN DEL D\u00cdA &#8211; SESI\u00d3N ORDINARIA ACTA N\u00b0 009-C.D.-2025 FECHA: 15 DE MAYO DE 2025<\/a><div class=\"wp-block-latest-posts__post-excerpt\">BANDERA: Concejal Ezequiel Cuello.- De los Despachos de Comisi\u00f3n: De las Comunicaciones Oficiales: (Se sugiere<\/div><div class=\"blog-btn\"><a href=\"https:\/\/hcdvillademerlo.com\/index.php\/2025\/05\/15\/sesion-9-2025\/\" class=\"home-blog-btn\">Leer m\u00e1s<\/a><\/div><\/li>\n<li><a class=\"wp-block-latest-posts__post-title\" href=\"https:\/\/hcdvillademerlo.com\/index.php\/2025\/05\/08\/sesion-08-2025\/\">ORDEN DEL D\u00cdA &#8211; SESI\u00d3N ORDINARIA ACTA N\u00b0 008-C.D.-2025 FECHA: 08 DE MAYO DE 2025<\/a><div class=\"wp-block-latest-posts__post-excerpt\">BANDERA: Concejal Jorge Cornejo.- De los Despachos de Comisi\u00f3n: De las Peticiones y\/o Asuntos Particulares:<\/div><div class=\"blog-btn\"><a href=\"https:\/\/hcdvillademerlo.com\/index.php\/2025\/05\/08\/sesion-08-2025\/\" class=\"home-blog-btn\">Leer m\u00e1s<\/a><\/div><\/li>\n<li><a class=\"wp-block-latest-posts__post-title\" href=\"https:\/\/hcdvillademerlo.com\/index.php\/2025\/04\/24\/sesion-07\/\">ORDEN DEL D\u00cdA &#8211; SESI\u00d3N ORDINARIA ACTA N\u00b0 007-C.D.-2025 FECHA: 24 DE ABRIL DE 2025<\/a><div class=\"wp-block-latest-posts__post-excerpt\">BANDERA: Concejala Mar\u00eda Jos\u00e9 \u00c1lvarez.- De los Despachos de Comisi\u00f3n: De las Peticiones y\/o Asuntos<\/div><div class=\"blog-btn\"><a href=\"https:\/\/hcdvillademerlo.com\/index.php\/2025\/04\/24\/sesion-07\/\" class=\"home-blog-btn\">Leer m\u00e1s<\/a><\/div><\/li>\n<li><a class=\"wp-block-latest-posts__post-title\" href=\"https:\/\/hcdvillademerlo.com\/index.php\/2025\/04\/10\/sesion-06-2025\/\">ORDEN DEL D\u00cdA &#8211; SESI\u00d3N ORDINARIA ACTA N\u00b0 006-C.D.-2025 FECHA: 10 DE ABRIL DE 2025<\/a><div class=\"wp-block-latest-posts__post-excerpt\">BANDERA: Concejal \u00c1ngela Ventura.- ENTREGA DE DIPLOMAS: De los Despachos de Comisi\u00f3n: De los Informes<\/div><div class=\"blog-btn\"><a href=\"https:\/\/hcdvillademerlo.com\/index.php\/2025\/04\/10\/sesion-06-2025\/\" class=\"home-blog-btn\">Leer m\u00e1s<\/a><\/div><\/li>\n<li><a class=\"wp-block-latest-posts__post-title\" href=\"https:\/\/hcdvillademerlo.com\/index.php\/2025\/04\/03\/sesion-05-2025\/\">ORDEN DEL D\u00cdA &#8211; SESI\u00d3N ORDINARIA ACTA N\u00b0 005-C.D.-2025 FECHA: 03 DE ABRIL DE 2025<\/a><div class=\"wp-block-latest-posts__post-excerpt\">BANDERA: Concejal Daniel Oru\u00e9.- De los Despachos de Comisi\u00f3n: De los Informes y\/o Solicitudes del<\/div><div class=\"blog-btn\"><a href=\"https:\/\/hcdvillademerlo.com\/index.php\/2025\/04\/03\/sesion-05-2025\/\" class=\"home-blog-btn\">Leer m\u00e1s<\/a><\/div><\/li>\n<li><a class=\"wp-block-latest-posts__post-title\" href=\"https:\/\/hcdvillademerlo.com\/index.php\/2025\/03\/27\/sesion-04-2025\/\">ORDEN DEL D\u00cdA &#8211; SESI\u00d3N ORDINARIA ACTA N\u00b0 004-C.D.-2025 FECHA: 27 DE MARZO DE 2025<\/a><div class=\"wp-block-latest-posts__post-excerpt\">BANDERA: Concejal Patricia Morand\u00e9.- De los Despachos de Comisi\u00f3n: De las Peticiones y\/o Asuntos Particulares:<\/div><div class=\"blog-btn\"><a href=\"https:\/\/hcdvillademerlo.com\/index.php\/2025\/03\/27\/sesion-04-2025\/\" class=\"home-blog-btn\">Leer m\u00e1s<\/a><\/div><\/li>\n<li><a class=\"wp-block-latest-posts__post-title\" href=\"https:\/\/hcdvillademerlo.com\/index.php\/2025\/03\/20\/sesion-03-2025\/\">ORDEN DEL D\u00cdA &#8211; SESI\u00d3N ORDINARIA ACTA N\u00b0 003-C.D.-2025 FECHA: 20 DE MARZO DE 2025<\/a><div class=\"wp-block-latest-posts__post-excerpt\">BANDERA: Concejala Ana Laura Ferrarotti.- De los Despachos de Comisi\u00f3n: De los Informes y\/o Solicitudes<\/div><div class=\"blog-btn\"><a href=\"https:\/\/hcdvillademerlo.com\/index.php\/2025\/03\/20\/sesion-03-2025\/\" class=\"home-blog-btn\">Leer m\u00e1s<\/a><\/div><\/li>\n<li><a class=\"wp-block-latest-posts__post-title\" href=\"https:\/\/hcdvillademerlo.com\/index.php\/2025\/03\/13\/orden-del-dia-sesion-ordinaria-acta-n-002-c-d-2025-fecha-13-de-marzo-de-2025\/\">ORDEN DEL D\u00cdA \u2013 SESI\u00d3N ORDINARIA ACTA N\u00b0 002-C.D.-2025 FECHA: 13 DE MARZO DE 2025<\/a><div class=\"wp-block-latest-posts__post-excerpt\"><\/div><\/li>\n<li><a class=\"wp-block-latest-posts__post-title\" href=\"https:\/\/hcdvillademerlo.com\/index.php\/2025\/03\/06\/orden-del-dia-sesion-ordinariaacta-n-001-c-d-2025-fecha-06-de-marzo-de-2025\/\">ORDEN DEL D\u00cdA &#8211; SESI\u00d3N ORDINARIA ACTA N\u00b0 001-C.D.-2025 FECHA: 06 DE MARZO DE 2025<\/a><div class=\"wp-block-latest-posts__post-excerpt\"><\/div><\/li>\n<li><a class=\"wp-block-latest-posts__post-title\" href=\"https:\/\/hcdvillademerlo.com\/index.php\/2024\/12\/05\/sesion-037\/\">ORDEN DEL D\u00cdA &#8211; SESI\u00d3N ORDINARIA ACTA N\u00b0 037-C.D.-2024 FECHA: 05 DE DICIEMBRE DE 2024.-<\/a><div class=\"wp-block-latest-posts__post-excerpt\">BANDERA: Concejal Ezequiel Cuello.- De los Despachos de Comisi\u00f3n:\u2022 Despacho de Comisi\u00f3n N\u00b0232-C.D.-2024.- Proyecto de<\/div><div class=\"blog-btn\"><a href=\"https:\/\/hcdvillademerlo.com\/index.php\/2024\/12\/05\/sesion-037\/\" class=\"home-blog-btn\">Leer m\u00e1s<\/a><\/div><\/li>\n<li><a class=\"wp-block-latest-posts__post-title\" href=\"https:\/\/hcdvillademerlo.com\/index.php\/2024\/11\/07\/sesion-33-2024\/\">ORDEN DEL D\u00cdA &#8211; SESI\u00d3N ORDINARIA ACTA N\u00b0 033-C.D.-2024 FECHA: 07 DE NOVIEMBRE DE 2024<\/a><div class=\"wp-block-latest-posts__post-excerpt\">BANDERA: Concejal Daniel Oru\u00e9.- De los Despachos de Comisi\u00f3n: De las Comunicaciones Oficiales: (Se sugiere<\/div><div class=\"blog-btn\"><a href=\"https:\/\/hcdvillademerlo.com\/index.php\/2024\/11\/07\/sesion-33-2024\/\" class=\"home-blog-btn\">Leer m\u00e1s<\/a><\/div><\/li>\n<li><a class=\"wp-block-latest-posts__post-title\" href=\"https:\/\/hcdvillademerlo.com\/index.php\/2024\/10\/31\/sesion-032-2024\/\">ORDEN DEL D\u00cdA &#8211; SESI\u00d3N ORDINARIA ACTA N\u00b0 032-C.D.-2024 FECHA: 31 DE OCTUBRE DE 2024<\/a><div class=\"wp-block-latest-posts__post-excerpt\">BANDERA: Concejala Patricia Morand\u00e9.- De los Despachos de Comisi\u00f3n: De los Informes y\/o Solicitudes del<\/div><div class=\"blog-btn\"><a href=\"https:\/\/hcdvillademerlo.com\/index.php\/2024\/10\/31\/sesion-032-2024\/\" class=\"home-blog-btn\">Leer m\u00e1s<\/a><\/div><\/li>\n<li><a class=\"wp-block-latest-posts__post-title\" href=\"https:\/\/hcdvillademerlo.com\/index.php\/2024\/10\/17\/sesion-30\/\">ORDEN DEL D\u00cdA &#8211; SESI\u00d3N ORDINARIA ACTA N\u00b0 030-C.D.-2024 FECHA: 17 DE OCTUBRE DE 2024<\/a><div class=\"wp-block-latest-posts__post-excerpt\"><\/div><\/li>\n<li><a class=\"wp-block-latest-posts__post-title\" href=\"https:\/\/hcdvillademerlo.com\/index.php\/2024\/10\/10\/sesion-29-2\/\">ORDEN DEL D\u00cdA &#8211; SESI\u00d3N ORDINARIA ACTA N\u00b0 029-C.D.-2024 FECHA: 10 DE OCTUBRE DE 2024<\/a><div class=\"wp-block-latest-posts__post-excerpt\">BANDERA: Concejal Jorge Cornejo.-&nbsp; De los Despachos de Comisi\u00f3n: De las Peticiones y\/o Asuntos Particulares:&nbsp;<\/div><div class=\"blog-btn\"><a href=\"https:\/\/hcdvillademerlo.com\/index.php\/2024\/10\/10\/sesion-29-2\/\" class=\"home-blog-btn\">Leer m\u00e1s<\/a><\/div><\/li>\n<li><a class=\"wp-block-latest-posts__post-title\" href=\"https:\/\/hcdvillademerlo.com\/index.php\/2024\/10\/03\/sesion-28-2\/\">ORDEN DEL D\u00cdA &#8211; SESI\u00d3N ORDINARIA ACTA N\u00b0 028-C.D.-2024 FECHA: 03 DE OCTUBRE DE 2024<\/a><div class=\"wp-block-latest-posts__post-excerpt\">BANDERA: Concejala Mar\u00eda Jos\u00e9 \u00c1lvarez.-\u00a0 De los Despachos de Comisi\u00f3n: De los Informes y\/o Solicitudes<\/div><div class=\"blog-btn\"><a href=\"https:\/\/hcdvillademerlo.com\/index.php\/2024\/10\/03\/sesion-28-2\/\" class=\"home-blog-btn\">Leer m\u00e1s<\/a><\/div><\/li>\n<li><a class=\"wp-block-latest-posts__post-title\" href=\"https:\/\/hcdvillademerlo.com\/index.php\/2024\/09\/26\/sesion-27\/\">ORDEN DEL D\u00cdA &#8211; SESI\u00d3N ORDINARIA ACTA N\u00b0 027-C.D.-2024 FECHA: 26 DE SEPTIEMBRE DE 2024<\/a><div class=\"wp-block-latest-posts__post-excerpt\"><\/div><\/li>\n<li><a class=\"wp-block-latest-posts__post-title\" href=\"https:\/\/hcdvillademerlo.com\/index.php\/2024\/08\/29\/sesion-23\/\">ORDEN DEL D\u00cdA &#8211; SESI\u00d3N ORDINARIA ACTA N\u00b0 023-C.D.-2024 FECHA: 29 DE AGOSTO DE 2024<\/a><div class=\"wp-block-latest-posts__post-excerpt\"><\/div><\/li>\n<li><a class=\"wp-block-latest-posts__post-title\" href=\"https:\/\/hcdvillademerlo.com\/index.php\/2024\/08\/01\/sesion-19\/\">ORDEN DEL D\u00cdA &#8211; SESI\u00d3N ORDINARIA ACTA N\u00b0 019-C.D.-2024 FECHA: 01 DE AGOSTO DE 2024<\/a><div class=\"wp-block-latest-posts__post-excerpt\"><\/div><\/li>\n<li><a class=\"wp-block-latest-posts__post-title\" href=\"https:\/\/hcdvillademerlo.com\/index.php\/2024\/07\/25\/sesion018\/\">ORDEN DEL D\u00cdA &#8211; SESI\u00d3N ORDINARIA ACTA N\u00b0 018-C.D.-2024 FECHA: 25 DE JULIO DE 2024<\/a><div class=\"wp-block-latest-posts__post-excerpt\">BANDERA: Concejal \u00c1ngela Ventura.- ENTREGA DE DIPLOMAS De los Despachos de Comisi\u00f3n: De las Peticiones<\/div><div class=\"blog-btn\"><a href=\"https:\/\/hcdvillademerlo.com\/index.php\/2024\/07\/25\/sesion018\/\" class=\"home-blog-btn\">Leer m\u00e1s<\/a><\/div><\/li>\n<li><a class=\"wp-block-latest-posts__post-title\" href=\"https:\/\/hcdvillademerlo.com\/index.php\/2024\/07\/25\/sesion-17\/\">ORDEN DEL D\u00cdA &#8211; SESI\u00d3N ORDINARIA ACTA N\u00b0 017-C.D.-2024 FECHA: 18 DE JULIO DE 2024<\/a><div class=\"wp-block-latest-posts__post-excerpt\">BANDERA: Concejal Leonardo Rodr\u00edguez.- De los Despachos de Comisi\u00f3n: De las Peticiones y\/o Asuntos Particulares:<\/div><div class=\"blog-btn\"><a href=\"https:\/\/hcdvillademerlo.com\/index.php\/2024\/07\/25\/sesion-17\/\" class=\"home-blog-btn\">Leer m\u00e1s<\/a><\/div><\/li>\n<li><a class=\"wp-block-latest-posts__post-title\" href=\"https:\/\/hcdvillademerlo.com\/index.php\/2024\/07\/04\/orden-del-dia-sesion-ordinaria-acta-n-015-c-d-2024-fecha-04-de-julio-de-2024\/\">ORDEN DEL D\u00cdA &#8211; SESI\u00d3N ORDINARIA ACTA N\u00b0 015-C.D.-2024 FECHA: 04 DE JULIO DE 2024<\/a><div class=\"wp-block-latest-posts__post-excerpt\">BANDERA: Concejal Patricia Morand\u00e9.- ENTREGA DE DIPLOMAS: De los Despachos de Comisi\u00f3n: De las Comunicaciones<\/div><div class=\"blog-btn\"><a href=\"https:\/\/hcdvillademerlo.com\/index.php\/2024\/07\/04\/orden-del-dia-sesion-ordinaria-acta-n-015-c-d-2024-fecha-04-de-julio-de-2024\/\" class=\"home-blog-btn\">Leer m\u00e1s<\/a><\/div><\/li>\n<li><a class=\"wp-block-latest-posts__post-title\" href=\"https:\/\/hcdvillademerlo.com\/index.php\/2024\/06\/27\/sesion-014-2024\/\">ORDEN DEL D\u00cdA &#8211; SESI\u00d3N ORDINARIA ACTA N\u00b0 014-C.D.-2024 FECHA:\u00a027 DE JUNIO DE 2024<\/a><div class=\"wp-block-latest-posts__post-excerpt\">BANDERA: Concejala Virginia Morales.- De los Despachos de Comisi\u00f3n: De las Comunicaciones Oficiales (Se sugiere<\/div><div class=\"blog-btn\"><a href=\"https:\/\/hcdvillademerlo.com\/index.php\/2024\/06\/27\/sesion-014-2024\/\" class=\"home-blog-btn\">Leer m\u00e1s<\/a><\/div><\/li>\n<li><a class=\"wp-block-latest-posts__post-title\" href=\"https:\/\/hcdvillademerlo.com\/index.php\/2024\/06\/06\/sesion-12-2024\/\">ORDEN DEL D\u00cdA &#8211; SESI\u00d3N ORDINARIA ACTA N\u00b0 012-C.D.-2024 FECHA: 06 DE JUNIO DE 2024<\/a><div class=\"wp-block-latest-posts__post-excerpt\">BANDERA: Concejal Ana Laura Ferrarotti.-&nbsp; ENTREGA DE DIPLOMAS: De los Despachos de Comisi\u00f3n: De las<\/div><div class=\"blog-btn\"><a href=\"https:\/\/hcdvillademerlo.com\/index.php\/2024\/06\/06\/sesion-12-2024\/\" class=\"home-blog-btn\">Leer m\u00e1s<\/a><\/div><\/li>\n<li><a class=\"wp-block-latest-posts__post-title\" href=\"https:\/\/hcdvillademerlo.com\/index.php\/2024\/06\/05\/sesion-verde-2024\/\">ORDEN DEL D\u00cdA SESI\u00d3N ESPECIAL EXTRAORDINARIA \u201cSESI\u00d3N VERDE\u201d FECHA: 05 DE JUNIO DE 2024<\/a><div class=\"wp-block-latest-posts__post-excerpt\">BANDERA: Concejal Ezequiel Cuello.- De los Despachos de Comisi\u00f3n: De las Comunicaciones Oficiales De los<\/div><div class=\"blog-btn\"><a href=\"https:\/\/hcdvillademerlo.com\/index.php\/2024\/06\/05\/sesion-verde-2024\/\" class=\"home-blog-btn\">Leer m\u00e1s<\/a><\/div><\/li>\n<li><a class=\"wp-block-latest-posts__post-title\" href=\"https:\/\/hcdvillademerlo.com\/index.php\/2024\/05\/30\/sesion-11\/\">ORDEN DEL D\u00cdA &#8211; SESI\u00d3N ORDINARIA ACTA N\u00b0 011-C.D.-2024 FECHA: 30 DE MAYO DE 2024<\/a><div class=\"wp-block-latest-posts__post-excerpt\">BANDERA: Concejal Jorge Cornejo.- De los Despachos de Comisi\u00f3n: De los Informes y\/o Solicitudes del<\/div><div class=\"blog-btn\"><a href=\"https:\/\/hcdvillademerlo.com\/index.php\/2024\/05\/30\/sesion-11\/\" class=\"home-blog-btn\">Leer m\u00e1s<\/a><\/div><\/li>\n<li><a class=\"wp-block-latest-posts__post-title\" href=\"https:\/\/hcdvillademerlo.com\/index.php\/2024\/05\/23\/sesion-10-2024\/\">ORDEN DEL D\u00cdA &#8211; SESI\u00d3N ORDINARIA ACTA N\u00b0 010-C.D.-2024 FECHA: 23 DE MAYO DE 2024<\/a><div class=\"wp-block-latest-posts__post-excerpt\">BANDERA: Concejala Mar\u00eda Jos\u00e9 \u00c1lvarez.- De los Despachos de Comisi\u00f3n: De los Informes y\/o Solicitudes<\/div><div class=\"blog-btn\"><a href=\"https:\/\/hcdvillademerlo.com\/index.php\/2024\/05\/23\/sesion-10-2024\/\" class=\"home-blog-btn\">Leer m\u00e1s<\/a><\/div><\/li>\n<li><a class=\"wp-block-latest-posts__post-title\" href=\"https:\/\/hcdvillademerlo.com\/index.php\/2024\/05\/16\/sesion-9\/\">ORDEN DEL D\u00cdA &#8211; SESI\u00d3N ORDINARIA ACTA N\u00b0 009-C.D.-2024 FECHA: 16 DE MAYO DE 2024<\/a><div class=\"wp-block-latest-posts__post-excerpt\">BANDERA: Concejal \u00c1ngela Ventura. De los Despachos de Comisi\u00f3n: De las Peticiones y\/o Asuntos Particulares:<\/div><div class=\"blog-btn\"><a href=\"https:\/\/hcdvillademerlo.com\/index.php\/2024\/05\/16\/sesion-9\/\" class=\"home-blog-btn\">Leer m\u00e1s<\/a><\/div><\/li>\n<li><a class=\"wp-block-latest-posts__post-title\" href=\"https:\/\/hcdvillademerlo.com\/index.php\/2024\/05\/09\/sesion-8-2024\/\">ORDEN DEL D\u00cdA &#8211; SESI\u00d3N ORDINARIA ACTA N\u00b0 008-C.D.-2024 FECHA: 09 DE MAYO DE 2024<\/a><div class=\"wp-block-latest-posts__post-excerpt\">BANDERA: Concejal Leonardo Rodr\u00edguez ENTREGA DE DIPLOMAS.- DECLARAR DE INTER\u00c9S MUNICIPAL la SEMANA MUNDIAL DEL<\/div><div class=\"blog-btn\"><a href=\"https:\/\/hcdvillademerlo.com\/index.php\/2024\/05\/09\/sesion-8-2024\/\" class=\"home-blog-btn\">Leer m\u00e1s<\/a><\/div><\/li>\n<li><a class=\"wp-block-latest-posts__post-title\" href=\"https:\/\/hcdvillademerlo.com\/index.php\/2024\/04\/25\/sesion-7-2024\/\">ORDEN DEL D\u00cdA &#8211; SESI\u00d3N ORDINARIA ACTA N\u00b0 007-C.D.-2024 FECHA: 25 DE ABRIL DE 2024<\/a><div class=\"wp-block-latest-posts__post-excerpt\">BANDERA: Concejal Daniel Oru\u00e9. De los Despachos de Comisi\u00f3n: De las Comunicaciones Oficiales (Se sugiere<\/div><div class=\"blog-btn\"><a href=\"https:\/\/hcdvillademerlo.com\/index.php\/2024\/04\/25\/sesion-7-2024\/\" class=\"home-blog-btn\">Leer m\u00e1s<\/a><\/div><\/li>\n<li><a class=\"wp-block-latest-posts__post-title\" href=\"https:\/\/hcdvillademerlo.com\/index.php\/2024\/04\/18\/sesion-06\/\">ORDEN DEL D\u00cdA &#8211; SESI\u00d3N ORDINARIA ACTA N\u00b0 006-C.D.-2024 FECHA: 18 DE ABRIL DE 2024<\/a><div class=\"wp-block-latest-posts__post-excerpt\">BANDERA: Concejala Patricia Morand\u00e9- ENTREGA DE DIPLOMAS: DECLARAR DE INTER\u00c9S MUNICIPAL la capacitaci\u00f3n de \u00c1rbitros<\/div><div class=\"blog-btn\"><a href=\"https:\/\/hcdvillademerlo.com\/index.php\/2024\/04\/18\/sesion-06\/\" class=\"home-blog-btn\">Leer m\u00e1s<\/a><\/div><\/li>\n<li><a class=\"wp-block-latest-posts__post-title\" href=\"https:\/\/hcdvillademerlo.com\/index.php\/2024\/04\/11\/sesion-ordinaria-5-2024\/\">ORDEN DEL D\u00cdA &#8211; SESI\u00d3N ORDINARIA ACTA N\u00b0 005-C.D.-2024 FECHA: 11 DE ABRIL DE 2024<\/a><div class=\"wp-block-latest-posts__post-excerpt\">BANDERA: Concejala Virginia Morales- ENTREGA DE DIPLOMAS: DECLARAR DE INTER\u00c9S MUNICIPAL la Trayectoria del Ballet<\/div><div class=\"blog-btn\"><a href=\"https:\/\/hcdvillademerlo.com\/index.php\/2024\/04\/11\/sesion-ordinaria-5-2024\/\" class=\"home-blog-btn\">Leer m\u00e1s<\/a><\/div><\/li>\n<li><a class=\"wp-block-latest-posts__post-title\" href=\"https:\/\/hcdvillademerlo.com\/index.php\/2024\/04\/04\/sesion-4-2024\/\">ORDEN DEL D\u00cdA &#8211; SESI\u00d3N ORDINARIA ACTA N\u00b0 004-C.D.-2024 FECHA: 04 DE ABRIL DE 2024<\/a><div class=\"wp-block-latest-posts__post-excerpt\">SESI\u00d3N ORDINARIA ACTA N\u00b0 004-C.D.-2024<\/div><\/li>\n<li><a class=\"wp-block-latest-posts__post-title\" href=\"https:\/\/hcdvillademerlo.com\/index.php\/2024\/03\/14\/sesion-002-2024\/\">ORDEN DEL D\u00cdA &#8211; SESI\u00d3N ORDINARIA ACTA N\u00b0 002-C.D.-2024 FECHA: 14 DE MARZO DE 2024<\/a><div class=\"wp-block-latest-posts__post-excerpt\">SESI\u00d3N ORDINARIA ACTA N\u00b0 002-C.D.-2024<\/div><\/li>\n<li><a class=\"wp-block-latest-posts__post-title\" href=\"https:\/\/hcdvillademerlo.com\/index.php\/2023\/12\/21\/sesion-36\/\">ORDEN DEL D\u00cdA &#8211; SESI\u00d3N ORDINARIA ACTA N\u00b0 36-C.D.-2023 FECHA: 21 DE DICIEMBRE DE 2023<\/a><div class=\"wp-block-latest-posts__post-excerpt\">SESI\u00d3N ORDINARIA ACTA N\u00b0 36-C.D.-2023<\/div><\/li>\n<li><a class=\"wp-block-latest-posts__post-title\" href=\"https:\/\/hcdvillademerlo.com\/index.php\/2023\/12\/07\/sesion-34\/\">ORDEN DEL D\u00cdA &#8211; SESI\u00d3N ORDINARIA ACTA N\u00b0 34-C.D.-2023 FECHA: 07 DE DICIEMBRE DE 2023<\/a><div class=\"wp-block-latest-posts__post-excerpt\">SESI\u00d3N ORDINARIA ACTA N\u00b0 34-C.D.-2023<\/div><\/li>\n<li><a class=\"wp-block-latest-posts__post-title\" href=\"https:\/\/hcdvillademerlo.com\/index.php\/2023\/11\/30\/sesion-33\/\">ORDEN DEL D\u00cdA &#8211; SESI\u00d3N ORDINARIA ACTA N\u00b0 33-C.D.-2023 FECHA: 30 DE NOVIEMBRE DE 2023<\/a><div class=\"wp-block-latest-posts__post-excerpt\">SESI\u00d3N ORDINARIA ACTA N\u00b0 33-C.D.-2023<\/div><\/li>\n<li><a class=\"wp-block-latest-posts__post-title\" href=\"https:\/\/hcdvillademerlo.com\/index.php\/2023\/11\/23\/sesion-32\/\">ORDEN DEL D\u00cdA &#8211; SESI\u00d3N ORDINARIA ACTA N\u00b0 32-C.D.-2023 FECHA: 23 DE NOVIEMBRE DE 2023<\/a><div class=\"wp-block-latest-posts__post-excerpt\">SESI\u00d3N ORDINARIA ACTA N\u00b0 32-C.D.-2023<\/div><\/li>\n<li><a class=\"wp-block-latest-posts__post-title\" href=\"https:\/\/hcdvillademerlo.com\/index.php\/2023\/11\/16\/sesion-31\/\">ORDEN DEL D\u00cdA &#8211; SESI\u00d3N ORDINARIA ACTA N\u00b0 31-C.D.-2023 FECHA: 16 DE NOVIEMBRE DE 2023<\/a><div class=\"wp-block-latest-posts__post-excerpt\">SESI\u00d3N ORDINARIA ACTA N\u00b0 31-C.D.-2023<\/div><\/li>\n<li><a class=\"wp-block-latest-posts__post-title\" href=\"https:\/\/hcdvillademerlo.com\/index.php\/2023\/11\/09\/sesion-n-30\/\">ORDEN DEL D\u00cdA &#8211; SESI\u00d3N ORDINARIA ACTA N\u00b0 30-C.D.-2023 FECHA: 09 DE NOVIEMBRE DE 2023<\/a><div class=\"wp-block-latest-posts__post-excerpt\">SESI\u00d3N ORDINARIA ACTA N\u00b0 30-C.D.-2023<\/div><\/li>\n<li><a class=\"wp-block-latest-posts__post-title\" href=\"https:\/\/hcdvillademerlo.com\/index.php\/2023\/11\/02\/sesion-29\/\">ORDEN DEL D\u00cdA &#8211; SESI\u00d3N ORDINARIA ACTA N\u00b0 29-C.D.-2023 FECHA: 02 DE NOVIEMBRE DE 2023<\/a><div class=\"wp-block-latest-posts__post-excerpt\">SESI\u00d3N ORDINARIA ACTA N\u00b0 29-C.D.-2023<\/div><\/li>\n<li><a class=\"wp-block-latest-posts__post-title\" href=\"https:\/\/hcdvillademerlo.com\/index.php\/2023\/10\/26\/sesion-28\/\">ORDEN DEL D\u00cdA &#8211; SESI\u00d3N ORDINARIA ACTA N\u00b0 28-C.D.-2023 FECHA: 26 de Octubre de 2023<\/a><div class=\"wp-block-latest-posts__post-excerpt\">SESI\u00d3N ORDINARIA ACTA N\u00b0 28-C.D.-2023<\/div><\/li>\n<li><a class=\"wp-block-latest-posts__post-title\" href=\"https:\/\/hcdvillademerlo.com\/index.php\/2023\/10\/19\/sesion-ordinaria-27\/\">ORDEN DEL D\u00cdA &#8211; SESI\u00d3N ORDINARIA ACTA N\u00b0 27-C.D.-2023 FECHA: 19 DE OCTUBRE DE 2023<\/a><div class=\"wp-block-latest-posts__post-excerpt\">SESI\u00d3N ORDINARIA ACTA N\u00b0 27-C.D.-2023<\/div><\/li>\n<li><a class=\"wp-block-latest-posts__post-title\" href=\"https:\/\/hcdvillademerlo.com\/index.php\/2023\/10\/12\/sesion-ordinaria-26\/\">ORDEN DEL D\u00cdA &#8211; SESI\u00d3N ORDINARIA ACTA N\u00b0 26-C.D.-2023 FECHA: 12 DE OCTUBRE DE 2023<\/a><div class=\"wp-block-latest-posts__post-excerpt\">SESI\u00d3N ORDINARIA ACTA N\u00b0 26-C.D.-2023<\/div><\/li>\n<li><a class=\"wp-block-latest-posts__post-title\" href=\"https:\/\/hcdvillademerlo.com\/index.php\/2023\/10\/05\/sesion-ordinaria-25\/\">ORDEN DEL D\u00cdA &#8211; SESI\u00d3N ORDINARIA ACTA N\u00b0 25-C.D.-2023 FECHA: 05 DE OCTUBRE DE 2023<\/a><div class=\"wp-block-latest-posts__post-excerpt\">SESI\u00d3N ORDINARIA ACTA N\u00b0 25-C.D.-2023<\/div><\/li>\n<li><a class=\"wp-block-latest-posts__post-title\" href=\"https:\/\/hcdvillademerlo.com\/index.php\/2023\/09\/28\/sesion-ordinaria-24\/\">ORDEN DEL D\u00cdA &#8211; SESI\u00d3N ORDINARIA ACTA N\u00b0 24-C.D.-2023 FECHA: 28 DE SEPTIEMBRE DE 2023<\/a><div class=\"wp-block-latest-posts__post-excerpt\">SESI\u00d3N ORDINARIA ACTA N\u00b0 24-C.D.-2023<\/div><\/li>\n<li><a class=\"wp-block-latest-posts__post-title\" href=\"https:\/\/hcdvillademerlo.com\/index.php\/2023\/09\/21\/sesion-ordinaria-23-2023\/\">ORDEN DEL D\u00cdA &#8211; SESI\u00d3N ORDINARIA ACTA N\u00b0 23-C.D.-2023 FECHA: 21 DE SEPTIEMBRE DE 2023<\/a><div class=\"wp-block-latest-posts__post-excerpt\">SESI\u00d3N ORDINARIA ACTA N\u00b0 23-C.D.-2023<\/div><\/li>\n<li><a class=\"wp-block-latest-posts__post-title\" href=\"https:\/\/hcdvillademerlo.com\/index.php\/2023\/09\/14\/orden-del-dia-22-2023\/\">ORDEN DEL D\u00cdA &#8211; SESI\u00d3N ORDINARIA ACTA N\u00b0 22-C.D.-2023 FECHA: 14 DE SEPTIEMBRE DE 2023<\/a><div class=\"wp-block-latest-posts__post-excerpt\">SESI\u00d3N ORDINARIA ACTA N\u00b0 22-C.D.-2023<\/div><\/li>\n<li><a class=\"wp-block-latest-posts__post-title\" href=\"https:\/\/hcdvillademerlo.com\/index.php\/2023\/09\/07\/orden-del-dia-21-2023\/\">ORDEN DEL D\u00cdA &#8211; SESI\u00d3N ORDINARIA ACTA N\u00b0 21-C.D.-2023 FECHA: 07 DE SEPTIEMBRE DE 2023<\/a><div class=\"wp-block-latest-posts__post-excerpt\">SESI\u00d3N ORDINARIA ACTA N\u00b0 21-C.D.-2023<\/div><\/li>\n<li><a class=\"wp-block-latest-posts__post-title\" href=\"https:\/\/hcdvillademerlo.com\/index.php\/2023\/08\/31\/orden-del-dia-20-cd-2023\/\">ORDEN DEL D\u00cdA &#8211; SESI\u00d3N ORDINARIA ACTA N\u00b0 20-C.D.-2023 FECHA: 31 DE AGOSTO DE 2023<\/a><div class=\"wp-block-latest-posts__post-excerpt\">SESI\u00d3N ORDINARIA ACTA N\u00b0 20-C.D.-2023<\/div><\/li>\n<li><a class=\"wp-block-latest-posts__post-title\" href=\"https:\/\/hcdvillademerlo.com\/index.php\/2023\/08\/24\/orden-del-dia-n-19\/\">ORDEN DEL D\u00cdA &#8211; SESI\u00d3N ORDINARIA ACTA N\u00b0 19-C.D.-2023 FECHA: 24 DE AGOSTO DE 2023<\/a><div class=\"wp-block-latest-posts__post-excerpt\">SESI\u00d3N ORDINARIA ACTA N\u00b0 19-C.D.-2023<\/div><\/li>\n<li><a class=\"wp-block-latest-posts__post-title\" href=\"https:\/\/hcdvillademerlo.com\/index.php\/2023\/08\/10\/orden-del-dia-n-18-c-d-2023\/\">ORDEN DEL D\u00cdA &#8211; SESI\u00d3N ORDINARIA ACTA N\u00b0 18-C.D.-2023 FECHA: 10 DE AGOSTO DE 2023<\/a><div class=\"wp-block-latest-posts__post-excerpt\">SESI\u00d3N ORDINARIA ACTA N\u00b0 18-C.D.-2023<\/div><\/li>\n<li><a class=\"wp-block-latest-posts__post-title\" href=\"https:\/\/hcdvillademerlo.com\/index.php\/2023\/08\/03\/orden-del-dia-n-17-c-d-2023\/\">ORDEN DEL D\u00cdA &#8211; SESI\u00d3N ORDINARIA ACTA N\u00b0 17-C.D.-2023 FECHA: 03 DE AGOSTO DE 2023<\/a><div class=\"wp-block-latest-posts__post-excerpt\">SESI\u00d3N ORDINARIA ACTA N\u00b0 17-C.D.-2023<\/div><\/li>\n<li><a class=\"wp-block-latest-posts__post-title\" href=\"https:\/\/hcdvillademerlo.com\/index.php\/2023\/07\/27\/orden-del-dia-n-16-c-d-2023\/\">ORDEN DEL D\u00cdA &#8211; SESI\u00d3N ORDINARIA ACTA N\u00b0 16-C.D.-2023 FECHA: 27 DE JULIO DEL 2023<\/a><div class=\"wp-block-latest-posts__post-excerpt\">SESI\u00d3N ORDINARIA ACTA N\u00b0 16-C.D.-2023<\/div><\/li>\n<li><a class=\"wp-block-latest-posts__post-title\" href=\"https:\/\/hcdvillademerlo.com\/index.php\/2023\/07\/06\/sesion-ordinaria-n-15-c-d-2023\/\">ORDEN DEL D\u00cdA &#8211; SESI\u00d3N ORDINARIA ACTA N\u00b0 15-C.D.-2023 FECHA: 06 DE JULIO DEL 2023<\/a><div class=\"wp-block-latest-posts__post-excerpt\">SESI\u00d3N ORDINARIA ACTA N\u00b0 15-C.D.-2023<\/div><\/li>\n<li><a class=\"wp-block-latest-posts__post-title\" href=\"https:\/\/hcdvillademerlo.com\/index.php\/2023\/06\/29\/orden-del-dia-n-14-c-d-2023\/\">ORDEN DEL D\u00cdA &#8211; SESI\u00d3N ORDINARIA ACTA N\u00b0 14-C.D.-2023 FECHA: 29 DE JUNIO DEL 2023<\/a><div class=\"wp-block-latest-posts__post-excerpt\">SESI\u00d3N ORDINARIA ACTA N\u00b0 14-C.D.-2023<\/div><\/li>\n<li><a class=\"wp-block-latest-posts__post-title\" href=\"https:\/\/hcdvillademerlo.com\/index.php\/2023\/06\/15\/orden-del-dia-n-13-c-d-2023\/\">ORDEN DEL D\u00cdA &#8211; SESI\u00d3N ORDINARIA ACTA N\u00b0 13-C.D.-2023 FECHA: 15 DE JUNIO DEL 2023<\/a><div class=\"wp-block-latest-posts__post-excerpt\">SESI\u00d3N ORDINARIA ACTA N\u00b0 13-C.D.-2023<\/div><\/li>\n<li><a class=\"wp-block-latest-posts__post-title\" href=\"https:\/\/hcdvillademerlo.com\/index.php\/2023\/06\/05\/orden-del-dia-sesion-especial-extraordinaria-sesion-verde-fecha-05-de-junio-de-2023\/\">ORDEN DEL D\u00cdA SESI\u00d3N ESPECIAL EXTRAORDINARIA \u201cSESI\u00d3N VERDE\u201d FECHA: 05 DE JUNIO DE 2023<\/a><div class=\"wp-block-latest-posts__post-excerpt\"> SESI\u00d3N ESPECIAL EXTRAORDINARIA \u201cSESI\u00d3N VERDE\u201d<\/div><\/li>\n<li><a class=\"wp-block-latest-posts__post-title\" href=\"https:\/\/hcdvillademerlo.com\/index.php\/2023\/06\/01\/orden-del-dia-sesion-ordinaria-acta-n-12-c-d-2023\/\">ORDEN DEL D\u00cdA &#8211; SESI\u00d3N ORDINARIA ACTA N\u00b0 12-C.D.-2023 FECHA: 01 DE JUNIO DEL 2023<\/a><div class=\"wp-block-latest-posts__post-excerpt\">SESI\u00d3N ORDINARIA ACTA N\u00b0 12-C.D.-2023<\/div><\/li>\n<li><a class=\"wp-block-latest-posts__post-title\" href=\"https:\/\/hcdvillademerlo.com\/index.php\/2023\/05\/18\/orden-del-dia-sesion-ordinaria-acta-n-11-c-d-2023-fecha-18-de-mayo-de-2023\/\">ORDEN DEL D\u00cdA &#8211; SESI\u00d3N ORDINARIA ACTA N\u00b0 11-C.D.-2023 FECHA: 18 DE MAYO DE 2023<\/a><div class=\"wp-block-latest-posts__post-excerpt\"> SESI\u00d3N ORDINARIA ACTA N\u00b0 11-C.D.-2023<\/div><\/li>\n<li><a class=\"wp-block-latest-posts__post-title\" href=\"https:\/\/hcdvillademerlo.com\/index.php\/2023\/05\/11\/orden-del-dia-sesion-ordinaria-acta-n-10-c-d-2023-fecha-11-de-mayo-de-2023\/\">ORDEN DEL D\u00cdA &#8211; SESI\u00d3N ORDINARIA ACTA N\u00b0 10-C.D.-2023 FECHA: 11 DE MAYO DE 2023<\/a><div class=\"wp-block-latest-posts__post-excerpt\">SESI\u00d3N ORDINARIA ACTA N\u00b0 10-C.D.-2023<\/div><\/li>\n<li><a class=\"wp-block-latest-posts__post-title\" href=\"https:\/\/hcdvillademerlo.com\/index.php\/2023\/04\/27\/orden-del-dia-sesion-ordinaria-acta-n-09-c-d-2023-fecha-27-de-abril-de-2023\/\">ORDEN DEL D\u00cdA &#8211; SESI\u00d3N ORDINARIA ACTA N\u00b0 09-C.D.-2023 FECHA: 27 DE ABRIL DE 2023<\/a><div class=\"wp-block-latest-posts__post-excerpt\">SESI\u00d3N ORDINARIA ACTA N\u00b0 09-C.D.-2023<\/div><\/li>\n<li><a class=\"wp-block-latest-posts__post-title\" href=\"https:\/\/hcdvillademerlo.com\/index.php\/2023\/04\/20\/orden-del-dia-sesion-ordinaria-acta-n-08-c-d-2023-fecha-20-de-abril-de-2023\/\">ORDEN DEL D\u00cdA &#8211; SESI\u00d3N ORDINARIA ACTA N\u00b0 08-C.D.-2023 FECHA: 20 DE ABRIL DE 2023<\/a><div class=\"wp-block-latest-posts__post-excerpt\">SESI\u00d3N ORDINARIA ACTA N\u00b0 08-C.D.-2023<\/div><\/li>\n<li><a class=\"wp-block-latest-posts__post-title\" href=\"https:\/\/hcdvillademerlo.com\/index.php\/2023\/04\/13\/orden-del-dia-sesion-ordinaria-acta-n-07-c-d-2023-fecha-13-de-abril-de-2023\/\">ORDEN DEL D\u00cdA &#8211; SESI\u00d3N ORDINARIA ACTA N\u00b0 07-C.D.-2023 FECHA: 13 DE ABRIL DE 2023<\/a><div class=\"wp-block-latest-posts__post-excerpt\">SESI\u00d3N ORDINARIA ACTA N\u00b0 07-C.D.-2023<\/div><\/li>\n<li><a class=\"wp-block-latest-posts__post-title\" href=\"https:\/\/hcdvillademerlo.com\/index.php\/2023\/03\/30\/orden-del-dia-sesion-ordinaria-acta-n-06-c-d-2023-fecha-30-de-marzo-de-2023\/\">ORDEN DEL D\u00cdA &#8211; SESI\u00d3N ORDINARIA ACTA N\u00b0 06-C.D.-2023 FECHA: 30 DE MARZO DE 2023<\/a><div class=\"wp-block-latest-posts__post-excerpt\">SESI\u00d3N ORDINARIA ACTA N\u00b0 06-C.D.-2023<\/div><\/li>\n<li><a class=\"wp-block-latest-posts__post-title\" href=\"https:\/\/hcdvillademerlo.com\/index.php\/2023\/03\/23\/orden-del-dia-sesion-ordinaria-acta-n-05-c-d-2023-fecha-23-de-marzo-de-2023\/\">ORDEN DEL D\u00cdA &#8211; SESI\u00d3N ORDINARIA ACTA N\u00b0 05-C.D.-2023 FECHA: 23 DE MARZO DE 2023<\/a><div class=\"wp-block-latest-posts__post-excerpt\">SESI\u00d3N ORDINARIA ACTA N\u00b0 05-C.D.-2023<\/div><\/li>\n<li><a class=\"wp-block-latest-posts__post-title\" href=\"https:\/\/hcdvillademerlo.com\/index.php\/2023\/03\/16\/orden-del-dia-sesion-ordinaria-acta-n-04-c-d-2023-fecha-16-de-marzo-de-2023\/\">ORDEN DEL D\u00cdA &#8211; SESI\u00d3N ORDINARIA ACTA N\u00b0 04-C.D.-2023 FECHA: 16 DE MARZO DE 2023<\/a><div class=\"wp-block-latest-posts__post-excerpt\">SESI\u00d3N ORDINARIA ACTA N\u00b0 04-C.D.-2023<\/div><\/li>\n<li><a class=\"wp-block-latest-posts__post-title\" href=\"https:\/\/hcdvillademerlo.com\/index.php\/2023\/03\/09\/orden-del-dia-sesion-ordinaria-acta-n-03-c-d-2023-fecha-09-de-marzo-de-2023\/\">ORDEN DEL D\u00cdA &#8211; SESI\u00d3N ORDINARIA ACTA N\u00b0 03-C.D.-2023 FECHA: 09 DE MARZO DE 2023<\/a><div class=\"wp-block-latest-posts__post-excerpt\">SESI\u00d3N ORDINARIA ACTA N\u00b0 03-C.D.-2023<\/div><\/li>\n<li><a class=\"wp-block-latest-posts__post-title\" href=\"https:\/\/hcdvillademerlo.com\/index.php\/2023\/03\/02\/orden-del-dia-sesion-ordinaria-acta-n-02-c-d-2023-fecha-02-de-marzo-del-2023-2\/\">ORDEN DEL D\u00cdA &#8211; SESI\u00d3N ORDINARIA ACTA N\u00b0 02-C.D.-2023 FECHA: 02 DE MARZO DEL 2023<\/a><div class=\"wp-block-latest-posts__post-excerpt\">SESI\u00d3N ORDINARIA ACTA N\u00b0 02-C.D.-2023<\/div><\/li>\n<li><a class=\"wp-block-latest-posts__post-title\" href=\"https:\/\/hcdvillademerlo.com\/index.php\/2022\/12\/15\/orden-del-dia-sesion-ordinaria-acta-n-37-c-d-2022-fecha-15-de-diciembre-del-2022\/\">ORDEN DEL D\u00cdA &#8211; SESI\u00d3N ORDINARIA ACTA N\u00b0 37-C.D.-2022 FECHA: 15 DE DICIEMBRE DEL 2022<\/a><div class=\"wp-block-latest-posts__post-excerpt\">SESI\u00d3N ORDINARIA ACTA N\u00b0 37-C.D.-2022<\/div><\/li>\n<li><a class=\"wp-block-latest-posts__post-title\" href=\"https:\/\/hcdvillademerlo.com\/index.php\/2022\/12\/07\/orden-del-dia-sesion-ordinaria-acta-n-36-c-d-2022-fecha-07-de-diciembre-del-2022\/\">ORDEN DEL D\u00cdA &#8211; SESI\u00d3N ORDINARIA ACTA N\u00b0 36-C.D.-2022 FECHA: 07 DE DICIEMBRE DEL 2022<\/a><div class=\"wp-block-latest-posts__post-excerpt\">SESI\u00d3N ORDINARIA ACTA N\u00b0 36-C.D.-2022<\/div><\/li>\n<li><a class=\"wp-block-latest-posts__post-title\" href=\"https:\/\/hcdvillademerlo.com\/index.php\/2022\/12\/01\/orden-del-dia-sesion-ordinaria-acta-n-35-c-d-2022-fecha-01-de-diciembre-del-2022\/\">ORDEN DEL D\u00cdA &#8211; SESI\u00d3N ORDINARIA ACTA N\u00b0 35-C.D.-2022 FECHA: 01 DE DICIEMBRE DEL 2022<\/a><div class=\"wp-block-latest-posts__post-excerpt\">SESI\u00d3N ORDINARIA ACTA N\u00b0 35-C.D.-2022<\/div><\/li>\n<li><a class=\"wp-block-latest-posts__post-title\" href=\"https:\/\/hcdvillademerlo.com\/index.php\/2022\/11\/24\/orden-del-dia-sesion-ordinaria-acta-n-34-c-d-2022-fecha-24-de-noviembre-del-2022\/\">ORDEN DEL D\u00cdA &#8211; SESI\u00d3N ORDINARIA ACTA N\u00b0 34-C.D.-2022 FECHA: 24 DE NOVIEMBRE DEL 2022<\/a><div class=\"wp-block-latest-posts__post-excerpt\">SESI\u00d3N ORDINARIA ACTA N\u00b0 34-C.D.-2022<\/div><\/li>\n<li><a class=\"wp-block-latest-posts__post-title\" href=\"https:\/\/hcdvillademerlo.com\/index.php\/2022\/11\/03\/orden-del-dia-sesion-ordinaria-acta-n-32-c-d-2022-fecha-03-de-noviembre-del-2022\/\">ORDEN DEL D\u00cdA &#8211; SESI\u00d3N ORDINARIA ACTA N\u00b0 32-C.D.-2022 FECHA: 03 DE NOVIEMBRE DEL 2022<\/a><div class=\"wp-block-latest-posts__post-excerpt\">SESI\u00d3N ORDINARIA ACTA N\u00b0 32-C.D.-2022<\/div><\/li>\n<li><a class=\"wp-block-latest-posts__post-title\" href=\"https:\/\/hcdvillademerlo.com\/index.php\/2022\/10\/27\/orden-del-dia-sesion-ordinaria-acta-n-31-c-d-2022-fecha-27-de-octubre-del-2022\/\">ORDEN DEL D\u00cdA &#8211; SESI\u00d3N ORDINARIA ACTA N\u00b0 31-C.D.-2022 FECHA: 27 DE OCTUBRE DEL 2022<\/a><div class=\"wp-block-latest-posts__post-excerpt\">SESI\u00d3N ORDINARIA ACTA N\u00b0 31-C.D.-2022<\/div><\/li>\n<li><a class=\"wp-block-latest-posts__post-title\" href=\"https:\/\/hcdvillademerlo.com\/index.php\/2022\/10\/20\/orden-del-dia-sesion-ordinaria-acta-n-30-c-d-2022-fecha-20-de-octubre-del-2022\/\">ORDEN DEL D\u00cdA &#8211; SESI\u00d3N ORDINARIA ACTA N\u00b0 30-C.D.-2022 FECHA: 20 DE OCTUBRE DEL 2022<\/a><div class=\"wp-block-latest-posts__post-excerpt\">SESI\u00d3N ORDINARIA ACTA N\u00b0 30-C.D.-2022<\/div><\/li>\n<li><a class=\"wp-block-latest-posts__post-title\" href=\"https:\/\/hcdvillademerlo.com\/index.php\/2022\/10\/13\/orden-del-dia-sesion-ordinaria-acta-n-29-c-d-2022-fecha-13-de-octubre-del-2022\/\">ORDEN DEL D\u00cdA &#8211; SESI\u00d3N ORDINARIA ACTA N\u00b0 29-C.D.-2022 FECHA: 13 DE OCTUBRE DEL 2022<\/a><div class=\"wp-block-latest-posts__post-excerpt\">SESI\u00d3N ORDINARIA ACTA N\u00b0 29-C.D.-2022<\/div><\/li>\n<\/ul>","protected":false},"excerpt":{"rendered":"<p>Orden del d\u00eda<\/p>\n","protected":false},"author":1,"featured_media":0,"parent":0,"menu_order":4,"comment_status":"closed","ping_status":"closed","template":"","meta":{"footnotes":""},"class_list":["post-5","page","type-page","status-publish","hentry"],"_links":{"self":[{"href":"https:\/\/hcdvillademerlo.com\/index.php\/wp-json\/wp\/v2\/pages\/5","targetHints":{"allow":["GET"]}}],"collection":[{"href":"https:\/\/hcdvillademerlo.com\/index.php\/wp-json\/wp\/v2\/pages"}],"about":[{"href":"https:\/\/hcdvillademerlo.com\/index.php\/wp-json\/wp\/v2\/types\/page"}],"author":[{"embeddable":true,"href":"https:\/\/hcdvillademerlo.com\/index.php\/wp-json\/wp\/v2\/users\/1"}],"replies":[{"embeddable":true,"href":"https:\/\/hcdvillademerlo.com\/index.php\/wp-json\/wp\/v2\/comments?post=5"}],"version-history":[{"count":7,"href":"https:\/\/hcdvillademerlo.com\/index.php\/wp-json\/wp\/v2\/pages\/5\/revisions"}],"predecessor-version":[{"id":4958,"href":"https:\/\/hcdvillademerlo.com\/index.php\/wp-json\/wp\/v2\/pages\/5\/revisions\/4958"}],"wp:attachment":[{"href":"https:\/\/hcdvillademerlo.com\/index.php\/wp-json\/wp\/v2\/media?parent=5"}],"curies":[{"name":"wp","href":"https:\/\/api.w.org\/{rel}","templated":true}]}}