{"id":4879,"date":"2021-01-28T21:56:33","date_gmt":"2021-01-28T21:56:33","guid":{"rendered":"https:\/\/hcdvillademerlo.com\/?page_id=4879"},"modified":"2023-11-28T10:48:17","modified_gmt":"2023-11-28T13:48:17","slug":"banca-del-vecino","status":"publish","type":"page","link":"https:\/\/hcdvillademerlo.com\/index.php\/banca-del-vecino\/","title":{"rendered":"Banca ciudadana"},"content":{"rendered":"\n<h3 class=\"has-text-align-center wp-block-heading\">Bancas ciudadanas solicitadas<\/h3>\n\n\n\n<hr class=\"wp-block-separator has-css-opacity\"\/>\n\n\n\n<div class=\"wp-block-media-text alignwide is-stacked-on-mobile is-vertically-aligned-center\"><figure class=\"wp-block-media-text__media\"><img loading=\"lazy\" decoding=\"async\" width=\"600\" height=\"400\" src=\"https:\/\/hcdvillademerlo.com\/wp-content\/uploads\/2022\/12\/313077612_501362412030714_6687883636259035070_n.jpg\" alt=\"\" class=\"wp-image-8658 size-full\" srcset=\"https:\/\/hcdvillademerlo.com\/wp-content\/uploads\/2022\/12\/313077612_501362412030714_6687883636259035070_n.jpg 600w, https:\/\/hcdvillademerlo.com\/wp-content\/uploads\/2022\/12\/313077612_501362412030714_6687883636259035070_n-300x200.jpg 300w\" sizes=\"auto, (max-width: 600px) 100vw, 600px\" \/><\/figure><div class=\"wp-block-media-text__content\">\n<p><a href=\"#\"><\/a><a href=\"#\">Vecinos autoconvocados del Barrio Nuevo Merlo&#8221;, para exponer problem\u00e1tica respecto a la actividad de un corral\u00f3n<\/a><\/p>\n\n\n\n<p><strong>Sesi\u00f3n Ordinaria N\u00b0 031-CD-2022<\/strong><\/p>\n<\/div><\/div>\n\n\n\n<hr class=\"wp-block-separator has-css-opacity\"\/>\n\n\n\n<div class=\"wp-block-media-text alignwide is-stacked-on-mobile is-vertically-aligned-center\"><figure class=\"wp-block-media-text__media\"><img loading=\"lazy\" decoding=\"async\" width=\"800\" height=\"450\" src=\"https:\/\/hcdvillademerlo.com\/wp-content\/uploads\/2021\/11\/035-02.jpeg\" alt=\"\" class=\"wp-image-7341 size-full\" srcset=\"https:\/\/hcdvillademerlo.com\/wp-content\/uploads\/2021\/11\/035-02.jpeg 800w, https:\/\/hcdvillademerlo.com\/wp-content\/uploads\/2021\/11\/035-02-300x169.jpeg 300w, https:\/\/hcdvillademerlo.com\/wp-content\/uploads\/2021\/11\/035-02-768x432.jpeg 768w\" sizes=\"auto, (max-width: 800px) 100vw, 800px\" \/><\/figure><div class=\"wp-block-media-text__content\">\n<p><a href=\"#\"><a href=\"https:\/\/hcdvillademerlo.com\/#\">Frente Popular Dar\u00edo Santill\u00e1n solicita banca del vecino en el marco del D\u00eda Internacional contra la Violencia de G\u00e9nero<\/a><\/a><\/p>\n\n\n\n<p>Sesi\u00f3n Ordinaria N\u00b0 035-CD-2021<\/p>\n<\/div><\/div>\n\n\n\n<hr class=\"wp-block-separator has-css-opacity\"\/>\n\n\n\n<div class=\"wp-block-media-text alignwide is-stacked-on-mobile is-vertically-aligned-center\"><figure class=\"wp-block-media-text__media\"><img loading=\"lazy\" decoding=\"async\" width=\"940\" height=\"788\" src=\"https:\/\/hcdvillademerlo.com\/wp-content\/uploads\/2021\/02\/banca.jpg\" alt=\"\" class=\"wp-image-5227 size-full\" srcset=\"https:\/\/hcdvillademerlo.com\/wp-content\/uploads\/2021\/02\/banca.jpg 940w, https:\/\/hcdvillademerlo.com\/wp-content\/uploads\/2021\/02\/banca-300x251.jpg 300w, https:\/\/hcdvillademerlo.com\/wp-content\/uploads\/2021\/02\/banca-768x644.jpg 768w\" sizes=\"auto, (max-width: 940px) 100vw, 940px\" \/><\/figure><div class=\"wp-block-media-text__content\">\n<p><a href=\"#\">Asociaci\u00f3n Civil Artesanos de Merlo y El Comechingones<\/a><\/p>\n\n\n\n<p>Los vecinos fueron escuchados por los concejales desde la plataforma Zoom, para exponer situaciones varias.<\/p>\n<\/div><\/div>\n\n\n\n<hr class=\"wp-block-separator has-css-opacity\"\/>\n\n\n\n<div class=\"wp-block-media-text alignwide is-stacked-on-mobile is-vertically-aligned-center\"><figure class=\"wp-block-media-text__media\"><img loading=\"lazy\" decoding=\"async\" width=\"1024\" height=\"576\" src=\"https:\/\/hcdvillademerlo.com\/wp-content\/uploads\/2021\/01\/img-01-1024x576.jpg\" alt=\"\" class=\"wp-image-101 size-full\" srcset=\"https:\/\/hcdvillademerlo.com\/wp-content\/uploads\/2021\/01\/img-01-1024x576.jpg 1024w, https:\/\/hcdvillademerlo.com\/wp-content\/uploads\/2021\/01\/img-01-300x169.jpg 300w, https:\/\/hcdvillademerlo.com\/wp-content\/uploads\/2021\/01\/img-01-768x432.jpg 768w, https:\/\/hcdvillademerlo.com\/wp-content\/uploads\/2021\/01\/img-01.jpg 1440w\" sizes=\"auto, (max-width: 1024px) 100vw, 1024px\" \/><\/figure><div class=\"wp-block-media-text__content\">\n<p><a href=\"#\">Agrupaci\u00f3n <\/a><a href=\"http:\/\/concejobahia.gob.ar\/2018\/08\/21\/practicas-de-speedway-y-motocross-se-lleva-a-cabo-durante-el-dia-de-hoy-una-audiencia-publica-en-el-hcd\/\">Juvennat<\/a><\/p>\n\n\n\n<p>Agrupaci\u00f3n Juvennat, solicita Banca del Vecino para exponer<br>situaciones varias.<\/p>\n<\/div><\/div>\n\n\n\n<hr class=\"wp-block-separator has-css-opacity\"\/>\n\n\n\n<div class=\"wp-block-media-text alignwide is-stacked-on-mobile is-vertically-aligned-center\"><figure class=\"wp-block-media-text__media\"><img loading=\"lazy\" decoding=\"async\" width=\"1024\" height=\"583\" src=\"https:\/\/hcdvillademerlo.com\/wp-content\/uploads\/2021\/08\/banca-e1628119948351-1024x583.jpg\" alt=\"\" class=\"wp-image-5942 size-full\" srcset=\"https:\/\/hcdvillademerlo.com\/wp-content\/uploads\/2021\/08\/banca-e1628119948351-1024x583.jpg 1024w, https:\/\/hcdvillademerlo.com\/wp-content\/uploads\/2021\/08\/banca-e1628119948351-300x171.jpg 300w, https:\/\/hcdvillademerlo.com\/wp-content\/uploads\/2021\/08\/banca-e1628119948351-768x437.jpg 768w, https:\/\/hcdvillademerlo.com\/wp-content\/uploads\/2021\/08\/banca-e1628119948351.jpg 1080w\" sizes=\"auto, (max-width: 1024px) 100vw, 1024px\" \/><\/figure><div class=\"wp-block-media-text__content\">\n<p><a href=\"#\">Vecinos Auto convocados de la Costa<\/a><\/p>\n\n\n\n<p>Vecinos Auto convocados de la Costa solicitan Banca del<br>Vecino para exponer situaciones varias.<\/p>\n<\/div><\/div>\n\n\n\n<hr class=\"wp-block-separator has-css-opacity\"\/>\n\n\n\n<p><\/p>\n","protected":false},"excerpt":{"rendered":"<p>Bancas ciudadanas solicitadas Vecinos autoconvocados del Barrio Nuevo Merlo&#8221;, para exponer problem\u00e1tica respecto a la actividad de un corral\u00f3n Sesi\u00f3n Ordinaria N\u00b0 031-CD-2022 Frente Popular Dar\u00edo Santill\u00e1n solicita banca del vecino en el marco del D\u00eda Internacional contra la Violencia de G\u00e9nero Sesi\u00f3n Ordinaria N\u00b0 035-CD-2021 Asociaci\u00f3n Civil Artesanos de Merlo y El Comechingones Los<\/p><\/div>\n<div class=\"blog-btn\"><a href=\"https:\/\/hcdvillademerlo.com\/index.php\/banca-del-vecino\/\" class=\"home-blog-btn\">Leer m\u00e1s<\/a><\/p>\n","protected":false},"author":1,"featured_media":0,"parent":0,"menu_order":0,"comment_status":"closed","ping_status":"closed","template":"","meta":{"footnotes":""},"class_list":["post-4879","page","type-page","status-publish","hentry"],"_links":{"self":[{"href":"https:\/\/hcdvillademerlo.com\/index.php\/wp-json\/wp\/v2\/pages\/4879","targetHints":{"allow":["GET"]}}],"collection":[{"href":"https:\/\/hcdvillademerlo.com\/index.php\/wp-json\/wp\/v2\/pages"}],"about":[{"href":"https:\/\/hcdvillademerlo.com\/index.php\/wp-json\/wp\/v2\/types\/page"}],"author":[{"embeddable":true,"href":"https:\/\/hcdvillademerlo.com\/index.php\/wp-json\/wp\/v2\/users\/1"}],"replies":[{"embeddable":true,"href":"https:\/\/hcdvillademerlo.com\/index.php\/wp-json\/wp\/v2\/comments?post=4879"}],"version-history":[{"count":23,"href":"https:\/\/hcdvillademerlo.com\/index.php\/wp-json\/wp\/v2\/pages\/4879\/revisions"}],"predecessor-version":[{"id":9934,"href":"https:\/\/hcdvillademerlo.com\/index.php\/wp-json\/wp\/v2\/pages\/4879\/revisions\/9934"}],"wp:attachment":[{"href":"https:\/\/hcdvillademerlo.com\/index.php\/wp-json\/wp\/v2\/media?parent=4879"}],"curies":[{"name":"wp","href":"https:\/\/api.w.org\/{rel}","templated":true}]}}