{"id":10065,"date":"2023-12-04T11:49:39","date_gmt":"2023-12-04T14:49:39","guid":{"rendered":"https:\/\/hcdvillademerlo.com\/?page_id=10065"},"modified":"2023-12-04T11:55:26","modified_gmt":"2023-12-04T14:55:26","slug":"poder-ejecutivo","status":"publish","type":"page","link":"https:\/\/hcdvillademerlo.com\/index.php\/digesto\/poder-ejecutivo\/","title":{"rendered":"IX &#8211; Poder Ejecutivo"},"content":{"rendered":"<ul class=\"wp-block-latest-posts__list container-list-ordenanzas wp-block-latest-posts\"><li><a class=\"wp-block-latest-posts__post-title\" href=\"https:\/\/hcdvillademerlo.com\/index.php\/2025\/12\/10\/ordenanza-nix-1185-c-d-2025-acepta-donaciones-de-loteo-denominado-urbanizacion-merlo-village\/\">ORDENANZA N\u00b0IX-1185-C.D.-2025.-                                    &#8220;ACEPTA DONACIONES DE LOTEO DENOMINADO: URBANIZACI\u00d3N MERLO VILLAGE&#8221;<\/a><div class=\"wp-block-latest-posts__post-excerpt\"><\/div><\/li>\n<li><a class=\"wp-block-latest-posts__post-title\" href=\"https:\/\/hcdvillademerlo.com\/index.php\/2025\/10\/21\/ordenanza-n-ix-117-c-d-2025-prorroga-de-la-emergencia-publica-en-materias-economica-social-administrativa-y-financiera\/\">ORDENANZA N\u00b0 IX-117-C.D.-2025.- &#8220;PR\u00d3RROGA DE LA EMERGENCIA P\u00daBLICA EN MATERIAS ECON\u00d3MICA, SOCIAL, ADMINISTRATIVA Y FINANCIERA&#8221;.-<\/a><div class=\"wp-block-latest-posts__post-excerpt\"><\/div><\/li>\n<li><a class=\"wp-block-latest-posts__post-title\" href=\"https:\/\/hcdvillademerlo.com\/index.php\/2025\/07\/08\/ordenanza-n-ix-1668-c-d-2025-aprueba-y-homologa-el-convenio-de-regimen-de-ejecucion-diferida-de-las-redes-de-infraestructura-paseo-peatonal-almena-cesion-de-ejecucion-de-obras-municipales\/\">ORDENANZA N\u00b0 IX-1168-C.D.-2025.- &#8220;APRUEBA Y HOMOLOGA EL CONVENIO DE R\u00c9GIMEN DE EJECUCI\u00d3N DIFERIDA DE LAS REDES DE INFRAESTRUCTURA PASEO PEATONAL ALMENA, CESI\u00d3N DE EJECUCI\u00d3N DE OBRAS MUNICIPALES RESOLUCI\u00d3N 2392-C.D.-2024.-<\/a><div class=\"wp-block-latest-posts__post-excerpt\"><\/div><\/li>\n<li><a class=\"wp-block-latest-posts__post-title\" href=\"https:\/\/hcdvillademerlo.com\/index.php\/2025\/07\/08\/ordenanza-n-ix-1164-c-d-2025-programa-de-promocion-y-acompanamiento-a-microemprendimientos-juveniles-de-base-escolar-2\/\">ORDENANZA N\u00b0 IX-1164-C.D.-2025.- &#8220;PROGRAMA DE PROMOCI\u00d3N Y ACOMPA\u00d1AMIENTO A MICROEMPRENDIMIENTOS JUVENILES DE BASE ESCOLAR&#8221;<\/a><div class=\"wp-block-latest-posts__post-excerpt\"><\/div><\/li>\n<li><a class=\"wp-block-latest-posts__post-title\" href=\"https:\/\/hcdvillademerlo.com\/index.php\/2025\/07\/01\/ordenanza-n-ix-1164-c-d-2025-programa-de-promocion-y-acompanamiento-a-microemprendimientos-juveniles-de-base-escolar\/\">ORDENANZA N\u00b0 IX-1164-C.D.-2025.- &#8220;PROGRAMA DE PROMOCI\u00d3N Y ACOMPA\u00d1AMIENTO A MICROEMPRENDIMIENTOS JUVENILES DE BASE ESCOLAR&#8221;<\/a><div class=\"wp-block-latest-posts__post-excerpt\"><\/div><\/li>\n<li><a class=\"wp-block-latest-posts__post-title\" href=\"https:\/\/hcdvillademerlo.com\/index.php\/2025\/05\/19\/ordenanza-n-1159-ix-2025-declara-dia-violencia-ginecobstetrica\/\">ORDENANZA N\u00b0 1159-IX-2025 &#8211; DECLARA DIA VIOLENCIA GINECOBSTETRICA<\/a><div class=\"wp-block-latest-posts__post-excerpt\"><\/div><\/li>\n<li><a class=\"wp-block-latest-posts__post-title\" href=\"https:\/\/hcdvillademerlo.com\/index.php\/2025\/04\/25\/ordenanza-n-1157-ix-2025-prevencion-de-ludopatia-juvenil\/\">ORDENANZA N\u00b0 1157-IX-2025 &#8211; PREVENCI\u00d3N DE LUDOPAT\u00cdA JUVENIL<\/a><div class=\"wp-block-latest-posts__post-excerpt\"><\/div><\/li>\n<li><a class=\"wp-block-latest-posts__post-title\" href=\"https:\/\/hcdvillademerlo.com\/index.php\/2025\/03\/14\/ordenanza-n-1150-ix-2025-de-regulacion-de-actividades-informales-en-la-via-publica\/\">ORDENANZA N\u00b0 1150-IX-2025 &#8211; DE REGULACION DE ACTIVIDADES INFORMALES EN LA VIA PUBLICA<\/a><div class=\"wp-block-latest-posts__post-excerpt\"><\/div><\/li>\n<li><a class=\"wp-block-latest-posts__post-title\" href=\"https:\/\/hcdvillademerlo.com\/index.php\/2024\/10\/25\/ordenanza-n-ix-1138-c-d-2024-de-reconocimiento-a-empleados-municipales\/\">ORDENANZA N\u00b0 IX-1138-C.D.-2024 &#8211; \u201cDE RECONOCIMIENTO A EMPLEADOS MUNICIPALES\u201d \u00a0<\/a><div class=\"wp-block-latest-posts__post-excerpt\">Villa de Merlo, (S.L.), 24 de Octubre de 2024.- ORDENANZA N\u00b0 IX-1138-C.D.-2024.- &nbsp; \u201cDE RECONOCIMIENTO<\/div><div class=\"blog-btn\"><a href=\"https:\/\/hcdvillademerlo.com\/index.php\/2024\/10\/25\/ordenanza-n-ix-1138-c-d-2024-de-reconocimiento-a-empleados-municipales\/\" class=\"home-blog-btn\">Leer m\u00e1s<\/a><\/div><\/li>\n<li><a class=\"wp-block-latest-posts__post-title\" href=\"https:\/\/hcdvillademerlo.com\/index.php\/2024\/08\/30\/ordenanza-1135-2024\/\">ORDENANZA N\u00b0 IX-1135-C.D.-2024 &#8211; HOMOLOGACI\u00d3N DEL DECRETO N\u00b0 16-IM-2024 RELATIVO A LA ADJUDICACI\u00d3N DE OBRAS DE INFRAESTRUCTURA EN EL BARRIO EL PANTANILLO<\/a><div class=\"wp-block-latest-posts__post-excerpt\">Villa de Merlo, San Luis, 29 de Agosto de 2024.- ORDENANZA N\u00b0 IX-1135-C.D.-2024.- HOMOLOGACI\u00d3N DEL<\/div><div class=\"blog-btn\"><a href=\"https:\/\/hcdvillademerlo.com\/index.php\/2024\/08\/30\/ordenanza-1135-2024\/\" class=\"home-blog-btn\">Leer m\u00e1s<\/a><\/div><\/li>\n<li><a class=\"wp-block-latest-posts__post-title\" href=\"https:\/\/hcdvillademerlo.com\/index.php\/2024\/07\/05\/ordenanza-n-ix-1128-c-d-2024\/\">ORDENANZA N\u00b0 IX-1128-C.D.-2024 &#8211; AUTORIZA LEASING A DEM<\/a><div class=\"wp-block-latest-posts__post-excerpt\">Villa de Merlo, (San Luis), 04 de Julio de 2024.- ORDENANZA N\u00b0 IX-1128-C.D.-2024.- \u201cAUTORIZA AL<\/div><div class=\"blog-btn\"><a href=\"https:\/\/hcdvillademerlo.com\/index.php\/2024\/07\/05\/ordenanza-n-ix-1128-c-d-2024\/\" class=\"home-blog-btn\">Leer m\u00e1s<\/a><\/div><\/li>\n<li><a class=\"wp-block-latest-posts__post-title\" href=\"https:\/\/hcdvillademerlo.com\/index.php\/2024\/06\/18\/ordenanza-n-ix-1126-c-d-2024-instituye-el-concurso-municipal-re-promos-como-una-herramienta-de-apoyo-al-trabajo-de-la-comunidad-educativa\/\">ORDENANZA N\u00b0 IX-1126- C.D.-2024 &#8211; INSTITUYE EL CONCURSO MUNICIPAL RE PROMOS COMO UNA HERRAMIENTA DE APOYO AL TRABAJO DE LA COMUNIDAD EDUCATIVA<\/a><div class=\"wp-block-latest-posts__post-excerpt\">&nbsp;&nbsp;&nbsp;&nbsp;&nbsp;&nbsp;&nbsp;&nbsp;&nbsp;&nbsp;&nbsp;&nbsp;&nbsp;&nbsp;&nbsp;&nbsp;&nbsp;&nbsp;&nbsp;&nbsp;&nbsp;&nbsp;&nbsp;&nbsp;&nbsp;&nbsp;&nbsp;&nbsp;&nbsp;&nbsp;&nbsp;&nbsp;&nbsp;&nbsp;&nbsp;&nbsp;&nbsp;&nbsp;&nbsp;&nbsp;&nbsp;&nbsp;&nbsp;&nbsp;&nbsp;&nbsp; &nbsp;&nbsp;&nbsp;&nbsp;&nbsp;&nbsp;&nbsp;&nbsp;&nbsp;&nbsp;&nbsp;&nbsp;&nbsp;&nbsp; Villa de Merlo, (S.L.), 13 de Junio de 2024.- ORDENANZA N\u00b0 IX-1126- C.D.-2024.-<\/div><div class=\"blog-btn\"><a href=\"https:\/\/hcdvillademerlo.com\/index.php\/2024\/06\/18\/ordenanza-n-ix-1126-c-d-2024-instituye-el-concurso-municipal-re-promos-como-una-herramienta-de-apoyo-al-trabajo-de-la-comunidad-educativa\/\" class=\"home-blog-btn\">Leer m\u00e1s<\/a><\/div><\/li>\n<li><a class=\"wp-block-latest-posts__post-title\" href=\"https:\/\/hcdvillademerlo.com\/index.php\/2024\/05\/24\/ordenanza-n-ix-1123-c-d-2024-reconocimiento-a-los-combatientes-caidos-y-a-los-sobrevivientes-de-la-guerra-de-malvinas\/\">ORDENANZA N\u00b0 IX-1123-C.D.-2024 &#8211; RECONOCIMIENTO A LOS COMBATIENTES CA\u00cdDOS Y A LOS SOBREVIVIENTES DE LA GUERRA DE MALVINAS<\/a><div class=\"wp-block-latest-posts__post-excerpt\">Villa de Merlo, (S.L.), 23 de Mayo de 2024.- ORDENANZA N\u00b0 IX- 1123-C.D.-2024 \u201cDE RECONOCIMIENTO<\/div><div class=\"blog-btn\"><a href=\"https:\/\/hcdvillademerlo.com\/index.php\/2024\/05\/24\/ordenanza-n-ix-1123-c-d-2024-reconocimiento-a-los-combatientes-caidos-y-a-los-sobrevivientes-de-la-guerra-de-malvinas\/\" class=\"home-blog-btn\">Leer m\u00e1s<\/a><\/div><\/li>\n<li><a class=\"wp-block-latest-posts__post-title\" href=\"https:\/\/hcdvillademerlo.com\/index.php\/2023\/12\/26\/ordenanza-n-ix-1116-c-d-2023-declara-emergencia-publica-en-materias-economica-social-administrativa-y-financiera\/\">ORDENANZA N\u00b0 IX- 1116-C.D.-2023 &#8211; DECLARA EMERGENCIA P\u00daBLICA EN MATERIAS ECON\u00d3MICA, SOCIAL, ADMINISTRATIVA Y FINANCIERA<\/a><div class=\"wp-block-latest-posts__post-excerpt\">DECLARA EMERGENCIA P\u00daBLICA EN MATERIAS ECON\u00d3MICA, SOCIAL, ADMINISTRATIVA Y FINANCIERA<\/div><\/li>\n<li><a class=\"wp-block-latest-posts__post-title\" href=\"https:\/\/hcdvillademerlo.com\/index.php\/2023\/03\/20\/ordenanza-nix-1091-c-d-2023\/\">ORDENANZA N\u00b0 IX-1091-C.D.2023 &#8211; ACEPTAR Y HOMOLOGAR DONACI\u00d3N YEDRO<\/a><div class=\"wp-block-latest-posts__post-excerpt\">ACEPTAR Y HOMOLOGAR DONACI\u00d3N  YEDRO<\/div><\/li>\n<li><a class=\"wp-block-latest-posts__post-title\" href=\"https:\/\/hcdvillademerlo.com\/index.php\/2022\/12\/16\/ordenanza-n-ix-1038-c-d-2022\/\">ORDENANZA N\u00b0 IX-1088-C.D.-2022 &#8211; SISTEMA MUNICIPAL DE GESTI\u00d3N  DE RIESGOS<\/a><div class=\"wp-block-latest-posts__post-excerpt\">\u201cSISTEMA MUNICIPAL DE GESTI\u00d3N\u00a0 DE RIESGOS\u201d<\/div><\/li>\n<li><a class=\"wp-block-latest-posts__post-title\" href=\"https:\/\/hcdvillademerlo.com\/index.php\/2022\/12\/12\/ordenanza-n-ix-1084-c-d-2022\/\">ORDENANZA N\u00b0 IX-1084-C.D.-2022 &#8211; CONVENIO LEGROUP<\/a><div class=\"wp-block-latest-posts__post-excerpt\">CONVENIO LEGROUP<\/div><\/li>\n<li><a class=\"wp-block-latest-posts__post-title\" href=\"https:\/\/hcdvillademerlo.com\/index.php\/2022\/12\/12\/ordenanza-n-ix-1081-c-d-2022\/\">ORDENANZA N\u00b0 IX-1081-C.D.-2022 &#8211; PATRIMONIO PLAZA SOBREMONTE<\/a><div class=\"wp-block-latest-posts__post-excerpt\">PATRIMONIO PLAZA SOBREMONTE<\/div><\/li>\n<li><a class=\"wp-block-latest-posts__post-title\" href=\"https:\/\/hcdvillademerlo.com\/index.php\/2022\/08\/12\/ordenanza-n-ix-1060-c-d-2022\/\">ORDENANZA N\u00b0 IX-1060-C.D.-2022 &#8211; HOMOLOGA DECRETO N\u00b0 36<\/a><div class=\"wp-block-latest-posts__post-excerpt\">HOMOLOGA DECRETO N\u00b0 36<\/div><\/li>\n<li><a class=\"wp-block-latest-posts__post-title\" href=\"https:\/\/hcdvillademerlo.com\/index.php\/2021\/11\/15\/ordenanza-n-ix-1012-hcd-2021\/\">ORDENANZA N\u00b0 IX-1012-HCD-2021 &#8211; AUTORIZA COMPRA RODILLO COMPACTADOR<\/a><div class=\"wp-block-latest-posts__post-excerpt\">AUTORIZA COMPRA RODILLO COMPACTADOR<\/div><\/li>\n<li><a class=\"wp-block-latest-posts__post-title\" href=\"https:\/\/hcdvillademerlo.com\/index.php\/2021\/10\/18\/ordenanza-n-ix-0997-2021\/\">ORDENANZA N\u00b0 IX-0997-2021 &#8211; HABILITACI\u00d3N COMERCIAL DE CARROS GASTRON\u00d3MICOS<\/a><div class=\"wp-block-latest-posts__post-excerpt\">\u201cHABILITACI\u00d3N COMERCIAL DE CARROS GASTRON\u00d3MICOS\u201d<\/div><\/li>\n<li><a class=\"wp-block-latest-posts__post-title\" href=\"https:\/\/hcdvillademerlo.com\/index.php\/2021\/09\/21\/ordenanza-n-ix-0977-hcd-2021\/\">ORDENANZA N\u00b0 IX-0977-HCD-2021 &#8211; SERVICIOS URBANOS VILLA DE MERLO SOCIEDAD DEL ESTADO<\/a><div class=\"wp-block-latest-posts__post-excerpt\">\u201cSERVICIOS URBANOS VILLA DE MERLO SOCIEDAD DEL ESTADO\u201d<\/div><\/li>\n<li><a class=\"wp-block-latest-posts__post-title\" href=\"https:\/\/hcdvillademerlo.com\/index.php\/2021\/03\/08\/ordenanza-no-ix-0903-hcd-2019-declarar-la-emergencia-economica\/\">ORDENANZA N\u00ba IX-0903-HCD-2019: \u201cDECLARAR LA EMERGENCIA ECON\u00d3MICA\u201d<\/a><div class=\"wp-block-latest-posts__post-excerpt\">Villa de Merlo, (San Luis), 19 de Diciembre de 2019.- ORDENANZA N\u00ba IX-0903-HCD-2019 \u201cDECLARAR LA<\/div><div class=\"blog-btn\"><a href=\"https:\/\/hcdvillademerlo.com\/index.php\/2021\/03\/08\/ordenanza-no-ix-0903-hcd-2019-declarar-la-emergencia-economica\/\" class=\"home-blog-btn\">Leer m\u00e1s<\/a><\/div><\/li>\n<li><a class=\"wp-block-latest-posts__post-title\" href=\"https:\/\/hcdvillademerlo.com\/index.php\/2019\/02\/22\/ordenanza-no-ix-0877-hcd-2019-aprobar-el-contrato-de-concesion-para-estacionamiento-medido\/\">ORDENANZA N\u00ba IX-0877-HCD-2019: APROBAR el CONTRATO DE CONCESION PARA ESTACIONAMIENTO MEDIDO<\/a><div class=\"wp-block-latest-posts__post-excerpt\">Villa de Merlo, (San Luis), 03 de Enero de 2019.- ORDENANZA N\u00ba IX-0877-HCD-2019 VISTO: La<\/div><div class=\"blog-btn\"><a href=\"https:\/\/hcdvillademerlo.com\/index.php\/2019\/02\/22\/ordenanza-no-ix-0877-hcd-2019-aprobar-el-contrato-de-concesion-para-estacionamiento-medido\/\" class=\"home-blog-btn\">Leer m\u00e1s<\/a><\/div><\/li>\n<li><a class=\"wp-block-latest-posts__post-title\" href=\"https:\/\/hcdvillademerlo.com\/index.php\/2018\/11\/27\/ordenanza-no-ix-0858-hcd-2018-prohibicion-de-venta-y-consumo-de-bebidas-alcoholicas-en-espectaculos-deportivos-donde-participen-categorias-inferiores-y-juveniles\/\">ORDENANZA N\u00ba IX-0858-HCD-2018:  \u201dProhibici\u00f3n de venta y consumo de bebidas alcoh\u00f3licas en espect\u00e1culos deportivos donde participen categor\u00edas inferiores y juveniles\u201d<\/a><div class=\"wp-block-latest-posts__post-excerpt\">Villa de Merlo, (San Luis), 15 de Noviembre de 2018.- \u00a0\u00a0\u00a0\u00a0\u00a0\u00a0\u00a0\u00a0\u00a0\u00a0\u00a0\u00a0\u00a0\u00a0\u00a0\u00a0\u00a0\u00a0\u00a0\u00a0\u00a0\u00a0\u00a0\u00a0\u00a0\u00a0\u00a0\u00a0\u00a0\u00a0\u00a0\u00a0\u00a0\u00a0\u00a0\u00a0\u00a0\u00a0\u00a0\u00a0\u00a0\u00a0\u00a0 ORDENANZA N\u00ba IX-0858-HCD-2018 \u201dProhibici\u00f3n<\/div><div class=\"blog-btn\"><a href=\"https:\/\/hcdvillademerlo.com\/index.php\/2018\/11\/27\/ordenanza-no-ix-0858-hcd-2018-prohibicion-de-venta-y-consumo-de-bebidas-alcoholicas-en-espectaculos-deportivos-donde-participen-categorias-inferiores-y-juveniles\/\" class=\"home-blog-btn\">Leer m\u00e1s<\/a><\/div><\/li>\n<li><a class=\"wp-block-latest-posts__post-title\" href=\"https:\/\/hcdvillademerlo.com\/index.php\/2018\/11\/27\/ordenanza-no-ix-0852-hcd-2018-el-municipio-de-villa-de-merlo-s-l-adhiere-expresamente-a-la-ley-nacional-n-18-284-y-sus-modificatorias-al-decreto-n-4238-68-senasa-al-decreto-n\/\">ORDENANZA N\u00ba IX- 0852-HCD-2018: EL MUNICIPIO DE VILLA DE MERLO (S.L.), ADHIERE EXPRESAMENTE, A LA LEY NACIONAL N\u00b0 18.284, Y SUS MODIFICATORIAS; AL DECRETO N\u00b0 4238\/68 (SENASA); AL DECRETO N\u00b0 2126\/71; DECRETO N\u00b0 1490\/92; DECRETO N\u00b0 815\/99; DECRETO N\u00b0 1271\/13; SUS MODIFICATORIAS Y NORMAS QUE EN EL FUTURO LOS REEMPLACEN<\/a><div class=\"wp-block-latest-posts__post-excerpt\">Villa de Merlo, (San Luis), 25 de Octubre de 2018.- &nbsp; ORDENANZA N\u00ba IX- 0852-HCD-2018<\/div><div class=\"blog-btn\"><a href=\"https:\/\/hcdvillademerlo.com\/index.php\/2018\/11\/27\/ordenanza-no-ix-0852-hcd-2018-el-municipio-de-villa-de-merlo-s-l-adhiere-expresamente-a-la-ley-nacional-n-18-284-y-sus-modificatorias-al-decreto-n-4238-68-senasa-al-decreto-n\/\" class=\"home-blog-btn\">Leer m\u00e1s<\/a><\/div><\/li>\n<li><a class=\"wp-block-latest-posts__post-title\" href=\"https:\/\/hcdvillademerlo.com\/index.php\/2018\/10\/29\/ordenanza-no-ix-0849-hcd-2018-homologa-convenio-marco-cooperacion-e-municipalidad-de-merlo-y-colegio-de-ingenieria-de-san-luis\/\">ORDENANZA N\u00ba IX-0849-HCD-2018: HOMOLOGA CONVENIO MARCO COOPERACION E\/ MUNICIPALIDAD DE MERLO Y COLEGIO DE INGENIERIA DE SAN LUIS<\/a><div class=\"wp-block-latest-posts__post-excerpt\">Villa de Merlo, (San Luis), 11 de Octubre de 2018.- \u00a0\u00a0\u00a0\u00a0\u00a0\u00a0\u00a0\u00a0\u00a0\u00a0\u00a0\u00a0\u00a0\u00a0\u00a0\u00a0\u00a0\u00a0\u00a0\u00a0\u00a0\u00a0\u00a0\u00a0\u00a0\u00a0\u00a0\u00a0\u00a0\u00a0\u00a0\u00a0\u00a0\u00a0\u00a0\u00a0\u00a0\u00a0\u00a0\u00a0\u00a0\u00a0\u00a0 ORDENANZA N\u00ba IX-0849-HCD-2018 &nbsp;<\/div><div class=\"blog-btn\"><a href=\"https:\/\/hcdvillademerlo.com\/index.php\/2018\/10\/29\/ordenanza-no-ix-0849-hcd-2018-homologa-convenio-marco-cooperacion-e-municipalidad-de-merlo-y-colegio-de-ingenieria-de-san-luis\/\" class=\"home-blog-btn\">Leer m\u00e1s<\/a><\/div><\/li>\n<li><a class=\"wp-block-latest-posts__post-title\" href=\"https:\/\/hcdvillademerlo.com\/index.php\/2018\/10\/23\/ordenanza-no-ix-0838-hcd-2018-celebracion-del-estudiante\/\">ORDENANZA N\u00ba IX-0838-HCD-2018  \u201cCELEBRACION DEL ESTUDIANTE\u201d<\/a><div class=\"wp-block-latest-posts__post-excerpt\">Villa de Merlo, (San Luis), 02 de Agosto de 2018.- &nbsp; ORDENANZA N\u00ba IX-0838-HCD-2018 \u201cCELEBRACION<\/div><div class=\"blog-btn\"><a href=\"https:\/\/hcdvillademerlo.com\/index.php\/2018\/10\/23\/ordenanza-no-ix-0838-hcd-2018-celebracion-del-estudiante\/\" class=\"home-blog-btn\">Leer m\u00e1s<\/a><\/div><\/li>\n<li><a class=\"wp-block-latest-posts__post-title\" href=\"https:\/\/hcdvillademerlo.com\/index.php\/2018\/10\/18\/ordenanza-no-ix-0834-hcd-2018-homologa-pliego-de-licitacion-de-estacionamiento-medido\/\">ORDENANZA N\u00ba IX-0834-HCD-2018: HOMOLOGA PLIEGO DE LICITACI\u00d3N DE ESTACIONAMIENTO MEDIDO<\/a><div class=\"wp-block-latest-posts__post-excerpt\">Villa de Merlo, (San Luis), 05 de julio de 2018.- &nbsp; ORDENANZA N\u00ba IX-0834-HCD-2018 &nbsp;<\/div><div class=\"blog-btn\"><a href=\"https:\/\/hcdvillademerlo.com\/index.php\/2018\/10\/18\/ordenanza-no-ix-0834-hcd-2018-homologa-pliego-de-licitacion-de-estacionamiento-medido\/\" class=\"home-blog-btn\">Leer m\u00e1s<\/a><\/div><\/li>\n<li><a class=\"wp-block-latest-posts__post-title\" href=\"https:\/\/hcdvillademerlo.com\/index.php\/2018\/09\/19\/ordenanza-no-ix-0823-hcd-2018-licencia-laboral-por-violencia-de-genero\/\">ORDENANZA N\u00ba IX-0823-HCD-2018  \u201cLicencia Laboral Por Violencia De G\u00e9nero\u201d<\/a><div class=\"wp-block-latest-posts__post-excerpt\">LICENCIA LABORAL POR VIOLENCIA DE G\u00c9NERO<\/div><\/li>\n<li><a class=\"wp-block-latest-posts__post-title\" href=\"https:\/\/hcdvillademerlo.com\/index.php\/2017\/10\/06\/ordenanza-no-ix-0789-hcd-2017-autorizar-al-dem-utilizar-recursos-del-fondo-federal-solidario-para-la-compra-de-camion-en-el-plan-de-recoleccion-residuos-domiciliarios\/\">ORDENANZA N\u00ba IX-0789-HCD-2017: AUTORIZAR AL DEM UTILIZAR RECURSOS DEL FONDO FEDERAL SOLIDARIO PARA LA COMPRA DE CAMION EN EL PLAN DE RECOLECCION RESIDUOS DOMICILIARIOS<\/a><div class=\"wp-block-latest-posts__post-excerpt\">\u00a0\u00a0\u00a0\u00a0\u00a0\u00a0\u00a0\u00a0\u00a0\u00a0\u00a0\u00a0\u00a0\u00a0\u00a0\u00a0\u00a0\u00a0\u00a0\u00a0\u00a0\u00a0\u00a0\u00a0\u00a0\u00a0\u00a0\u00a0\u00a0\u00a0\u00a0\u00a0\u00a0\u00a0\u00a0\u00a0\u00a0\u00a0\u00a0\u00a0\u00a0\u00a0\u00a0\u00a0\u00a0\u00a0 Villa de Merlo (S.L.), 28 de Septiembre de 2017.- &nbsp; &nbsp; ORDENANZA N\u00ba IX-0789-HCD-2017<\/div><div class=\"blog-btn\"><a href=\"https:\/\/hcdvillademerlo.com\/index.php\/2017\/10\/06\/ordenanza-no-ix-0789-hcd-2017-autorizar-al-dem-utilizar-recursos-del-fondo-federal-solidario-para-la-compra-de-camion-en-el-plan-de-recoleccion-residuos-domiciliarios\/\" class=\"home-blog-btn\">Leer m\u00e1s<\/a><\/div><\/li>\n<li><a class=\"wp-block-latest-posts__post-title\" href=\"https:\/\/hcdvillademerlo.com\/index.php\/2017\/10\/06\/ordenanza-ix-0788-hcd-2017-autorizar-al-dem-a-utilizar-al-fondo-federal-solidario-para-compra-de-camion-iveco-daily\/\">ORDENANZA IX-0788-HCD-2017: AUTORIZAR AL DEM A UTILIZAR AL FONDO FEDERAL SOLIDARIO PARA COMPRA DE CAMION IVECO DAILY<\/a><div class=\"wp-block-latest-posts__post-excerpt\">\u00a0\u00a0\u00a0\u00a0\u00a0\u00a0\u00a0\u00a0\u00a0\u00a0\u00a0\u00a0\u00a0\u00a0\u00a0\u00a0\u00a0\u00a0\u00a0\u00a0\u00a0\u00a0\u00a0\u00a0\u00a0\u00a0\u00a0\u00a0\u00a0\u00a0\u00a0\u00a0\u00a0\u00a0\u00a0\u00a0\u00a0\u00a0\u00a0\u00a0\u00a0\u00a0\u00a0\u00a0\u00a0\u00a0 Villa de Merlo (S.L.), 28 de Septiembre de 2017.- &nbsp; ORDENANZA IX-0788-HCD-2017 &nbsp; VISTO:<\/div><div class=\"blog-btn\"><a href=\"https:\/\/hcdvillademerlo.com\/index.php\/2017\/10\/06\/ordenanza-ix-0788-hcd-2017-autorizar-al-dem-a-utilizar-al-fondo-federal-solidario-para-compra-de-camion-iveco-daily\/\" class=\"home-blog-btn\">Leer m\u00e1s<\/a><\/div><\/li>\n<li><a class=\"wp-block-latest-posts__post-title\" href=\"https:\/\/hcdvillademerlo.com\/index.php\/2017\/04\/11\/ordenanza-no-ix-0761-hcd-2017-autorizar-al-dem-utilizar-recursos-del-fondo-federal-solidario-para-la-compra-de-camion\/\">ORDENANZA N\u00ba IX-0761-HCD-2017: AUTORIZAR AL DEM UTILIZAR RECURSOS DEL FONDO FEDERAL SOLIDARIO PARA LA COMPRA DE CAMION<\/a><div class=\"wp-block-latest-posts__post-excerpt\">Villa de Merlo (S.L.), 16 de Marzo de 2017.- ORDENANZA N\u00ba IX-0761-HCD-2017 VISTO: La Nota<\/div><div class=\"blog-btn\"><a href=\"https:\/\/hcdvillademerlo.com\/index.php\/2017\/04\/11\/ordenanza-no-ix-0761-hcd-2017-autorizar-al-dem-utilizar-recursos-del-fondo-federal-solidario-para-la-compra-de-camion\/\" class=\"home-blog-btn\">Leer m\u00e1s<\/a><\/div><\/li>\n<li><a class=\"wp-block-latest-posts__post-title\" href=\"https:\/\/hcdvillademerlo.com\/index.php\/2017\/03\/06\/ordenanza-no-ix-0759-hcd-2017-instaurar-el-reconocimiento-distincion-a-la-mujer-merlina\/\">ORDENANZA N\u00ba IX-0759-HCD-2017  INSTAURAR  EL RECONOCIMIENTO: &quot;DISTINCI\u00d3N A LA MUJER MERLINA&quot;<\/a><div class=\"wp-block-latest-posts__post-excerpt\">Villa de Merlo, San Luis, 02 de Marzo de 2017 &nbsp; ORDENANZA N\u00ba IX-0759-HCD-2017 \u00a0<\/div><div class=\"blog-btn\"><a href=\"https:\/\/hcdvillademerlo.com\/index.php\/2017\/03\/06\/ordenanza-no-ix-0759-hcd-2017-instaurar-el-reconocimiento-distincion-a-la-mujer-merlina\/\" class=\"home-blog-btn\">Leer m\u00e1s<\/a><\/div><\/li>\n<li><a class=\"wp-block-latest-posts__post-title\" href=\"https:\/\/hcdvillademerlo.com\/index.php\/2016\/10\/25\/ordenanza-no-ix-0741-hcd-2016-autorizar-al-dem-utilizar-fondo-federal-solidario-para-la-adquisicion-de-camion-compactador-de-residuos\/\">ORDENANZA N\u00ba IX-0741-HCD-2016: AUTORIZAR AL DEM UTILIZAR FONDO FEDERAL SOLIDARIO PARA LA ADQUISICION DE CAMION COMPACTADOR DE RESIDUOS<\/a><div class=\"wp-block-latest-posts__post-excerpt\">Villa de Merlo (San Luis), 20 de Octubre\u00a0 de 2016.- ORDENANZA N\u00ba IX-0741-HCD-2016 VISTO: La<\/div><div class=\"blog-btn\"><a href=\"https:\/\/hcdvillademerlo.com\/index.php\/2016\/10\/25\/ordenanza-no-ix-0741-hcd-2016-autorizar-al-dem-utilizar-fondo-federal-solidario-para-la-adquisicion-de-camion-compactador-de-residuos\/\" class=\"home-blog-btn\">Leer m\u00e1s<\/a><\/div><\/li>\n<li><a class=\"wp-block-latest-posts__post-title\" href=\"https:\/\/hcdvillademerlo.com\/index.php\/2016\/09\/12\/ordenanza-no-ix-0736-hcd-2016-informe-anual-de-juicios-del-dem\/\">ORDENANZA N\u00ba IX-0736-HCD-2016 INFORME ANUAL DE JUICIOS DEL DEM<\/a><div class=\"wp-block-latest-posts__post-excerpt\">Villa de Merlo (San Luis), 01 de Septiembre de 2016.- &nbsp; ORDENANZA N\u00ba IX-0736-HCD-2016 &nbsp;<\/div><div class=\"blog-btn\"><a href=\"https:\/\/hcdvillademerlo.com\/index.php\/2016\/09\/12\/ordenanza-no-ix-0736-hcd-2016-informe-anual-de-juicios-del-dem\/\" class=\"home-blog-btn\">Leer m\u00e1s<\/a><\/div><\/li>\n<li><a class=\"wp-block-latest-posts__post-title\" href=\"https:\/\/hcdvillademerlo.com\/index.php\/2016\/05\/26\/ordenanza-ix-0676-hcd-2015-autoriza-al-departamento-ejecutivo-municipal-transferir-espacio-verde-a-asociacion-vecinal-bo-parque-140-viviendas\/\">ORDENANZA IX-0676-HCD-2015 AUTORIZA AL DEPARTAMENTO EJECUTIVO MUNICIPAL TRANSFERIR ESPACIO VERDE A ASOCIACI\u00d3N VECINAL B\u00ba PARQUE 140 VIVIENDAS<\/a><div class=\"wp-block-latest-posts__post-excerpt\">Villa de Merlo, San Luis, 25 de Junio de 2015.- &nbsp; &nbsp; ORDENANZA IX-0676-HCD-2015 &nbsp;<\/div><div class=\"blog-btn\"><a href=\"https:\/\/hcdvillademerlo.com\/index.php\/2016\/05\/26\/ordenanza-ix-0676-hcd-2015-autoriza-al-departamento-ejecutivo-municipal-transferir-espacio-verde-a-asociacion-vecinal-bo-parque-140-viviendas\/\" class=\"home-blog-btn\">Leer m\u00e1s<\/a><\/div><\/li>\n<li><a class=\"wp-block-latest-posts__post-title\" href=\"https:\/\/hcdvillademerlo.com\/index.php\/2016\/05\/26\/autorizar-al-departamento-ejecutivo-municipal-a-realizar-y-suscribir-a-favor-de-la-biblioteca-popular-puertas-abiertas-escritura-traslativa-dominio-de-donacion\/\">AUTORIZAR al DEPARTAMENTO EJECUTIVO MUNICIPAL, a REALIZAR Y SUSCRIBIR A FAVOR DE LA Biblioteca Popular \u201cPUERTAS ABIERTAS\u201d ESCRITURA TRASLATIVA DOMINIO DE DONACION<\/a><div class=\"wp-block-latest-posts__post-excerpt\">Villa de Merlo (San Luis), 10 de Diciembre de 2014.- \u00a0\u00a0\u00a0\u00a0\u00a0\u00a0\u00a0\u00a0\u00a0\u00a0 \u00a0\u00a0\u00a0\u00a0\u00a0\u00a0\u00a0\u00a0\u00a0\u00a0\u00a0\u00a0\u00a0\u00a0\u00a0\u00a0\u00a0\u00a0\u00a0\u00a0\u00a0\u00a0\u00a0 ORDENANZA N\u00ba IX-0655-HCD-2014<\/div><div class=\"blog-btn\"><a href=\"https:\/\/hcdvillademerlo.com\/index.php\/2016\/05\/26\/autorizar-al-departamento-ejecutivo-municipal-a-realizar-y-suscribir-a-favor-de-la-biblioteca-popular-puertas-abiertas-escritura-traslativa-dominio-de-donacion\/\" class=\"home-blog-btn\">Leer m\u00e1s<\/a><\/div><\/li>\n<li><a class=\"wp-block-latest-posts__post-title\" href=\"https:\/\/hcdvillademerlo.com\/index.php\/2016\/05\/26\/adherir-a-ley-provincial-no-ix-0328-2004-incendios-rurales-y-forestales\/\">ADHERIR A LEY PROVINCIAL N\u00ba IX-0328-2004 INCENDIOS RURALES Y FORESTALES<\/a><div class=\"wp-block-latest-posts__post-excerpt\">&nbsp; Villa de Merlo, San Luis, 10 de Diciembre de 2014.- &nbsp; ORDENANZA N\u00ba IX-<\/div><div class=\"blog-btn\"><a href=\"https:\/\/hcdvillademerlo.com\/index.php\/2016\/05\/26\/adherir-a-ley-provincial-no-ix-0328-2004-incendios-rurales-y-forestales\/\" class=\"home-blog-btn\">Leer m\u00e1s<\/a><\/div><\/li>\n<li><a class=\"wp-block-latest-posts__post-title\" href=\"https:\/\/hcdvillademerlo.com\/index.php\/2016\/05\/24\/instaurar-dia-del-poeta-antonio-esteban-aguero\/\">INSTAURAR DIA DEL POETA ANTONIO ESTEBAN AGUERO<\/a><div class=\"wp-block-latest-posts__post-excerpt\">Villa de Merlo, (San Luis), 12 de Junio de 2014.- &nbsp; ORDENANZA N\u00ba IX-0617-HCD-2014 &nbsp;<\/div><div class=\"blog-btn\"><a href=\"https:\/\/hcdvillademerlo.com\/index.php\/2016\/05\/24\/instaurar-dia-del-poeta-antonio-esteban-aguero\/\" class=\"home-blog-btn\">Leer m\u00e1s<\/a><\/div><\/li>\n<li><a class=\"wp-block-latest-posts__post-title\" href=\"https:\/\/hcdvillademerlo.com\/index.php\/2016\/05\/24\/adherir-a-ley-provincial-i-0609-2009-acoso-sexual-laboral-y-violencia-laboral\/\">ADHERIR A LEY PROVINCIAL I-0609-2009 ACOSO SEXUAL LABORAL Y VIOLENCIA LABORAL<\/a><div class=\"wp-block-latest-posts__post-excerpt\">Villa de Merlo, (San Luis), 18 de Septiembre de 2013.- &nbsp; &nbsp; ORDENANZA N\u00ba IX-0563-HCD-2013<\/div><div class=\"blog-btn\"><a href=\"https:\/\/hcdvillademerlo.com\/index.php\/2016\/05\/24\/adherir-a-ley-provincial-i-0609-2009-acoso-sexual-laboral-y-violencia-laboral\/\" class=\"home-blog-btn\">Leer m\u00e1s<\/a><\/div><\/li>\n<li><a class=\"wp-block-latest-posts__post-title\" href=\"https:\/\/hcdvillademerlo.com\/index.php\/2016\/05\/24\/reglamenta-propaganda-politica\/\">REGLAMENTA PROPAGANDA POLITICA<\/a><div class=\"wp-block-latest-posts__post-excerpt\">Villa de Merlo, (San Luis), 31 de Julio de 2013.- &nbsp; ORDENANZA N\u00ba IX-0558-HCD-2013 \u00a0<\/div><div class=\"blog-btn\"><a href=\"https:\/\/hcdvillademerlo.com\/index.php\/2016\/05\/24\/reglamenta-propaganda-politica\/\" class=\"home-blog-btn\">Leer m\u00e1s<\/a><\/div><\/li>\n<li><a class=\"wp-block-latest-posts__post-title\" href=\"https:\/\/hcdvillademerlo.com\/index.php\/2016\/05\/23\/establecer-que-en-cada-acto-se-cante-el-himno-nacional-y-el-himno-a-merlo-por-artistas-locales-en-vivo\/\">ESTABLECER QUE EN CADA ACTO SE CANTE EL HIMNO NACIONAL Y EL HIMNO A MERLO POR ARTISTAS LOCALES  EN VIVO<\/a><div class=\"wp-block-latest-posts__post-excerpt\">Villa de Merlo, (San Luis), 04 de Julio de 2012.- &nbsp; &nbsp; ORDENANZA N\u00ba IX-<\/div><div class=\"blog-btn\"><a href=\"https:\/\/hcdvillademerlo.com\/index.php\/2016\/05\/23\/establecer-que-en-cada-acto-se-cante-el-himno-nacional-y-el-himno-a-merlo-por-artistas-locales-en-vivo\/\" class=\"home-blog-btn\">Leer m\u00e1s<\/a><\/div><\/li>\n<li><a class=\"wp-block-latest-posts__post-title\" href=\"https:\/\/hcdvillademerlo.com\/index.php\/2016\/05\/19\/adhesion-a-ley-provincial-de-procedimientos-administrativos\/\">ADHESION A LEY PROVINCIAL DE PROCEDIMIENTOS ADMINISTRATIVOS<\/a><div class=\"wp-block-latest-posts__post-excerpt\">\u00a0\u00a0\u00a0\u00a0\u00a0\u00a0\u00a0\u00a0\u00a0\u00a0\u00a0\u00a0\u00a0 \u00a0\u00a0\u00a0\u00a0\u00a0\u00a0\u00a0\u00a0\u00a0\u00a0\u00a0\u00a0\u00a0\u00a0\u00a0\u00a0\u00a0\u00a0\u00a0\u00a0\u00a0\u00a0\u00a0\u00a0\u00a0\u00a0\u00a0\u00a0Villa de Merlo (San Luis), 14 de marzo de 2012 &nbsp; ORDENANZA\u00a0 IX-0470-HCD-2012 &nbsp;<\/div><div class=\"blog-btn\"><a href=\"https:\/\/hcdvillademerlo.com\/index.php\/2016\/05\/19\/adhesion-a-ley-provincial-de-procedimientos-administrativos\/\" class=\"home-blog-btn\">Leer m\u00e1s<\/a><\/div><\/li>\n<li><a class=\"wp-block-latest-posts__post-title\" href=\"https:\/\/hcdvillademerlo.com\/index.php\/2016\/05\/19\/factibilidad-construccion-bo-127-viviendas\/\">FACTIBILIDAD CONSTRUCCI\u00d3N B\u00ba 127 VIVIENDAS<\/a><div class=\"wp-block-latest-posts__post-excerpt\">\u00a0\u00a0 \u00a0 \u00a0 \u00a0 \u00a0 \u00a0 \u00a0 \u00a0 \u00a0 \u00a0 \u00a0 \u00a0 \u00a0 \u00a0 \u00a0<\/div><div class=\"blog-btn\"><a href=\"https:\/\/hcdvillademerlo.com\/index.php\/2016\/05\/19\/factibilidad-construccion-bo-127-viviendas\/\" class=\"home-blog-btn\">Leer m\u00e1s<\/a><\/div><\/li>\n<li><a class=\"wp-block-latest-posts__post-title\" href=\"https:\/\/hcdvillademerlo.com\/index.php\/2016\/05\/18\/declara-emergencia-administrativa-economica-y-financiera\/\">DECLARA EMERGENCIA ADMINISTRATIVA, ECONOMICA Y FINANCIERA<\/a><div class=\"wp-block-latest-posts__post-excerpt\">\u00a0\u00a0\u00a0\u00a0\u00a0\u00a0\u00a0\u00a0\u00a0\u00a0\u00a0\u00a0\u00a0 \u00a0\u00a0\u00a0\u00a0\u00a0\u00a0\u00a0\u00a0\u00a0\u00a0\u00a0\u00a0\u00a0\u00a0\u00a0\u00a0\u00a0\u00a0\u00a0\u00a0\u00a0\u00a0\u00a0\u00a0\u00a0\u00a0\u00a0\u00a0Villa de Merlo (San Luis), 14 de Diciembre \u00a0de 2011.- ORDENANZA N\u00ba 1275-HCD-2011.- &nbsp;<\/div><div class=\"blog-btn\"><a href=\"https:\/\/hcdvillademerlo.com\/index.php\/2016\/05\/18\/declara-emergencia-administrativa-economica-y-financiera\/\" class=\"home-blog-btn\">Leer m\u00e1s<\/a><\/div><\/li>\n<li><a class=\"wp-block-latest-posts__post-title\" href=\"https:\/\/hcdvillademerlo.com\/index.php\/2016\/05\/18\/rechaza-veto-49-ratifica-ordenanza-1258\/\">RECHAZA VETO 49- RATIFICA ORDENANZA 1258<\/a><div class=\"wp-block-latest-posts__post-excerpt\">\u00a0\u00a0\u00a0\u00a0\u00a0\u00a0\u00a0\u00a0\u00a0\u00a0\u00a0\u00a0\u00a0\u00a0\u00a0\u00a0\u00a0\u00a0\u00a0\u00a0\u00a0\u00a0\u00a0\u00a0\u00a0\u00a0\u00a0\u00a0\u00a0\u00a0\u00a0\u00a0\u00a0\u00a0\u00a0\u00a0\u00a0\u00a0\u00a0\u00a0\u00a0\u00a0\u00a0\u00a0\u00a0\u00a0\u00a0\u00a0\u00a0\u00a0\u00a0\u00a0\u00a0\u00a0\u00a0\u00a0\u00a0\u00a0\u00a0\u00a0\u00a0\u00a0\u00a0\u00a0\u00a0\u00a0\u00a0\u00a0\u00a0\u00a0\u00a0\u00a0\u00a0\u00a0\u00a0\u00a0\u00a0\u00a0\u00a0\u00a0\u00a0\u00a0\u00a0\u00a0\u00a0\u00a0\u00a0\u00a0\u00a0\u00a0\u00a0\u00a0\u00a0\u00a0\u00a0\u00a0\u00a0\u00a0 \u00a0\u00a0\u00a0\u00a0\u00a0\u00a0\u00a0\u00a0\u00a0\u00a0\u00a0\u00a0\u00a0\u00a0\u00a0\u00a0\u00a0\u00a0\u00a0\u00a0\u00a0\u00a0\u00a0\u00a0\u00a0\u00a0\u00a0\u00a0\u00a0\u00a0\u00a0\u00a0\u00a0\u00a0\u00a0\u00a0\u00a0\u00a0\u00a0\u00a0\u00a0\u00a0\u00a0\u00a0\u00a0\u00a0\u00a0\u00a0\u00a0\u00a0\u00a0 Villa de Merlo, (San Luis), 23 de Noviembre de 2011.- &nbsp; ORDENANZA N\u00ba<\/div><div class=\"blog-btn\"><a href=\"https:\/\/hcdvillademerlo.com\/index.php\/2016\/05\/18\/rechaza-veto-49-ratifica-ordenanza-1258\/\" class=\"home-blog-btn\">Leer m\u00e1s<\/a><\/div><\/li>\n<li><a class=\"wp-block-latest-posts__post-title\" href=\"https:\/\/hcdvillademerlo.com\/index.php\/2016\/05\/18\/adhesion-decreto-3220mma2011-parque-presidente-peron\/\">ADHESION DECRETO 3220\/MMA\/2011- PARQUE PRESIDENTE PERON<\/a><div class=\"wp-block-latest-posts__post-excerpt\">&nbsp; \u00a0 \u00a0 \u00a0 \u00a0 \u00a0 \u00a0 \u00a0 \u00a0 \u00a0 \u00a0 \u00a0 \u00a0 \u00a0 \u00a0<\/div><div class=\"blog-btn\"><a href=\"https:\/\/hcdvillademerlo.com\/index.php\/2016\/05\/18\/adhesion-decreto-3220mma2011-parque-presidente-peron\/\" class=\"home-blog-btn\">Leer m\u00e1s<\/a><\/div><\/li>\n<li><a class=\"wp-block-latest-posts__post-title\" href=\"https:\/\/hcdvillademerlo.com\/index.php\/2016\/05\/18\/crear-registro-artistas-villa-de-merlo\/\">CREAR REGISTRO ARTISTAS VILLA DE MERLO<\/a><div class=\"wp-block-latest-posts__post-excerpt\">&nbsp; \u00a0\u00a0\u00a0\u00a0\u00a0\u00a0\u00a0\u00a0\u00a0\u00a0\u00a0\u00a0\u00a0\u00a0\u00a0\u00a0\u00a0\u00a0\u00a0\u00a0\u00a0\u00a0\u00a0\u00a0\u00a0\u00a0\u00a0\u00a0\u00a0\u00a0\u00a0\u00a0\u00a0\u00a0\u00a0\u00a0\u00a0\u00a0\u00a0\u00a0\u00a0\u00a0\u00a0\u00a0\u00a0\u00a0\u00a0\u00a0\u00a0\u00a0\u00a0 Villa de Merlo, (San Luis), 21 de Septiembre de 2011.- &nbsp; ORDENANZA N\u00ba<\/div><div class=\"blog-btn\"><a href=\"https:\/\/hcdvillademerlo.com\/index.php\/2016\/05\/18\/crear-registro-artistas-villa-de-merlo\/\" class=\"home-blog-btn\">Leer m\u00e1s<\/a><\/div><\/li>\n<li><a class=\"wp-block-latest-posts__post-title\" href=\"https:\/\/hcdvillademerlo.com\/index.php\/2016\/05\/18\/homologa-decreto-17im11-merlo-ciudad-comprometida-con-la-paz\/\">HOMOLOGA DECRETO 17\/IM\/11- MERLO CIUDAD COMPROMETIDA CON LA PAZ<\/a><div class=\"wp-block-latest-posts__post-excerpt\">Villa de Merlo, San Luis, 01 de Junio de 2011.- &nbsp; ORDENANZA N\u00ba 1245-HCD-2011 \u00a0VISTO:\u00a0<\/div><div class=\"blog-btn\"><a href=\"https:\/\/hcdvillademerlo.com\/index.php\/2016\/05\/18\/homologa-decreto-17im11-merlo-ciudad-comprometida-con-la-paz\/\" class=\"home-blog-btn\">Leer m\u00e1s<\/a><\/div><\/li>\n<li><a class=\"wp-block-latest-posts__post-title\" href=\"https:\/\/hcdvillademerlo.com\/index.php\/2016\/05\/18\/homologa-decreto-09im11-adquirir-edificio-de-la-calle-las-artes-taller-protegido-mirlo\/\">HOMOLOGA DECRETO 09\/IM\/11- ADQUIRIR EDIFICIO DE LA CALLE LAS ARTES- TALLER PROTEGIDO MIRLO<\/a><div class=\"wp-block-latest-posts__post-excerpt\">\u00a0\u00a0\u00a0\u00a0\u00a0\u00a0\u00a0\u00a0\u00a0\u00a0\u00a0\u00a0\u00a0\u00a0\u00a0\u00a0\u00a0\u00a0\u00a0\u00a0\u00a0\u00a0\u00a0\u00a0\u00a0\u00a0\u00a0\u00a0\u00a0\u00a0\u00a0\u00a0\u00a0\u00a0\u00a0\u00a0\u00a0\u00a0\u00a0\u00a0\u00a0\u00a0\u00a0\u00a0\u00a0\u00a0\u00a0\u00a0\u00a0\u00a0\u00a0 Villa de Merlo, (San Luis), 18 de Abril de 2011.- &nbsp; ORDENANZA N\u00ba 1241-HCD-2011<\/div><div class=\"blog-btn\"><a href=\"https:\/\/hcdvillademerlo.com\/index.php\/2016\/05\/18\/homologa-decreto-09im11-adquirir-edificio-de-la-calle-las-artes-taller-protegido-mirlo\/\" class=\"home-blog-btn\">Leer m\u00e1s<\/a><\/div><\/li>\n<li><a class=\"wp-block-latest-posts__post-title\" href=\"https:\/\/hcdvillademerlo.com\/index.php\/2016\/05\/18\/dona-predio-a-apatri-y-taller-protegido-joven-es-de-la-esperanza\/\">DONA PREDIO A APATRI Y TALLER PROTEGIDO JOVEN ES DE LA ESPERANZA<\/a><div class=\"wp-block-latest-posts__post-excerpt\">\u00a0\u00a0\u00a0\u00a0\u00a0\u00a0\u00a0\u00a0\u00a0\u00a0\u00a0\u00a0 \u00a0\u00a0\u00a0\u00a0\u00a0\u00a0\u00a0\u00a0\u00a0\u00a0\u00a0\u00a0\u00a0\u00a0\u00a0\u00a0\u00a0\u00a0\u00a0\u00a0\u00a0\u00a0\u00a0\u00a0\u00a0\u00a0\u00a0\u00a0Villa de Merlo (San Luis), 21 de Marzo de 2011.- &nbsp; &nbsp; ORDENANZA N\u00ba<\/div><div class=\"blog-btn\"><a href=\"https:\/\/hcdvillademerlo.com\/index.php\/2016\/05\/18\/dona-predio-a-apatri-y-taller-protegido-joven-es-de-la-esperanza\/\" class=\"home-blog-btn\">Leer m\u00e1s<\/a><\/div><\/li>\n<li><a class=\"wp-block-latest-posts__post-title\" href=\"https:\/\/hcdvillademerlo.com\/index.php\/2016\/05\/18\/autoriza-contratacion-directa-obras-de-reasfaltado-de-calles\/\">AUTORIZA CONTRATACION DIRECTA- OBRAS DE REASFALTADO DE CALLES<\/a><div class=\"wp-block-latest-posts__post-excerpt\">\u00a0\u00a0\u00a0\u00a0\u00a0\u00a0\u00a0\u00a0\u00a0\u00a0\u00a0\u00a0\u00a0 \u00a0\u00a0\u00a0\u00a0\u00a0\u00a0\u00a0\u00a0\u00a0\u00a0\u00a0\u00a0\u00a0\u00a0\u00a0\u00a0\u00a0\u00a0\u00a0\u00a0\u00a0\u00a0\u00a0\u00a0\u00a0\u00a0\u00a0\u00a0Villa de Merlo (San Luis), 13 de Diciembre de 2010.- &nbsp; &nbsp; ORDENANZA N\u00ba<\/div><div class=\"blog-btn\"><a href=\"https:\/\/hcdvillademerlo.com\/index.php\/2016\/05\/18\/autoriza-contratacion-directa-obras-de-reasfaltado-de-calles\/\" class=\"home-blog-btn\">Leer m\u00e1s<\/a><\/div><\/li>\n<li><a class=\"wp-block-latest-posts__post-title\" href=\"https:\/\/hcdvillademerlo.com\/index.php\/2016\/05\/18\/libretas-sanitarias\/\">LIBRETAS SANITARIAS<\/a><div class=\"wp-block-latest-posts__post-excerpt\">Villa de Merlo (S.L.) 13 de Diciembre de 2010.- &nbsp; ORDENANZA N\u00ba 1225-HCD-2010 VISTO: Las<\/div><div class=\"blog-btn\"><a href=\"https:\/\/hcdvillademerlo.com\/index.php\/2016\/05\/18\/libretas-sanitarias\/\" class=\"home-blog-btn\">Leer m\u00e1s<\/a><\/div><\/li>\n<li><a class=\"wp-block-latest-posts__post-title\" href=\"https:\/\/hcdvillademerlo.com\/index.php\/2016\/05\/18\/prohibe-ingesta-publica-y-venta-de-bebidas-alcoholicas-a-menores\/\">PROHIBE INGESTA PUBLICA Y VENTA DE BEBIDAS ALCOH\u00d3LICAS A MENORES<\/a><div class=\"wp-block-latest-posts__post-excerpt\">Villa de Merlo (S.L.) 06 de Diciembre de 2010.- &nbsp; ORDENANZA N\u00ba 1224-HCD-2010 \u201cINGESTA Y<\/div><div class=\"blog-btn\"><a href=\"https:\/\/hcdvillademerlo.com\/index.php\/2016\/05\/18\/prohibe-ingesta-publica-y-venta-de-bebidas-alcoholicas-a-menores\/\" class=\"home-blog-btn\">Leer m\u00e1s<\/a><\/div><\/li>\n<li><a class=\"wp-block-latest-posts__post-title\" href=\"https:\/\/hcdvillademerlo.com\/index.php\/2016\/05\/18\/adhiere-a-ley-provincail-i-0708-2010-asignaciones-familiares\/\">ADHIERE A LEY PROVINCAIL I-0708-2010 ASIGNACIONES FAMILIARES<\/a><div class=\"wp-block-latest-posts__post-excerpt\">\u00a0\u00a0\u00a0\u00a0\u00a0\u00a0\u00a0\u00a0\u00a0\u00a0\u00a0\u00a0\u00a0\u00a0 \u00a0\u00a0\u00a0\u00a0\u00a0\u00a0\u00a0\u00a0\u00a0\u00a0\u00a0\u00a0\u00a0\u00a0\u00a0\u00a0\u00a0\u00a0\u00a0\u00a0\u00a0\u00a0\u00a0\u00a0\u00a0\u00a0\u00a0\u00a0\u00a0\u00a0\u00a0\u00a0\u00a0\u00a0\u00a0\u00a0\u00a0\u00a0\u00a0\u00a0\u00a0Villa de Merlo (San Luis), 10 de Mayo de 2010.- &nbsp; \u00a0ORDENANZA N\u00ba 1210-HCD-2010<\/div><div class=\"blog-btn\"><a href=\"https:\/\/hcdvillademerlo.com\/index.php\/2016\/05\/18\/adhiere-a-ley-provincail-i-0708-2010-asignaciones-familiares\/\" class=\"home-blog-btn\">Leer m\u00e1s<\/a><\/div><\/li>\n<li><a class=\"wp-block-latest-posts__post-title\" href=\"https:\/\/hcdvillademerlo.com\/index.php\/2016\/05\/18\/homologa-decreto-17im10-contratacion-de-la-empresa-alfa-y-omega-para-realizar-asfaltado\/\">HOMOLOGA DECRETO 17\/IM\/10-CONTRATACION DE LA EMPRESA ALFA Y OMEGA PARA REALIZAR ASFALTADO<\/a><div class=\"wp-block-latest-posts__post-excerpt\">\u00a0\u00a0\u00a0\u00a0\u00a0\u00a0\u00a0\u00a0\u00a0\u00a0\u00a0\u00a0\u00a0\u00a0 \u00a0\u00a0\u00a0\u00a0\u00a0\u00a0\u00a0\u00a0\u00a0\u00a0\u00a0\u00a0\u00a0\u00a0\u00a0\u00a0\u00a0\u00a0\u00a0\u00a0\u00a0\u00a0\u00a0\u00a0\u00a0\u00a0\u00a0\u00a0\u00a0\u00a0\u00a0\u00a0\u00a0\u00a0\u00a0\u00a0\u00a0\u00a0\u00a0\u00a0\u00a0Villa de Merlo (San Luis), 10 de Mayo de 2010.- &nbsp; &nbsp; \u00a0\u00a0\u00a0\u00a0\u00a0\u00a0\u00a0\u00a0\u00a0\u00a0\u00a0\u00a0\u00a0\u00a0\u00a0\u00a0\u00a0\u00a0\u00a0\u00a0\u00a0\u00a0\u00a0\u00a0\u00a0\u00a0\u00a0\u00a0\u00a0\u00a0\u00a0\u00a0\u00a0\u00a0 ORDENANZA<\/div><div class=\"blog-btn\"><a href=\"https:\/\/hcdvillademerlo.com\/index.php\/2016\/05\/18\/homologa-decreto-17im10-contratacion-de-la-empresa-alfa-y-omega-para-realizar-asfaltado\/\" class=\"home-blog-btn\">Leer m\u00e1s<\/a><\/div><\/li>\n<li><a class=\"wp-block-latest-posts__post-title\" href=\"https:\/\/hcdvillademerlo.com\/index.php\/2016\/05\/17\/homologa-decreto-15im10-contrato-de-locacion-de-servicios\/\">HOMOLOGA DECRETO 15\/IM\/10- CONTRATO DE LOCACION DE SERVICIOS<\/a><div class=\"wp-block-latest-posts__post-excerpt\">\u00a0\u00a0\u00a0\u00a0\u00a0\u00a0\u00a0\u00a0\u00a0\u00a0\u00a0\u00a0\u00a0 \u00a0\u00a0\u00a0\u00a0\u00a0\u00a0\u00a0\u00a0\u00a0\u00a0\u00a0\u00a0\u00a0\u00a0\u00a0\u00a0\u00a0\u00a0\u00a0\u00a0\u00a0\u00a0\u00a0\u00a0\u00a0\u00a0\u00a0\u00a0\u00a0\u00a0\u00a0\u00a0\u00a0\u00a0\u00a0\u00a0\u00a0\u00a0\u00a0Villa de Merlo (San Luis), 13 de Abril de 2010.- &nbsp; ORDENANZA N\u00ba 1202-HCD-2010<\/div><div class=\"blog-btn\"><a href=\"https:\/\/hcdvillademerlo.com\/index.php\/2016\/05\/17\/homologa-decreto-15im10-contrato-de-locacion-de-servicios\/\" class=\"home-blog-btn\">Leer m\u00e1s<\/a><\/div><\/li>\n<li><a class=\"wp-block-latest-posts__post-title\" href=\"https:\/\/hcdvillademerlo.com\/index.php\/2016\/05\/17\/crea-registro-municipal-de-ongs\/\">CREA REGISTRO MUNICIPAL DE ONGS<\/a><div class=\"wp-block-latest-posts__post-excerpt\">\u00a0\u00a0\u00a0\u00a0\u00a0\u00a0\u00a0\u00a0\u00a0\u00a0\u00a0\u00a0\u00a0 \u00a0\u00a0\u00a0\u00a0\u00a0\u00a0\u00a0\u00a0\u00a0\u00a0\u00a0\u00a0\u00a0\u00a0\u00a0\u00a0\u00a0\u00a0\u00a0\u00a0\u00a0\u00a0\u00a0\u00a0\u00a0\u00a0\u00a0\u00a0Villa de Merlo (San Luis), 01 de diciembre \u00a0de 2009.- &nbsp; &nbsp; ORDENANZA N\u00ba<\/div><div class=\"blog-btn\"><a href=\"https:\/\/hcdvillademerlo.com\/index.php\/2016\/05\/17\/crea-registro-municipal-de-ongs\/\" class=\"home-blog-btn\">Leer m\u00e1s<\/a><\/div><\/li>\n<li><a class=\"wp-block-latest-posts__post-title\" href=\"https:\/\/hcdvillademerlo.com\/index.php\/2016\/05\/17\/homologa-decreto-ref-gripe-a\/\">HOMOLOGA DECRETO REF.: GRIPE A<\/a><div class=\"wp-block-latest-posts__post-excerpt\">Villa de Merlo (S.L.) 07 de Julio de 2009.- &nbsp; O R D E N<\/div><div class=\"blog-btn\"><a href=\"https:\/\/hcdvillademerlo.com\/index.php\/2016\/05\/17\/homologa-decreto-ref-gripe-a\/\" class=\"home-blog-btn\">Leer m\u00e1s<\/a><\/div><\/li>\n<li><a class=\"wp-block-latest-posts__post-title\" href=\"https:\/\/hcdvillademerlo.com\/index.php\/2016\/05\/10\/adherir-a-ley-provincial-deudores-alimentarios-morosos\/\">ADHERIR A LEY PROVINCIAL DEUDORES ALIMENTARIOS MOROSOS<\/a><div class=\"wp-block-latest-posts__post-excerpt\">Villa de Merlo ( S.L), 18 de Diciembre de 2006.- ORDENANZA N\u00b0 1024-HCD-06 VISTO: La<\/div><div class=\"blog-btn\"><a href=\"https:\/\/hcdvillademerlo.com\/index.php\/2016\/05\/10\/adherir-a-ley-provincial-deudores-alimentarios-morosos\/\" class=\"home-blog-btn\">Leer m\u00e1s<\/a><\/div><\/li>\n<li><a class=\"wp-block-latest-posts__post-title\" href=\"https:\/\/hcdvillademerlo.com\/index.php\/2016\/05\/10\/aprueba-donacion-terrenos-cic-barranca-colorada\/\">APRUEBA DONACION TERRENOS CIC- BARRANCA COLORADA<\/a><div class=\"wp-block-latest-posts__post-excerpt\">Villa de Merlo, (S.L)., 21\u00a0 de Noviembre de 2006.- ORDENANZA N\u00b0 1009-HCD-06.- VISTO: La inauguraci\u00f3n<\/div><div class=\"blog-btn\"><a href=\"https:\/\/hcdvillademerlo.com\/index.php\/2016\/05\/10\/aprueba-donacion-terrenos-cic-barranca-colorada\/\" class=\"home-blog-btn\">Leer m\u00e1s<\/a><\/div><\/li>\n<li><a class=\"wp-block-latest-posts__post-title\" href=\"https:\/\/hcdvillademerlo.com\/index.php\/2016\/05\/06\/autoriza-venta-chipiadora\/\">AUTORIZA VENTA CHIPIADORA<\/a><div class=\"wp-block-latest-posts__post-excerpt\">\u00a0\u00a0\u00a0\u00a0\u00a0\u00a0\u00a0\u00a0\u00a0\u00a0\u00a0\u00a0\u00a0\u00a0\u00a0\u00a0 \u00a0\u00a0\u00a0\u00a0\u00a0\u00a0\u00a0\u00a0\u00a0\u00a0\u00a0\u00a0\u00a0\u00a0\u00a0\u00a0\u00a0\u00a0\u00a0\u00a0\u00a0\u00a0\u00a0\u00a0\u00a0\u00a0\u00a0\u00a0\u00a0\u00a0\u00a0\u00a0\u00a0\u00a0\u00a0\u00a0\u00a0\u00a0\u00a0\u00a0\u00a0 \u00a0\u00a0\u00a0\u00a0\u00a0\u00a0\u00a0\u00a0\u00a0\u00a0Villa de Merlo, (S.L.), 11 de Julio de 2006.- &nbsp; \u00a0\u00a0\u00a0\u00a0\u00a0\u00a0\u00a0\u00a0\u00a0\u00a0\u00a0\u00a0\u00a0\u00a0\u00a0\u00a0\u00a0\u00a0\u00a0\u00a0\u00a0\u00a0\u00a0\u00a0\u00a0\u00a0\u00a0\u00a0ORDENANZA\u00a0 N\u00b0 987-HCD-2006.-<\/div><div class=\"blog-btn\"><a href=\"https:\/\/hcdvillademerlo.com\/index.php\/2016\/05\/06\/autoriza-venta-chipiadora\/\" class=\"home-blog-btn\">Leer m\u00e1s<\/a><\/div><\/li>\n<li><a class=\"wp-block-latest-posts__post-title\" href=\"https:\/\/hcdvillademerlo.com\/index.php\/2016\/04\/28\/figuras-protocolora\/\">ORDENANZA N\u00ba 949-HCD-2005: FIGURAS PROTOCOLARES<\/a><div class=\"wp-block-latest-posts__post-excerpt\">Villa de Merlo, 07 de diciembre de 2005.- &nbsp; ORDENANZA N\u00ba 949-HCD-2005 VISTO: La falta<\/div><div class=\"blog-btn\"><a href=\"https:\/\/hcdvillademerlo.com\/index.php\/2016\/04\/28\/figuras-protocolora\/\" class=\"home-blog-btn\">Leer m\u00e1s<\/a><\/div><\/li>\n<li><a class=\"wp-block-latest-posts__post-title\" href=\"https:\/\/hcdvillademerlo.com\/index.php\/2016\/04\/18\/autoriza-venta-fiat-tortone\/\">AUTORIZA VENTA FIAT TORTONE<\/a><div class=\"wp-block-latest-posts__post-excerpt\">Villa de Merlo, S.L., 06 de Abril de 2005.- &nbsp; ORDENANZA N\u00ba 908-HCD-2005 \u00a0 VISTO:<\/div><div class=\"blog-btn\"><a href=\"https:\/\/hcdvillademerlo.com\/index.php\/2016\/04\/18\/autoriza-venta-fiat-tortone\/\" class=\"home-blog-btn\">Leer m\u00e1s<\/a><\/div><\/li>\n<li><a class=\"wp-block-latest-posts__post-title\" href=\"https:\/\/hcdvillademerlo.com\/index.php\/2016\/04\/14\/acepta-vehiculos-donados-por-policia-dederal\/\">ACEPTA VEHICULOS DONADOS POR POLICIA DEDERAL<\/a><div class=\"wp-block-latest-posts__post-excerpt\">Villa de Merlo (San Luis) 29 de marzo de 2005. &nbsp; ORDENANZA N\u00ba 905-HCD-2005 &nbsp;<\/div><div class=\"blog-btn\"><a href=\"https:\/\/hcdvillademerlo.com\/index.php\/2016\/04\/14\/acepta-vehiculos-donados-por-policia-dederal\/\" class=\"home-blog-btn\">Leer m\u00e1s<\/a><\/div><\/li>\n<li><a class=\"wp-block-latest-posts__post-title\" href=\"https:\/\/hcdvillademerlo.com\/index.php\/2016\/04\/07\/autoriza-al-dem-prestacion-de-servicios-en-altos-de-piedra-blanca-y-zonas-aledanas-a-cordoba\/\">AUTORIZA AL DEM PRESTACION DE SERVICIOS EN ALTOS DE PIEDRA BLANCA Y ZONAS ALEDA\u00d1AS A CORDOBA<\/a><div class=\"wp-block-latest-posts__post-excerpt\">Villa\u00a0 de Merlo,\u00a0 S.L., 1\u00ba de diciembre de 2004.- &nbsp; ORDENANZA N\u00ba 884-HCD-2004 &nbsp; VISTO:<\/div><div class=\"blog-btn\"><a href=\"https:\/\/hcdvillademerlo.com\/index.php\/2016\/04\/07\/autoriza-al-dem-prestacion-de-servicios-en-altos-de-piedra-blanca-y-zonas-aledanas-a-cordoba\/\" class=\"home-blog-btn\">Leer m\u00e1s<\/a><\/div><\/li>\n<li><a class=\"wp-block-latest-posts__post-title\" href=\"https:\/\/hcdvillademerlo.com\/index.php\/2016\/03\/30\/autoriza-al-demconcertar-con-la-fundacionuniversidad-de-san-luis-espacios-edificio-vieja-terminal\/\">AUTORIZA AL DEMCONCERTAR CON LA FUNDACIONUNIVERSIDAD DE SAN LUIS ESPACIOS EDIFICIO VIEJA TERMINAL<\/a><div class=\"wp-block-latest-posts__post-excerpt\">Villa de Merlo, (S.L), 12 de septiembre de 2003.- &nbsp; &nbsp; ORDENANZA N\u00ba 824-HCD-2003 VISTO:<\/div><div class=\"blog-btn\"><a href=\"https:\/\/hcdvillademerlo.com\/index.php\/2016\/03\/30\/autoriza-al-demconcertar-con-la-fundacionuniversidad-de-san-luis-espacios-edificio-vieja-terminal\/\" class=\"home-blog-btn\">Leer m\u00e1s<\/a><\/div><\/li>\n<li><a class=\"wp-block-latest-posts__post-title\" href=\"https:\/\/hcdvillademerlo.com\/index.php\/2016\/03\/30\/autoriza-al-dem-a-contraer-prestamo-para-obra-de-infraestructura\/\">AUTORIZA AL DEM A CONTRAER PRESTAMO PARA OBRA DE INFRAESTRUCTURA<\/a><div class=\"wp-block-latest-posts__post-excerpt\">\u00a0\u00a0\u00a0\u00a0\u00a0\u00a0\u00a0\u00a0\u00a0\u00a0\u00a0\u00a0\u00a0\u00a0\u00a0\u00a0\u00a0\u00a0\u00a0\u00a0\u00a0\u00a0\u00a0\u00a0\u00a0\u00a0\u00a0\u00a0\u00a0\u00a0\u00a0\u00a0\u00a0\u00a0\u00a0\u00a0\u00a0\u00a0\u00a0\u00a0\u00a0\u00a0\u00a0\u00a0\u00a0\u00a0\u00a0\u00a0\u00a0\u00a0\u00a0\u00a0\u00a0\u00a0\u00a0\u00a0\u00a0\u00a0\u00a0\u00a0\u00a0\u00a0\u00a0\u00a0 Villa de Merlo (S.L), 13 Mayo 2003.- &nbsp; ORDENANZA N\u00ba 813 HCD-2003 VISTO: Las<\/div><div class=\"blog-btn\"><a href=\"https:\/\/hcdvillademerlo.com\/index.php\/2016\/03\/30\/autoriza-al-dem-a-contraer-prestamo-para-obra-de-infraestructura\/\" class=\"home-blog-btn\">Leer m\u00e1s<\/a><\/div><\/li>\n<li><a class=\"wp-block-latest-posts__post-title\" href=\"https:\/\/hcdvillademerlo.com\/index.php\/2016\/03\/29\/deja-sin-efecto-contrato-municipalidad-serve\/\">DEJA SIN EFECTO CONTRATO MUNICIPALIDAD- SERVE<\/a><div class=\"wp-block-latest-posts__post-excerpt\">&nbsp; Villa de Merlo (San Luis) 18 de enero de 2002 &nbsp; ORDENANZA\u00a0\u00a0\u00a0 No 783<\/div><div class=\"blog-btn\"><a href=\"https:\/\/hcdvillademerlo.com\/index.php\/2016\/03\/29\/deja-sin-efecto-contrato-municipalidad-serve\/\" class=\"home-blog-btn\">Leer m\u00e1s<\/a><\/div><\/li>\n<li><a class=\"wp-block-latest-posts__post-title\" href=\"https:\/\/hcdvillademerlo.com\/index.php\/2016\/03\/29\/crea-archivo-historico-y-administrativo-de-villa-de-merlo\/\">CREA ARCHIVO HIST\u00d3RICO Y ADMINISTRATIVO DE VILLA DE MERLO<\/a><div class=\"wp-block-latest-posts__post-excerpt\">Villa de Merlo, (S.L.), 17 de Noviembre de 2001.- &nbsp; ORDENANZA N\u00ba 779-HCD-2001 &nbsp; VISTO:<\/div><div class=\"blog-btn\"><a href=\"https:\/\/hcdvillademerlo.com\/index.php\/2016\/03\/29\/crea-archivo-historico-y-administrativo-de-villa-de-merlo\/\" class=\"home-blog-btn\">Leer m\u00e1s<\/a><\/div><\/li>\n<li><a class=\"wp-block-latest-posts__post-title\" href=\"https:\/\/hcdvillademerlo.com\/index.php\/2016\/03\/29\/adjudica-a-enrici-y-molina-bo-horizonte-azul-y-designa-calles\/\">ADJUDICA A ENRICI Y MOLINA (B\u00ba HORIZONTE AZUL) Y DESIGNA CALLES<\/a><div class=\"wp-block-latest-posts__post-excerpt\">Villa de Merlo, (S.L.), 19 de Octubre de 2001.- &nbsp; ORDENANZA N\u00ba 777-HCD-2001 VISTO: El<\/div><div class=\"blog-btn\"><a href=\"https:\/\/hcdvillademerlo.com\/index.php\/2016\/03\/29\/adjudica-a-enrici-y-molina-bo-horizonte-azul-y-designa-calles\/\" class=\"home-blog-btn\">Leer m\u00e1s<\/a><\/div><\/li>\n<li><a class=\"wp-block-latest-posts__post-title\" href=\"https:\/\/hcdvillademerlo.com\/index.php\/2016\/03\/29\/licitacion-publica-gestion-cobranzas-de-tasas\/\">LICITACION PUBLICA GESTION COBRANZAS  DE TASAS<\/a><div class=\"wp-block-latest-posts__post-excerpt\">Villa de Merlo, (S.L.), 04 de Setiembre de 2001.- &nbsp; ORDENANZA\u00a0 N\u00ba 772-HCD-2001 VISTO: La<\/div><div class=\"blog-btn\"><a href=\"https:\/\/hcdvillademerlo.com\/index.php\/2016\/03\/29\/licitacion-publica-gestion-cobranzas-de-tasas\/\" class=\"home-blog-btn\">Leer m\u00e1s<\/a><\/div><\/li>\n<li><a class=\"wp-block-latest-posts__post-title\" href=\"https:\/\/hcdvillademerlo.com\/index.php\/2016\/03\/29\/autoriza-construccion-hotel-casino-internacional\/\">AUTORIZA CONSTRUCCION HOTEL CASINO INTERNACIONAL<\/a><div class=\"wp-block-latest-posts__post-excerpt\">Villa de Merlo, (S.L.), 29 de Junio de 2001.- &nbsp; ORDENANZA\u00a0 N\u00ba 769-HCD-2001 VISTO: La<\/div><div class=\"blog-btn\"><a href=\"https:\/\/hcdvillademerlo.com\/index.php\/2016\/03\/29\/autoriza-construccion-hotel-casino-internacional\/\" class=\"home-blog-btn\">Leer m\u00e1s<\/a><\/div><\/li>\n<li><a class=\"wp-block-latest-posts__post-title\" href=\"https:\/\/hcdvillademerlo.com\/index.php\/2016\/03\/29\/autoriza-al-dem-subdivision-parcela-y-donacion-a-biblioteca-puertas-abiertas-cerro-de-oro\/\">AUTORIZA AL DEM SUBDIVISI\u00d3N PARCELA Y DONACI\u00d3N A BIBLIOTECA &quot;PUERTAS ABIERTAS&quot; CERRO DE ORO<\/a><div class=\"wp-block-latest-posts__post-excerpt\">Villa de Merlo, (S.L.) 01 de Junio de 2001 &nbsp; &nbsp; ORDENANZA\u00a0 N\u00ba 765-HCD-2001 &nbsp;<\/div><div class=\"blog-btn\"><a href=\"https:\/\/hcdvillademerlo.com\/index.php\/2016\/03\/29\/autoriza-al-dem-subdivision-parcela-y-donacion-a-biblioteca-puertas-abiertas-cerro-de-oro\/\" class=\"home-blog-btn\">Leer m\u00e1s<\/a><\/div><\/li>\n<li><a class=\"wp-block-latest-posts__post-title\" href=\"https:\/\/hcdvillademerlo.com\/index.php\/2016\/03\/29\/autoriza-al-dem-a-donar-terrenos-a-familias-carenciadas\/\">AUTORIZA AL DEM A DONAR TERRENOS A FAMILIAS CARENCIADAS<\/a><div class=\"wp-block-latest-posts__post-excerpt\">Villa de Merlo (San Lu\u00eds) 29 de diciembre de 2000 &nbsp; ORDENANZA N\u00ba 759-HCD-2000 VISTO:<\/div><div class=\"blog-btn\"><a href=\"https:\/\/hcdvillademerlo.com\/index.php\/2016\/03\/29\/autoriza-al-dem-a-donar-terrenos-a-familias-carenciadas\/\" class=\"home-blog-btn\">Leer m\u00e1s<\/a><\/div><\/li>\n<li><a class=\"wp-block-latest-posts__post-title\" href=\"https:\/\/hcdvillademerlo.com\/index.php\/2016\/03\/28\/reglamenta-obra-publica-a-nivel-nacional-provincial-y-municipal\/\">REGLAMENTA OBRA PUBLICA A NIVEL NACIONAL, PROVINCIAL Y MUNICIPAL<\/a><div class=\"wp-block-latest-posts__post-excerpt\">&nbsp; Villa de Merlo, S. L., 14 de Enero de 2000 &nbsp; ORDENANZA\u00a0 N\u00ba 734-HCD-2000<\/div><div class=\"blog-btn\"><a href=\"https:\/\/hcdvillademerlo.com\/index.php\/2016\/03\/28\/reglamenta-obra-publica-a-nivel-nacional-provincial-y-municipal\/\" class=\"home-blog-btn\">Leer m\u00e1s<\/a><\/div><\/li>\n<li><a class=\"wp-block-latest-posts__post-title\" href=\"https:\/\/hcdvillademerlo.com\/index.php\/2016\/03\/28\/autoriza-cesion-dominio-a-gobierno-provincial-para-centro-educativo\/\">AUTORIZA CESION DOMINIO A GOBIERNO PROVINCIAL PARA CENTRO EDUCATIVO<\/a><div class=\"wp-block-latest-posts__post-excerpt\">Villa de Merlo, (S. L.) 12 de Noviembre de 1999 &nbsp; ORDENANZA\u00a0 N\u00ba 724-HCD-1999 VISTO:<\/div><div class=\"blog-btn\"><a href=\"https:\/\/hcdvillademerlo.com\/index.php\/2016\/03\/28\/autoriza-cesion-dominio-a-gobierno-provincial-para-centro-educativo\/\" class=\"home-blog-btn\">Leer m\u00e1s<\/a><\/div><\/li>\n<li><a class=\"wp-block-latest-posts__post-title\" href=\"https:\/\/hcdvillademerlo.com\/index.php\/2016\/03\/28\/declara-de-interes-libropampa-empedrado-y-churquis\/\">DECLARA DE INTERES LIBRO&quot;PAMPA, EMPEDRADO Y CHURQUIS&quot;<\/a><div class=\"wp-block-latest-posts__post-excerpt\">Villa de Merlo, San Luis, 17 de Setiembre de 1999 &nbsp; ORDENANZA\u00a0 N\u00ba 718-HCD-1999 VISTO:<\/div><div class=\"blog-btn\"><a href=\"https:\/\/hcdvillademerlo.com\/index.php\/2016\/03\/28\/declara-de-interes-libropampa-empedrado-y-churquis\/\" class=\"home-blog-btn\">Leer m\u00e1s<\/a><\/div><\/li>\n<li><a class=\"wp-block-latest-posts__post-title\" href=\"https:\/\/hcdvillademerlo.com\/index.php\/2016\/03\/28\/declara-de-interes-municipal-5o-congreso-de-ecologia\/\">DECLARA DE INTERES MUNICIPAL 5\u00ba CONGRESO DE ECOLOGIA<\/a><div class=\"wp-block-latest-posts__post-excerpt\">Villa de Merlo, (San Luis), 17 de Setiembre de 1999 &nbsp; ORDENANZA\u00a0 N\u00ba 717-HCD-1999 VISTO:<\/div><div class=\"blog-btn\"><a href=\"https:\/\/hcdvillademerlo.com\/index.php\/2016\/03\/28\/declara-de-interes-municipal-5o-congreso-de-ecologia\/\" class=\"home-blog-btn\">Leer m\u00e1s<\/a><\/div><\/li>\n<li><a class=\"wp-block-latest-posts__post-title\" href=\"https:\/\/hcdvillademerlo.com\/index.php\/2016\/03\/28\/dona-a-fundacion-kurteff\/\">DONA A FUNDACION KURTEFF<\/a><div class=\"wp-block-latest-posts__post-excerpt\">Villa de Merlo, (S. L.), 3 de Diciembre\u00a0 de 1998 &nbsp; ORDENANZA\u00a0 N\u00ba 705 HCD-1998<\/div><div class=\"blog-btn\"><a href=\"https:\/\/hcdvillademerlo.com\/index.php\/2016\/03\/28\/dona-a-fundacion-kurteff\/\" class=\"home-blog-btn\">Leer m\u00e1s<\/a><\/div><\/li>\n<li><a class=\"wp-block-latest-posts__post-title\" href=\"https:\/\/hcdvillademerlo.com\/index.php\/2016\/03\/28\/autoriza-al-dem-convenio-por-edificio-terminal-nueva\/\">AUTORIZA AL DEM CONVENIO POR EDIFICIO TERMINAL NUEVA<\/a><div class=\"wp-block-latest-posts__post-excerpt\">Villa de Merlo (S.L.) 14 de septiembre de 1998 \u00a0 ORDENANZA N\u00ba 694-HCD-1998 \u00a0 VISTO:<\/div><div class=\"blog-btn\"><a href=\"https:\/\/hcdvillademerlo.com\/index.php\/2016\/03\/28\/autoriza-al-dem-convenio-por-edificio-terminal-nueva\/\" class=\"home-blog-btn\">Leer m\u00e1s<\/a><\/div><\/li>\n<li><a class=\"wp-block-latest-posts__post-title\" href=\"https:\/\/hcdvillademerlo.com\/index.php\/2016\/03\/21\/homologa-resolucion-adjudicando-parcela-a-urizar\/\">HOMOLOGA RESOLUCI\u00d3N ADJUDICANDO PARCELA A URIZAR<\/a><div class=\"wp-block-latest-posts__post-excerpt\">Villa de Merlo (S.L.) 14 de mayo de 1998 \u00a0 ORDENANZA N\u00ba 685\u2013HCD-1998 \u00a0 VISTO:<\/div><div class=\"blog-btn\"><a href=\"https:\/\/hcdvillademerlo.com\/index.php\/2016\/03\/21\/homologa-resolucion-adjudicando-parcela-a-urizar\/\" class=\"home-blog-btn\">Leer m\u00e1s<\/a><\/div><\/li>\n<li><a class=\"wp-block-latest-posts__post-title\" href=\"https:\/\/hcdvillademerlo.com\/index.php\/2016\/03\/21\/homologa-decretos-provincial-emergencia-economica-provincial\/\">HOMOLOGA DECRETOS PROVINCIAL- EMERGENCIA ECON\u00d3MICA PROVINCIAL<\/a><div class=\"wp-block-latest-posts__post-excerpt\">Villa de Merlo (San Luis) 14 de mayo de 1998 &nbsp; ORDENANZA\u00a0 N\u00b0 683-HCD-1998 VISTO:<\/div><div class=\"blog-btn\"><a href=\"https:\/\/hcdvillademerlo.com\/index.php\/2016\/03\/21\/homologa-decretos-provincial-emergencia-economica-provincial\/\" class=\"home-blog-btn\">Leer m\u00e1s<\/a><\/div><\/li>\n<li><a class=\"wp-block-latest-posts__post-title\" href=\"https:\/\/hcdvillademerlo.com\/index.php\/2016\/03\/21\/modifica-ordenanza-49392-art-17o-del-codigo-de-faltas\/\">MODIFICA ORDENANZA 493\/92- ART. 17\u00ba DEL CODIGO DE FALTAS<\/a><div class=\"wp-block-latest-posts__post-excerpt\">Villa de Merlo (S.L.) 18 de diciembre de 1997 \u00a0 ORDENANZA N\u00ba 667\u2013HCD-1997 \u00a0 VISTO:<\/div><div class=\"blog-btn\"><a href=\"https:\/\/hcdvillademerlo.com\/index.php\/2016\/03\/21\/modifica-ordenanza-49392-art-17o-del-codigo-de-faltas\/\" class=\"home-blog-btn\">Leer m\u00e1s<\/a><\/div><\/li>\n<li><a class=\"wp-block-latest-posts__post-title\" href=\"https:\/\/hcdvillademerlo.com\/index.php\/2016\/03\/21\/instituye-beca-1o-nino-nacido-en-el-bicentenario-de-merlo\/\">INSTITUYE BECA 1\u00ba NI\u00d1O NACIDO EN EL BICENTENARIO DE MERLO<\/a><div class=\"wp-block-latest-posts__post-excerpt\">&nbsp; Villa de Merlo (S.L) 27 de Noviembre de 1997. &nbsp; ORDENANZA\u00a0 N\u00ba 664-HCD-1997 VISTO:<\/div><div class=\"blog-btn\"><a href=\"https:\/\/hcdvillademerlo.com\/index.php\/2016\/03\/21\/instituye-beca-1o-nino-nacido-en-el-bicentenario-de-merlo\/\" class=\"home-blog-btn\">Leer m\u00e1s<\/a><\/div><\/li>\n<li><a class=\"wp-block-latest-posts__post-title\" href=\"https:\/\/hcdvillademerlo.com\/index.php\/2016\/03\/15\/declara-huesped-de-honor-a-intendente-v-russosan-rafael\/\">DECLARA HU\u00c9SPED DE HONOR A INTENDENTE V. RUSSO(SAN RAFAEL)<\/a><div class=\"wp-block-latest-posts__post-excerpt\">Merlo, San Luis, 3 de Octubre de 1996 &nbsp; ORDENANZA N\u00ba 639-HCD-1996 VISTO: La firma<\/div><div class=\"blog-btn\"><a href=\"https:\/\/hcdvillademerlo.com\/index.php\/2016\/03\/15\/declara-huesped-de-honor-a-intendente-v-russosan-rafael\/\" class=\"home-blog-btn\">Leer m\u00e1s<\/a><\/div><\/li>\n<li><a class=\"wp-block-latest-posts__post-title\" href=\"https:\/\/hcdvillademerlo.com\/index.php\/2016\/03\/15\/declara-huesped-de-honor-a-intendente-a-rins-rio-iv\/\">DECLARA HU\u00c9SPED DE HONOR A INTENDENTE A. RINS (R\u00cdO IV)<\/a><div class=\"wp-block-latest-posts__post-excerpt\">Merlo, San Luis, 3 de Octubre de 1996 &nbsp; ORDENANZA N\u00ba 638-HCD-1996 VISTO: La firma<\/div><div class=\"blog-btn\"><a href=\"https:\/\/hcdvillademerlo.com\/index.php\/2016\/03\/15\/declara-huesped-de-honor-a-intendente-a-rins-rio-iv\/\" class=\"home-blog-btn\">Leer m\u00e1s<\/a><\/div><\/li>\n<li><a class=\"wp-block-latest-posts__post-title\" href=\"https:\/\/hcdvillademerlo.com\/index.php\/2016\/03\/15\/declara-huesped-de-honor-a-intendente-f-zavala-la-carolina\/\">DECLARA HUESPED DE HONOR A INTENDENTE F. ZAVALA (LA CAROLINA)<\/a><div class=\"wp-block-latest-posts__post-excerpt\">Merlo, San Luis, 3 de Octubre de 1996 &nbsp; ORDENANZA N\u00ba 637-HCD-1996 VISTO: La firma<\/div><div class=\"blog-btn\"><a href=\"https:\/\/hcdvillademerlo.com\/index.php\/2016\/03\/15\/declara-huesped-de-honor-a-intendente-f-zavala-la-carolina\/\" class=\"home-blog-btn\">Leer m\u00e1s<\/a><\/div><\/li>\n<li><a class=\"wp-block-latest-posts__post-title\" href=\"https:\/\/hcdvillademerlo.com\/index.php\/2016\/03\/15\/adhiere-aley-provincial-5029-95-y-autoriza-sub-prestamo-a-la-provincia\/\">ADHIERE ALEY PROVINCIAL 5029-95, Y AUTORIZA SUB PRESTAMO A LA PROVINCIA<\/a><div class=\"wp-block-latest-posts__post-excerpt\">Villa de Merlo (S.L) 12 de Setiembre de 1996 &nbsp; ORDENANZA N\u00ba 635-HCD-1996 VISTO: El<\/div><div class=\"blog-btn\"><a href=\"https:\/\/hcdvillademerlo.com\/index.php\/2016\/03\/15\/adhiere-aley-provincial-5029-95-y-autoriza-sub-prestamo-a-la-provincia\/\" class=\"home-blog-btn\">Leer m\u00e1s<\/a><\/div><\/li>\n<li><a class=\"wp-block-latest-posts__post-title\" href=\"https:\/\/hcdvillademerlo.com\/index.php\/2016\/03\/15\/aprueba-simbolos-municipales\/\">APRUEBA S\u00cdMBOLOS MUNICIPALES<\/a><div class=\"wp-block-latest-posts__post-excerpt\">Villa de Merlo (S.L.) 29de agosto de 1996 \u00a0 ORDENANZA N\u00ba 634-HCD-1996 \u00a0 VISTO: \u00a0\u00a0\u00a0\u00a0\u00a0\u00a0\u00a0\u00a0\u00a0<\/div><div class=\"blog-btn\"><a href=\"https:\/\/hcdvillademerlo.com\/index.php\/2016\/03\/15\/aprueba-simbolos-municipales\/\" class=\"home-blog-btn\">Leer m\u00e1s<\/a><\/div><\/li>\n<li><a class=\"wp-block-latest-posts__post-title\" href=\"https:\/\/hcdvillademerlo.com\/index.php\/2016\/03\/15\/autoriza-al-dem-firma-acta-compromiso-para-ejecucion-obra-parque-recreativo\/\">AUTORIZA AL DEM FIRMA ACTA COMPROMISO PARA EJECUCI\u00d3N OBRA: PARQUE RECREATIVO<\/a><div class=\"wp-block-latest-posts__post-excerpt\">Villa de Merlo (S.L.) 15 de agosto de 1996 \u00a0 ORDENANZA N\u00ba 630-HCD-1996 \u00a0 VISTO:<\/div><div class=\"blog-btn\"><a href=\"https:\/\/hcdvillademerlo.com\/index.php\/2016\/03\/15\/autoriza-al-dem-firma-acta-compromiso-para-ejecucion-obra-parque-recreativo\/\" class=\"home-blog-btn\">Leer m\u00e1s<\/a><\/div><\/li>\n<li><a class=\"wp-block-latest-posts__post-title\" href=\"https:\/\/hcdvillademerlo.com\/index.php\/2016\/03\/14\/homologa-contrato-coviur-sa-municipio\/\">HOMOLOGA CONTRATO COVIUR SA- MUNICIPIO<\/a><div class=\"wp-block-latest-posts__post-excerpt\">Villa de Merlo (S.L.) 01 de junio de 1996 \u00a0 ORDENANZA N\u00ba 627-HCD-1996 \u00a0 VISTO:<\/div><div class=\"blog-btn\"><a href=\"https:\/\/hcdvillademerlo.com\/index.php\/2016\/03\/14\/homologa-contrato-coviur-sa-municipio\/\" class=\"home-blog-btn\">Leer m\u00e1s<\/a><\/div><\/li>\n<li><a class=\"wp-block-latest-posts__post-title\" href=\"https:\/\/hcdvillademerlo.com\/index.php\/2016\/03\/14\/declara-hermanamiento-villa-de-merlo-san-rafael\/\">DECLARA HERMANAMIENTO VILLA DE MERLO- SAN RAFAEL<\/a><div class=\"wp-block-latest-posts__post-excerpt\">Villa de Merlo (S.L.)23 de mayo de 1996 \u00a0 ORDENANZA N\u00ba 625-HCD-1996 \u00a0 VISTO: Que<\/div><div class=\"blog-btn\"><a href=\"https:\/\/hcdvillademerlo.com\/index.php\/2016\/03\/14\/declara-hermanamiento-villa-de-merlo-san-rafael\/\" class=\"home-blog-btn\">Leer m\u00e1s<\/a><\/div><\/li>\n<li><a class=\"wp-block-latest-posts__post-title\" href=\"https:\/\/hcdvillademerlo.com\/index.php\/2016\/03\/14\/declara-hermanamiento-villa-de-merlo-rio-iv\/\">DECLARA HERMANAMIENTO VILLA DE MERLO- RIO IV<\/a><div class=\"wp-block-latest-posts__post-excerpt\">Villa de Merlo (S.L.)23 de mayo de 1996 \u00a0 ORDENANZA N\u00ba 624-HCD-1996 \u00a0 VISTO: Que<\/div><div class=\"blog-btn\"><a href=\"https:\/\/hcdvillademerlo.com\/index.php\/2016\/03\/14\/declara-hermanamiento-villa-de-merlo-rio-iv\/\" class=\"home-blog-btn\">Leer m\u00e1s<\/a><\/div><\/li>\n<li><a class=\"wp-block-latest-posts__post-title\" href=\"https:\/\/hcdvillademerlo.com\/index.php\/2016\/03\/14\/declara-hermanamiento-villa-de-merlo-la-carolina\/\">DECLARA HERMANAMIENTO VILLA DE MERLO-LA CAROLINA<\/a><div class=\"wp-block-latest-posts__post-excerpt\">Villa de Merlo (S.L.)23 de mayo de 1996 \u00a0 ORDENANZA N\u00ba 623-HCD-1996 \u00a0 VISTO: Que<\/div><div class=\"blog-btn\"><a href=\"https:\/\/hcdvillademerlo.com\/index.php\/2016\/03\/14\/declara-hermanamiento-villa-de-merlo-la-carolina\/\" class=\"home-blog-btn\">Leer m\u00e1s<\/a><\/div><\/li>\n<li><a class=\"wp-block-latest-posts__post-title\" href=\"https:\/\/hcdvillademerlo.com\/index.php\/2016\/03\/14\/concurso-eleccion-simbolos-municipales\/\">CONCURSO ELECCION SIMBOLOS MUNICIPALES<\/a><div class=\"wp-block-latest-posts__post-excerpt\">Villa de Merlo (S.L.) 03 de Abril de 1996 \u00a0 ORDENANZA N\u00ba 617-HCD-1996 \u00a0 VISTO:<\/div><div class=\"blog-btn\"><a href=\"https:\/\/hcdvillademerlo.com\/index.php\/2016\/03\/14\/concurso-eleccion-simbolos-municipales\/\" class=\"home-blog-btn\">Leer m\u00e1s<\/a><\/div><\/li>\n<li><a class=\"wp-block-latest-posts__post-title\" href=\"https:\/\/hcdvillademerlo.com\/index.php\/2016\/03\/14\/declara-de-interes-municipal-descubrimiento-paleontologico-en-el-pantanillo\/\">DECLARA DE INTER\u00c9S MUNICIPAL DESCUBRIMIENTO PALEONTOL\u00d3GICO EN EL PANTANILLO<\/a><div class=\"wp-block-latest-posts__post-excerpt\">Villa de Merlo (S.L.) 22 de febrero de 1996 \u00a0 ORDENANZA N\u00ba 613\u2013HCD-1996 \u00a0 VISTO:<\/div><div class=\"blog-btn\"><a href=\"https:\/\/hcdvillademerlo.com\/index.php\/2016\/03\/14\/declara-de-interes-municipal-descubrimiento-paleontologico-en-el-pantanillo\/\" class=\"home-blog-btn\">Leer m\u00e1s<\/a><\/div><\/li>\n<li><a class=\"wp-block-latest-posts__post-title\" href=\"https:\/\/hcdvillademerlo.com\/index.php\/2016\/03\/14\/designa-ano-1996-como-merlo-hacia-los-200-anos\/\">DESIGNA A\u00d1O 1996 COMO &quot;MERLO HACIA LOS 200 A\u00d1OS&quot;<\/a><div class=\"wp-block-latest-posts__post-excerpt\">Villa de Merlo (S.L.) 27 de Diciembre de 1995 \u00a0 ORDENANZA N\u00ba 609-HCD-1995 \u00a0 VISTO:<\/div><div class=\"blog-btn\"><a href=\"https:\/\/hcdvillademerlo.com\/index.php\/2016\/03\/14\/designa-ano-1996-como-merlo-hacia-los-200-anos\/\" class=\"home-blog-btn\">Leer m\u00e1s<\/a><\/div><\/li>\n<li><a class=\"wp-block-latest-posts__post-title\" href=\"https:\/\/hcdvillademerlo.com\/index.php\/2016\/03\/14\/crea-foro-municipal-de-la-juventud\/\">CREA FORO MUNICIPAL DE LA JUVENTUD<\/a><div class=\"wp-block-latest-posts__post-excerpt\">Villa de Merlo (S.L.) 27 de diciembre de1995 \u00a0 ORDENANZA N\u00ba 608\u2013HCD-1995 \u00a0 VISTO: La<\/div><div class=\"blog-btn\"><a href=\"https:\/\/hcdvillademerlo.com\/index.php\/2016\/03\/14\/crea-foro-municipal-de-la-juventud\/\" class=\"home-blog-btn\">Leer m\u00e1s<\/a><\/div><\/li>\n<\/ul>","protected":false},"excerpt":{"rendered":"","protected":false},"author":1,"featured_media":0,"parent":9220,"menu_order":0,"comment_status":"closed","ping_status":"closed","template":"","meta":{"footnotes":""},"class_list":["post-10065","page","type-page","status-publish","hentry"],"_links":{"self":[{"href":"https:\/\/hcdvillademerlo.com\/index.php\/wp-json\/wp\/v2\/pages\/10065","targetHints":{"allow":["GET"]}}],"collection":[{"href":"https:\/\/hcdvillademerlo.com\/index.php\/wp-json\/wp\/v2\/pages"}],"about":[{"href":"https:\/\/hcdvillademerlo.com\/index.php\/wp-json\/wp\/v2\/types\/page"}],"author":[{"embeddable":true,"href":"https:\/\/hcdvillademerlo.com\/index.php\/wp-json\/wp\/v2\/users\/1"}],"replies":[{"embeddable":true,"href":"https:\/\/hcdvillademerlo.com\/index.php\/wp-json\/wp\/v2\/comments?post=10065"}],"version-history":[{"count":3,"href":"https:\/\/hcdvillademerlo.com\/index.php\/wp-json\/wp\/v2\/pages\/10065\/revisions"}],"predecessor-version":[{"id":10069,"href":"https:\/\/hcdvillademerlo.com\/index.php\/wp-json\/wp\/v2\/pages\/10065\/revisions\/10069"}],"up":[{"embeddable":true,"href":"https:\/\/hcdvillademerlo.com\/index.php\/wp-json\/wp\/v2\/pages\/9220"}],"wp:attachment":[{"href":"https:\/\/hcdvillademerlo.com\/index.php\/wp-json\/wp\/v2\/media?parent=10065"}],"curies":[{"name":"wp","href":"https:\/\/api.w.org\/{rel}","templated":true}]}}