{"id":10025,"date":"2023-12-01T11:11:34","date_gmt":"2023-12-01T14:11:34","guid":{"rendered":"https:\/\/hcdvillademerlo.com\/?page_id=10025"},"modified":"2023-12-01T11:13:16","modified_gmt":"2023-12-01T14:13:16","slug":"ambiente","status":"publish","type":"page","link":"https:\/\/hcdvillademerlo.com\/index.php\/digesto\/ambiente\/","title":{"rendered":"VI. Ambiente"},"content":{"rendered":"<ul class=\"wp-block-latest-posts__list container-list-ordenanzas wp-block-latest-posts\"><li><a class=\"wp-block-latest-posts__post-title\" href=\"https:\/\/hcdvillademerlo.com\/index.php\/2025\/10\/28\/ordenanza-nvi-602-c-d-2023-texto-ordenado\/\">ORDENANZA N\u00b0VI-602-C.D.-2023.- TEXTO ORDENADO<\/a><div class=\"wp-block-latest-posts__post-excerpt\"><\/div><\/li>\n<li><a class=\"wp-block-latest-posts__post-title\" href=\"https:\/\/hcdvillademerlo.com\/index.php\/2025\/10\/28\/ordenanza-n-1145-hcd-2009-05-de-junio-sesion-verde-permanente\/\">ORDENANZA N\u00b0 1145-HCD-2009.- &#8220;05 DE JUNIO SESI\u00d3N VERDE PERMANENTE&#8221;<\/a><div class=\"wp-block-latest-posts__post-excerpt\"><\/div><\/li>\n<li><a class=\"wp-block-latest-posts__post-title\" href=\"https:\/\/hcdvillademerlo.com\/index.php\/2025\/08\/19\/ordenanza-n-vi-917-c-d-2025-texto-ordenado-impacto-ambiental\/\">ORDENANZA N\u00b0 VI-917-C.D.-2025.- TEXTO ORDENADO IMPACTO AMBIENTAL<\/a><div class=\"wp-block-latest-posts__post-excerpt\"><\/div><\/li>\n<li><a class=\"wp-block-latest-posts__post-title\" href=\"https:\/\/hcdvillademerlo.com\/index.php\/2025\/08\/19\/ordenanza-n-vi-1172-c-d-2025-creacion-del-programa-municipal-de-educacion-ambiental-y-desarrollo-sostenible\/\">ORDENANZA N\u00b0 VI-1172-C.D.-2025.- &#8220;CREACI\u00d3N DEL PROGRAMA MUNICIPAL DE EDUCACI\u00d3N AMBIENTAL Y DESARROLLO SOSTENIBLE.&#8221;<\/a><div class=\"wp-block-latest-posts__post-excerpt\"><\/div><\/li>\n<li><a class=\"wp-block-latest-posts__post-title\" href=\"https:\/\/hcdvillademerlo.com\/index.php\/2025\/07\/22\/ordenanza-n-ix-1162-c-d-2025-adhesion-a-la-promesa-de-cuidado-ambiental-ley-provincial-n-ii-1023-2020\/\">ORDENANZA N\u00b0 IX-1162-C.D.-2025.- ADHESI\u00d3N A LA PROMESA DE CUIDADO AMBIENTAL-LEY PROVINCIAL N\u00b0 II-1023-2020.-<\/a><div class=\"wp-block-latest-posts__post-excerpt\"><\/div><\/li>\n<li><a class=\"wp-block-latest-posts__post-title\" href=\"https:\/\/hcdvillademerlo.com\/index.php\/2025\/07\/08\/ordenanza-n-vi-1169-c-d-2025-creacion-de-reseerva-natural-municipal-el-naranjero\/\">ORDENANZA N\u00b0 VI-1169-C.D.-2025.- &#8220;CREACI\u00d3N DE RESEERVA NATURAL MUNICIPAL &#8216;EL NARANJERO&#8217;&#8221;<\/a><div class=\"wp-block-latest-posts__post-excerpt\"><\/div><\/li>\n<li><a class=\"wp-block-latest-posts__post-title\" href=\"https:\/\/hcdvillademerlo.com\/index.php\/2025\/07\/08\/ordenanza-n-vi-1097-c-d-2025-t-o-creacion-de-areas-naturales-protegidas-municipales\/\">ORDENANZA N\u00b0 VI &#8211; 1097 &#8211; C.D. &#8211; 2025- T. O.- &#8220;CREACI\u00d3N DE \u00c1REAS NATURALES PROTEGIDAS MUNICIPALES&#8221;<\/a><div class=\"wp-block-latest-posts__post-excerpt\"><\/div><\/li>\n<li><a class=\"wp-block-latest-posts__post-title\" href=\"https:\/\/hcdvillademerlo.com\/index.php\/2024\/12\/06\/ordenanza-n-vi-1146-c-d-2024-gestion-administracion-y-uso-del-agua-potable-en-el-ejido-de-la-villa-de-merlo\/\">ORDENANZA N\u00b0 VI-1146-C.D.-2024 &#8211; GESTI\u00d3N, ADMINISTRACI\u00d3N Y USO DEL AGUA POTABLE EN EL EJIDO DE LA VILLA DE MERLO<\/a><div class=\"wp-block-latest-posts__post-excerpt\"><\/div><\/li>\n<li><a class=\"wp-block-latest-posts__post-title\" href=\"https:\/\/hcdvillademerlo.com\/index.php\/2024\/12\/02\/ordenanza-n-vi-1141-c-d-2024-bolsas-compostables\/\">ORDENANZA N\u00b0 VI-1141-C.D.-2024 &#8211; BOLSAS COMPOSTABLES<\/a><div class=\"wp-block-latest-posts__post-excerpt\">&nbsp;&nbsp;&nbsp;&nbsp;&nbsp;&nbsp;&nbsp;&nbsp;&nbsp;&nbsp;&nbsp;&nbsp;&nbsp;&nbsp;&nbsp;&nbsp;&nbsp;&nbsp;&nbsp;&nbsp;&nbsp;&nbsp;&nbsp;&nbsp;&nbsp;&nbsp;&nbsp;&nbsp;&nbsp;&nbsp; &nbsp;&nbsp;&nbsp;&nbsp;&nbsp;&nbsp;&nbsp;&nbsp;&nbsp;&nbsp;&nbsp;&nbsp;&nbsp;&nbsp;&nbsp;&nbsp;&nbsp;&nbsp;&nbsp;&nbsp;&nbsp;&nbsp;&nbsp; Villa de Merlo (S.L.), 21 de Noviembre de 2024.- ORDENANZA N\u00b0 VI-1141-C.D.-2024.- VISTO:&nbsp;<\/div><div class=\"blog-btn\"><a href=\"https:\/\/hcdvillademerlo.com\/index.php\/2024\/12\/02\/ordenanza-n-vi-1141-c-d-2024-bolsas-compostables\/\" class=\"home-blog-btn\">Leer m\u00e1s<\/a><\/div><\/li>\n<li><a class=\"wp-block-latest-posts__post-title\" href=\"https:\/\/hcdvillademerlo.com\/index.php\/2023\/12\/26\/ordenanza-n-vi-1113-c-d-2023-modifica-art-4-839\/\">ORDENANZA N\u00b0 VI-1113-C.D.-2023 &#8211; MODIFICA ART. 4\u00b0 839<\/a><div class=\"wp-block-latest-posts__post-excerpt\">ORDENANZA N\u00b0VI-1113-C.D.-2023 &#8211; MODIFICA ART. 4\u00b0 839<\/div><\/li>\n<li><a class=\"wp-block-latest-posts__post-title\" href=\"https:\/\/hcdvillademerlo.com\/index.php\/2023\/10\/06\/ordenanza-n-vi-1106-c-d-2023\/\">ORDENANZA N\u00b0 VI-1106-C.D.-2023 &#8211; FAUNA SILVESTRE<\/a><div class=\"wp-block-latest-posts__post-excerpt\">FAUNA SILVESTRE<\/div><\/li>\n<li><a class=\"wp-block-latest-posts__post-title\" href=\"https:\/\/hcdvillademerlo.com\/index.php\/2023\/09\/29\/ordenanza-n-vi-1104-c-d-2023\/\">ORDENANZA N\u00b0 VI-1104-C.D.-2023 &#8211; EXPROPIACI\u00d3N AZUD<\/a><div class=\"wp-block-latest-posts__post-excerpt\">EXPROPIACI\u00d3N AZUD<\/div><\/li>\n<li><a class=\"wp-block-latest-posts__post-title\" href=\"https:\/\/hcdvillademerlo.com\/index.php\/2022\/05\/19\/ordenanza-no-vi-0654-hcd-2022-to\/\">ORDENANZA N\u00ba VI-0654-HCD-2022 &#8211; TEXTO ORDENADO ENTE MIXTO DE BIENESTAR ANIMAL (E.M.B.A.)<\/a><div class=\"wp-block-latest-posts__post-excerpt\">TEXTO ORDENADO ENTE MIXTO DE BIENESTAR ANIMAL (E.M.B.A.)<\/div><\/li>\n<li><a class=\"wp-block-latest-posts__post-title\" href=\"https:\/\/hcdvillademerlo.com\/index.php\/2021\/10\/18\/ordenanza-n-vi-1001-hcd-2021\/\">ORDENANZA N\u00b0 VI-1001-HCD-2021 &#8211; APROBACI\u00d3N DE ADHESI\u00d3N A LA RED ARGENTINA DE MUNICIPIOS FRENTE AL CAMBIO CLIM\u00c1TICO<\/a><div class=\"wp-block-latest-posts__post-excerpt\">APROBACI\u00d3N DE ADHESI\u00d3N A LA RED ARGENTINA DE MUNICIPIOS FRENTE AL CAMBIO CLIM\u00c1TICO<\/div><\/li>\n<li><a class=\"wp-block-latest-posts__post-title\" href=\"https:\/\/hcdvillademerlo.com\/index.php\/2021\/10\/18\/ordenanza-n-vi-1000-hcd-2021\/\">ORDENANZA N\u00b0 VI-1000-HCD-2021 &#8211; CREACI\u00d3N DEL VIVERO MUNICIPAL<\/a><div class=\"wp-block-latest-posts__post-excerpt\">CREACI\u00d3N DEL VIVERO MUNICIPAL<\/div><\/li>\n<li><a class=\"wp-block-latest-posts__post-title\" href=\"https:\/\/hcdvillademerlo.com\/index.php\/2021\/10\/18\/ordenanza-n-vi-0998-hcd-2021\/\">ORDENANZA N\u00b0 VI-0998-HCD-2021 &#8211; CREACI\u00d3N DE LA ESCUELA DE AGROECOLOG\u00cdA<\/a><div class=\"wp-block-latest-posts__post-excerpt\">\u201cCREACI\u00d3N DE LA ESCUELA DE AGROECOLOG\u00cdA\u201d<\/div><\/li>\n<li><a class=\"wp-block-latest-posts__post-title\" href=\"https:\/\/hcdvillademerlo.com\/index.php\/2021\/10\/18\/ordenanza-n-vi-0995-hcd-2021\/\">ORDENANZA N\u00b0 VI-0995-HCD-2021 &#8211; RATIFICACI\u00d3N EXPROPIACI\u00d3N DE LA RESERVA EL RINC\u00d3N<\/a><div class=\"wp-block-latest-posts__post-excerpt\">RATIFICACI\u00d3N EXPROPIACI\u00d3N DE LA RESERVA EL RINC\u00d3N<\/div><\/li>\n<li><a class=\"wp-block-latest-posts__post-title\" href=\"https:\/\/hcdvillademerlo.com\/index.php\/2021\/10\/18\/ordenanza-no-vi-0994-hcd-2021\/\">ORDENANZA N\u00ba VI-0994-HCD-2021 &#8211; FOMENTO DEL MONTA\u00d1ISMO Y PRESERVACI\u00d3N DE SENDAS DE USO HIST\u00d3RICO Y CAMINOS DE LAS SIERRAS<\/a><div class=\"wp-block-latest-posts__post-excerpt\">\u201cFOMENTO DEL MONTA\u00d1ISMO Y PRESERVACI\u00d3N DE SENDAS DE USO HIST\u00d3RICO Y CAMINOS DE LAS SIERRAS\u201d<\/div><\/li>\n<li><a class=\"wp-block-latest-posts__post-title\" href=\"https:\/\/hcdvillademerlo.com\/index.php\/2021\/08\/12\/ordenanza-n-vi-0973-hcd-2020\/\">ORDENANZA N\u00b0 VI-0973-HCD-2020 &#8211; RESIDUOS DE APARATOS ELECTRICOS, ELECTRONICOS (RAEEs)<\/a><div class=\"wp-block-latest-posts__post-excerpt\">RESIDUOS DE APARATOS ELECTRICOS, ELECTRONICOS (RAEEs)<\/div><\/li>\n<li><a class=\"wp-block-latest-posts__post-title\" href=\"https:\/\/hcdvillademerlo.com\/index.php\/2021\/03\/16\/ordenanza-n-vi-0958-hcd-2020\/\">ORDENANZA N\u00b0 VI-0958-HCD-2020 &#8211; ADHESI\u00d3N A LEY YOLANDA<\/a><div class=\"wp-block-latest-posts__post-excerpt\">\u201cADHESI\u00d3N A LEY YOLANDA\u201d<\/div><\/li>\n<li><a class=\"wp-block-latest-posts__post-title\" href=\"https:\/\/hcdvillademerlo.com\/index.php\/2021\/03\/15\/ordenanza-n-vi-0951-hcd-2020\/\">ORDENANZA N\u00b0 VI-0951-HCD-2020 &#8211; MODIFICAR LA ORDENANZA N\u00ba839-HCD-2003 USO RACIONAL DEL AGUA<\/a><div class=\"wp-block-latest-posts__post-excerpt\">\u201cMODIFICAR LA ORDENANZA N\u00ba839-HCD-2003 USO RACIONAL DEL AGUA\u201d<\/div><\/li>\n<li><a class=\"wp-block-latest-posts__post-title\" href=\"https:\/\/hcdvillademerlo.com\/index.php\/2021\/03\/15\/ordenanza-n-vi-0946-hcd-2020\/\">ORDENANZA N\u00b0 VI- 0946-HCD-2020 &#8211; MODIFICAR LA ORDENANZA N\u00ba VI-0654-HCD-2014 DE CREACI\u00d3N DEL ENTE MIXTO DE PROTECCI\u00d3N ANIMAL<\/a><div class=\"wp-block-latest-posts__post-excerpt\">\u201cMODIFICAR LA ORDENANZA N\u00ba VI-0654-HCD-2014 DE CREACI\u00d3N DEL ENTE MIXTO DE PROTECCI\u00d3N ANIMAL\u201d<\/div><\/li>\n<li><a class=\"wp-block-latest-posts__post-title\" href=\"https:\/\/hcdvillademerlo.com\/index.php\/2021\/03\/15\/ordenanza-no-vi-0940-hcd-2020\/\">ORDENANZA N\u00ba VI-0940-HCD-2020 &#8211; CONTROL DE INVASORAS EN VILLA DE MERLO<\/a><div class=\"wp-block-latest-posts__post-excerpt\">\u201cCONTROL DE INVASORAS EN VILLA DE MERLO\u201d<\/div><\/li>\n<li><a class=\"wp-block-latest-posts__post-title\" href=\"https:\/\/hcdvillademerlo.com\/index.php\/2021\/03\/09\/ordenanza-n-vi-0922-hcd-2019\/\">ORDENANZA N\u00b0 VI-0922-HCD-2019 &#8211; MODIFICAR FONDO DE CONCIENTIZACI\u00d3N Y CAPACITACI\u00d3N AMBIENTAL<\/a><div class=\"wp-block-latest-posts__post-excerpt\">\u201cMODIFICAR FONDO DE CONCIENTIZACI\u00d3N Y CAPACITACI\u00d3N AMBIENTAL\u201d<\/div><\/li>\n<li><a class=\"wp-block-latest-posts__post-title\" href=\"https:\/\/hcdvillademerlo.com\/index.php\/2021\/03\/09\/ordenanza-n-vi-0908-hcd-2019-modifica-ordenanza-de-creacion-del-emiproa\/\">ORDENANZA N\u00b0 VI-0908-HCD-2019: \u201cMODIFICA ORDENANZA DE CREACI\u00d3N DEL EMIPROA\u201d<\/a><div class=\"wp-block-latest-posts__post-excerpt\">Villa de Merlo, (San Luis), 19 de Diciembre de 2019.- ORDENANZA N\u00b0 VI-0908-HCD-2019 \u201cMODIFICA ORDENANZA<\/div><div class=\"blog-btn\"><a href=\"https:\/\/hcdvillademerlo.com\/index.php\/2021\/03\/09\/ordenanza-n-vi-0908-hcd-2019-modifica-ordenanza-de-creacion-del-emiproa\/\" class=\"home-blog-btn\">Leer m\u00e1s<\/a><\/div><\/li>\n<li><a class=\"wp-block-latest-posts__post-title\" href=\"https:\/\/hcdvillademerlo.com\/index.php\/2021\/03\/08\/ordenanza-n-vi-0901-hcd-2019-homologar-decreto-n-032-im-2019\/\">ORDENANZA N\u00b0 VI-0901-HCD-2019: \u201cHOMOLOGAR  DECRETO N\u00b0 032-IM-2019\u201d<\/a><div class=\"wp-block-latest-posts__post-excerpt\">Villa de Merlo, (San Luis), 12 de Diciembre de 2019.- ORDENANZA N\u00b0 VI-0901-HCD-2019 \u201cHOMOLOGAR &nbsp;DECRETO<\/div><div class=\"blog-btn\"><a href=\"https:\/\/hcdvillademerlo.com\/index.php\/2021\/03\/08\/ordenanza-n-vi-0901-hcd-2019-homologar-decreto-n-032-im-2019\/\" class=\"home-blog-btn\">Leer m\u00e1s<\/a><\/div><\/li>\n<li><a class=\"wp-block-latest-posts__post-title\" href=\"https:\/\/hcdvillademerlo.com\/index.php\/2021\/03\/04\/ordenanza-n-vi-0897-hcd-2019-delimitacion-de-reserva-natural-municipal-del-azud-de-piedra-blanca-sus-adyacencias-ingreso-y-senderos-de-uso-publico\/\">ORDENANZA N\u00b0 VI-0897-HCD-2019:  \u201cDELIMITACI\u00d3N DE RESERVA NATURAL MUNICIPAL DEL AZUD DE PIEDRA BLANCA, SUS ADYACENCIAS, INGRESO Y SENDEROS DE USO P\u00daBLICO\u201d<\/a><div class=\"wp-block-latest-posts__post-excerpt\">Villa de Merlo, (San Luis), 12 de Diciembre de 2019.- ORDENANZA N\u00b0 VI-0897-HCD-2019 &nbsp;\u201cDELIMITACI\u00d3N DE<\/div><div class=\"blog-btn\"><a href=\"https:\/\/hcdvillademerlo.com\/index.php\/2021\/03\/04\/ordenanza-n-vi-0897-hcd-2019-delimitacion-de-reserva-natural-municipal-del-azud-de-piedra-blanca-sus-adyacencias-ingreso-y-senderos-de-uso-publico\/\" class=\"home-blog-btn\">Leer m\u00e1s<\/a><\/div><\/li>\n<li><a class=\"wp-block-latest-posts__post-title\" href=\"https:\/\/hcdvillademerlo.com\/index.php\/2019\/06\/13\/ordenanza-n-vi-0884-hcd-2019-declarase-la-intangibilidad-del-predio-de-dominio-municipal-conocido-como-el-ex-vertedero-municipal\/\">ORDENANZA N\u00b0 VI-0884-HCD-2019: DECLARASE LA INTANGIBILIDAD del predio de dominio municipal conocido como EL EX VERTEDERO MUNICIPAL<\/a><div class=\"wp-block-latest-posts__post-excerpt\">Villa de Merlo, (San Luis), 05 de Junio de 2019.- &nbsp; &nbsp; &nbsp; &nbsp; &nbsp;<\/div><div class=\"blog-btn\"><a href=\"https:\/\/hcdvillademerlo.com\/index.php\/2019\/06\/13\/ordenanza-n-vi-0884-hcd-2019-declarase-la-intangibilidad-del-predio-de-dominio-municipal-conocido-como-el-ex-vertedero-municipal\/\" class=\"home-blog-btn\">Leer m\u00e1s<\/a><\/div><\/li>\n<li><a class=\"wp-block-latest-posts__post-title\" href=\"https:\/\/hcdvillademerlo.com\/index.php\/2018\/09\/20\/ordenanza-no-vi-0825-hcd-2018-senderos-historicos-y-fomento-del-montanismo\/\">ORDENANZA N\u00ba VI-0825-HCD-2018  \u00a0\u201cSenderos Hist\u00f3ricos y Fomento del Monta\u00f1ismo\u201d<\/a><div class=\"wp-block-latest-posts__post-excerpt\">Villa de Merlo, (San Luis), 05 de Junio de 2018.- &nbsp; ORDENANZA N\u00ba VI-0825-HCD-2018 \u00a0\u201cSenderos<\/div><div class=\"blog-btn\"><a href=\"https:\/\/hcdvillademerlo.com\/index.php\/2018\/09\/20\/ordenanza-no-vi-0825-hcd-2018-senderos-historicos-y-fomento-del-montanismo\/\" class=\"home-blog-btn\">Leer m\u00e1s<\/a><\/div><\/li>\n<li><a class=\"wp-block-latest-posts__post-title\" href=\"https:\/\/hcdvillademerlo.com\/index.php\/2017\/08\/08\/ordenanza-no-vi-0780-hcd-2017-efluentes-liquidos-cloacales\/\">ORDENANZA N\u00ba VI-0780-HCD-2017  \u201cEFLUENTES L\u00cdQUIDOS CLOACALES\u201d<\/a><div class=\"wp-block-latest-posts__post-excerpt\">\u00a0\u00a0\u00a0\u00a0\u00a0\u00a0\u00a0\u00a0\u00a0\u00a0\u00a0\u00a0\u00a0\u00a0\u00a0\u00a0\u00a0\u00a0\u00a0\u00a0\u00a0\u00a0\u00a0\u00a0\u00a0\u00a0\u00a0\u00a0\u00a0\u00a0\u00a0\u00a0\u00a0\u00a0\u00a0\u00a0\u00a0\u00a0\u00a0\u00a0\u00a0\u00a0\u00a0\u00a0\u00a0\u00a0 Villa de Merlo (S.L.), 03 de Agosto de 2017.- &nbsp; ORDENANZA N\u00ba VI-0780-HCD-2017 \u201cEFLUENTES<\/div><div class=\"blog-btn\"><a href=\"https:\/\/hcdvillademerlo.com\/index.php\/2017\/08\/08\/ordenanza-no-vi-0780-hcd-2017-efluentes-liquidos-cloacales\/\" class=\"home-blog-btn\">Leer m\u00e1s<\/a><\/div><\/li>\n<li><a class=\"wp-block-latest-posts__post-title\" href=\"https:\/\/hcdvillademerlo.com\/index.php\/2017\/07\/12\/ordenanza-no-vi-0778-hcd-2017-control-de-invasoras-en-villa-de-merlo\/\">ORDENANZA N\u00ba VI-0778-HCD-2017  \u201cCONTROL DE INVASORAS EN VILLA DE MERLO\u201d<\/a><div class=\"wp-block-latest-posts__post-excerpt\">SUSPENDIDA PARA ESTAR EN ESTADO DE REVISION\u00a0 POR RESOLUCI\u00d3N N\u00ba 1996-HCD-2018: DECLARAR, La Ordenanza N\u00b0<\/div><div class=\"blog-btn\"><a href=\"https:\/\/hcdvillademerlo.com\/index.php\/2017\/07\/12\/ordenanza-no-vi-0778-hcd-2017-control-de-invasoras-en-villa-de-merlo\/\" class=\"home-blog-btn\">Leer m\u00e1s<\/a><\/div><\/li>\n<li><a class=\"wp-block-latest-posts__post-title\" href=\"https:\/\/hcdvillademerlo.com\/index.php\/2017\/07\/12\/ordenanza-no-vi-0777-hcd-2017-podas\/\">ORDENANZA N\u00ba VI-0777-HCD-2017: PODAS<\/a><div class=\"wp-block-latest-posts__post-excerpt\">&nbsp; \u00a0\u00a0\u00a0\u00a0\u00a0\u00a0\u00a0\u00a0\u00a0\u00a0\u00a0\u00a0\u00a0\u00a0\u00a0\u00a0\u00a0\u00a0\u00a0\u00a0\u00a0\u00a0\u00a0\u00a0\u00a0\u00a0\u00a0\u00a0\u00a0\u00a0\u00a0\u00a0\u00a0\u00a0\u00a0\u00a0\u00a0\u00a0\u00a0\u00a0\u00a0\u00a0\u00a0\u00a0 Villa de Merlo (S.L.), 06 de Julio de 2017.- &nbsp; ORDENANZA N\u00ba VI-0777-HCD-2017<\/div><div class=\"blog-btn\"><a href=\"https:\/\/hcdvillademerlo.com\/index.php\/2017\/07\/12\/ordenanza-no-vi-0777-hcd-2017-podas\/\" class=\"home-blog-btn\">Leer m\u00e1s<\/a><\/div><\/li>\n<li><a class=\"wp-block-latest-posts__post-title\" href=\"https:\/\/hcdvillademerlo.com\/index.php\/2017\/07\/12\/ordenanza-no-vi-0772-hcd-2017-prohibir-extraccion-de-aridos\/\">ORDENANZA N\u00ba VI-0772-HCD-2017  \u201cPROHIBIR EXTRACCI\u00d3N DE \u00c1RIDOS\u201d<\/a><div class=\"wp-block-latest-posts__post-excerpt\">&nbsp; Villa de Merlo, (San Luis), 05 de Junio de 2017.- &nbsp; ORDENANZA N\u00ba VI-0772-HCD-2017<\/div><div class=\"blog-btn\"><a href=\"https:\/\/hcdvillademerlo.com\/index.php\/2017\/07\/12\/ordenanza-no-vi-0772-hcd-2017-prohibir-extraccion-de-aridos\/\" class=\"home-blog-btn\">Leer m\u00e1s<\/a><\/div><\/li>\n<li><a class=\"wp-block-latest-posts__post-title\" href=\"https:\/\/hcdvillademerlo.com\/index.php\/2017\/04\/11\/ordenanza-no-vi-0763-hcd-2017-declarar-reserva-natural-municipal-al-azud-de-piedra-blanca-sus-adyacencias-ingreso-y-senderos-de-uso-publico\/\">ORDENANZA N\u00ba VI-0763-HCD-2017  \u201cDECLARAR RESERVA NATURAL MUNICIPAL AL AZUD DE PIEDRA BLANCA, SUS ADYACENCIAS, INGRESO Y SENDEROS DE USO P\u00daBLICO\u201d<\/a><div class=\"wp-block-latest-posts__post-excerpt\">Villa de Merlo, (San Lu\u00eds), 30 de Marzo de 2017.- ORDENANZA N\u00ba VI-0763-HCD-2017 \u201cDECLARAR RESERVA<\/div><div class=\"blog-btn\"><a href=\"https:\/\/hcdvillademerlo.com\/index.php\/2017\/04\/11\/ordenanza-no-vi-0763-hcd-2017-declarar-reserva-natural-municipal-al-azud-de-piedra-blanca-sus-adyacencias-ingreso-y-senderos-de-uso-publico\/\" class=\"home-blog-btn\">Leer m\u00e1s<\/a><\/div><\/li>\n<li><a class=\"wp-block-latest-posts__post-title\" href=\"https:\/\/hcdvillademerlo.com\/index.php\/2016\/07\/25\/ordenanza-no-vi-0726-hcd-2016-residuos-solidos-depositados-en-la-via-publica-podas-deroga-la-ord-vi-0555\/\">ORDENANZA N\u00ba VI-0726-HCD-2016 &#8211; RESIDUOS S\u00d3LIDOS DEPOSITADOS EN LA V\u00cdA PUBLICA (PODAS- DEROGA LA ORD.  VI-0555)<\/a><div class=\"wp-block-latest-posts__post-excerpt\">Villa de Merlo, (San Luis), 16 de Junio de 2016.- ORDENANZA N\u00ba VI-0726-HCD-2016 (DEROGA ORDENANZA<\/div><div class=\"blog-btn\"><a href=\"https:\/\/hcdvillademerlo.com\/index.php\/2016\/07\/25\/ordenanza-no-vi-0726-hcd-2016-residuos-solidos-depositados-en-la-via-publica-podas-deroga-la-ord-vi-0555\/\" class=\"home-blog-btn\">Leer m\u00e1s<\/a><\/div><\/li>\n<li><a class=\"wp-block-latest-posts__post-title\" href=\"https:\/\/hcdvillademerlo.com\/index.php\/2016\/06\/09\/ordenanza-no-vi-0724-hcd-2016-programa-identidad-arborea-de-nuestras-calles\/\">ORDENANZA N\u00ba VI- 0724-HCD-2016  &#8211; PROGRAMA IDENTIDAD ARBOREA DE NUESTRAS CALLES<\/a><div class=\"wp-block-latest-posts__post-excerpt\">Villa de Merlo, (San Luis), 03 de Junio de 2016.- &nbsp; &nbsp; ORDENANZA N\u00ba VI-<\/div><div class=\"blog-btn\"><a href=\"https:\/\/hcdvillademerlo.com\/index.php\/2016\/06\/09\/ordenanza-no-vi-0724-hcd-2016-programa-identidad-arborea-de-nuestras-calles\/\" class=\"home-blog-btn\">Leer m\u00e1s<\/a><\/div><\/li>\n<li><a class=\"wp-block-latest-posts__post-title\" href=\"https:\/\/hcdvillademerlo.com\/index.php\/2016\/06\/09\/ordenanza-no-vi-0723-hcd-2016-programa-municipal-de-oficinas-sustentables\/\">ORDENANZA N\u00ba VI- 0723-HCD-2016 &#8211; PROGRAMA MUNICIPAL DE OFICINAS SUSTENTABLES<\/a><div class=\"wp-block-latest-posts__post-excerpt\">Villa de Merlo, (San Luis), 03 de Junio de 2016.- &nbsp; &nbsp; ORDENANZA N\u00ba VI-<\/div><div class=\"blog-btn\"><a href=\"https:\/\/hcdvillademerlo.com\/index.php\/2016\/06\/09\/ordenanza-no-vi-0723-hcd-2016-programa-municipal-de-oficinas-sustentables\/\" class=\"home-blog-btn\">Leer m\u00e1s<\/a><\/div><\/li>\n<li><a class=\"wp-block-latest-posts__post-title\" href=\"https:\/\/hcdvillademerlo.com\/index.php\/2016\/06\/09\/ordenanza-no-vi-0722-hcd-2016-prohibicion-de-utilizacion-de-bolsas-plasticas\/\">ORDENANZA N\u00ba VI-0722-HCD-2016 &#8211; PROHIBICI\u00d3N DE UTILIZACI\u00d3N DE BOLSAS PL\u00c1STICAS<\/a><div class=\"wp-block-latest-posts__post-excerpt\">Villa de Merlo, (San Luis), 03 de Junio de 2016.- &nbsp; ORDENANZA N\u00ba VI-0722-HCD-2016 \u201cPROHIBICI\u00d3N<\/div><div class=\"blog-btn\"><a href=\"https:\/\/hcdvillademerlo.com\/index.php\/2016\/06\/09\/ordenanza-no-vi-0722-hcd-2016-prohibicion-de-utilizacion-de-bolsas-plasticas\/\" class=\"home-blog-btn\">Leer m\u00e1s<\/a><\/div><\/li>\n<li><a class=\"wp-block-latest-posts__post-title\" href=\"https:\/\/hcdvillademerlo.com\/index.php\/2016\/06\/09\/ordenanza-no-vi-0721-hcd-2016-fondo-de-concientizacion-y-capacitacion-ambiental\/\">ORDENANZA N\u00ba VI- 0721-HCD-2016  &#8211; FONDO DE CONCIENTIZACI\u00d3N Y CAPACITACI\u00d3N  AMBIENTAL<\/a><div class=\"wp-block-latest-posts__post-excerpt\">Villa de Merlo, (San Luis), 03 de Junio de 2016.- &nbsp; ORDENANZA N\u00ba VI- 0721-HCD-2016<\/div><div class=\"blog-btn\"><a href=\"https:\/\/hcdvillademerlo.com\/index.php\/2016\/06\/09\/ordenanza-no-vi-0721-hcd-2016-fondo-de-concientizacion-y-capacitacion-ambiental\/\" class=\"home-blog-btn\">Leer m\u00e1s<\/a><\/div><\/li>\n<li><a class=\"wp-block-latest-posts__post-title\" href=\"https:\/\/hcdvillademerlo.com\/index.php\/2016\/05\/26\/ordenanza-no-vi-0673-hcd-2015-observatorio-ambiental\/\">ORDENANZA N\u00ba VI-0673-HCD-2015 OBSERVATORIO AMBIENTAL<\/a><div class=\"wp-block-latest-posts__post-excerpt\">Villa de Merlo, (San Luis), 05 de Junio de 2015.- &nbsp; ORDENANZA N\u00ba VI-0673-HCD-2015 \u201cObservatorio<\/div><div class=\"blog-btn\"><a href=\"https:\/\/hcdvillademerlo.com\/index.php\/2016\/05\/26\/ordenanza-no-vi-0673-hcd-2015-observatorio-ambiental\/\" class=\"home-blog-btn\">Leer m\u00e1s<\/a><\/div><\/li>\n<li><a class=\"wp-block-latest-posts__post-title\" href=\"https:\/\/hcdvillademerlo.com\/index.php\/2016\/05\/26\/ordenanza-no-vi-0672-hcd-2015-programa-puntos-verdes\/\">ORDENANZA N\u00ba VI-0672-HCD-2015 PROGRAMA PUNTOS VERDES<\/a><div class=\"wp-block-latest-posts__post-excerpt\">Villa de Merlo, (San Luis), 05 de Junio de 2015.- &nbsp; ORDENANZA N\u00ba VI-0672-HCD-2015 Programa<\/div><div class=\"blog-btn\"><a href=\"https:\/\/hcdvillademerlo.com\/index.php\/2016\/05\/26\/ordenanza-no-vi-0672-hcd-2015-programa-puntos-verdes\/\" class=\"home-blog-btn\">Leer m\u00e1s<\/a><\/div><\/li>\n<li><a class=\"wp-block-latest-posts__post-title\" href=\"https:\/\/hcdvillademerlo.com\/index.php\/2016\/05\/26\/1972-2\/\">CREA ENTE MIXTO DE PROTECCION ANIMAL (EMIPROA)<\/a><div class=\"wp-block-latest-posts__post-excerpt\">Villa de Merlo, (San Luis), 10 de diciembre de 2014.- ORDENANZA N\u00ba VI-0654-HCD-2014 Ente Mixto<\/div><div class=\"blog-btn\"><a href=\"https:\/\/hcdvillademerlo.com\/index.php\/2016\/05\/26\/1972-2\/\" class=\"home-blog-btn\">Leer m\u00e1s<\/a><\/div><\/li>\n<li><a class=\"wp-block-latest-posts__post-title\" href=\"https:\/\/hcdvillademerlo.com\/index.php\/2016\/05\/26\/adherir-a-ley-provincial-no-ix-0328-2004-incendios-rurales-y-forestales\/\">ADHERIR A LEY PROVINCIAL N\u00ba IX-0328-2004 INCENDIOS RURALES Y FORESTALES<\/a><div class=\"wp-block-latest-posts__post-excerpt\">&nbsp; Villa de Merlo, San Luis, 10 de Diciembre de 2014.- &nbsp; ORDENANZA N\u00ba IX-<\/div><div class=\"blog-btn\"><a href=\"https:\/\/hcdvillademerlo.com\/index.php\/2016\/05\/26\/adherir-a-ley-provincial-no-ix-0328-2004-incendios-rurales-y-forestales\/\" class=\"home-blog-btn\">Leer m\u00e1s<\/a><\/div><\/li>\n<li><a class=\"wp-block-latest-posts__post-title\" href=\"https:\/\/hcdvillademerlo.com\/index.php\/2016\/05\/26\/1951-2\/\">ORDENANZA N\u00ba VI- 0644-HCD-2014 PLAN DE GESTION INTEGRAL DE RESIDUOS SOLIDOS URBANOS (GIRSU)<\/a><div class=\"wp-block-latest-posts__post-excerpt\">Villa de Merlo, San Luis, 10 de Diciembre de 2014 ORDENANZA N\u00ba VI- 0644-HCD-2014 Plan<\/div><div class=\"blog-btn\"><a href=\"https:\/\/hcdvillademerlo.com\/index.php\/2016\/05\/26\/1951-2\/\" class=\"home-blog-btn\">Leer m\u00e1s<\/a><\/div><\/li>\n<li><a class=\"wp-block-latest-posts__post-title\" href=\"https:\/\/hcdvillademerlo.com\/index.php\/2016\/05\/24\/germinando-para-las-sierras-mario-y-dario\/\">GERMINANDO PARA LAS SIERRAS, MARIO Y DARIO<\/a><div class=\"wp-block-latest-posts__post-excerpt\">Villa de Merlo, (San Luis), 05 de Junio de 2014.- &nbsp; ORDENANZA N\u00ba VI-0616-HCD-2014 \u201cGerminando<\/div><div class=\"blog-btn\"><a href=\"https:\/\/hcdvillademerlo.com\/index.php\/2016\/05\/24\/germinando-para-las-sierras-mario-y-dario\/\" class=\"home-blog-btn\">Leer m\u00e1s<\/a><\/div><\/li>\n<li><a class=\"wp-block-latest-posts__post-title\" href=\"https:\/\/hcdvillademerlo.com\/index.php\/2016\/05\/24\/establece-censo-forestal-permanente\/\">ESTABLECE CENSO FORESTAL PERMANENTE<\/a><div class=\"wp-block-latest-posts__post-excerpt\">Villa de Merlo, (San Luis), 05 de Junio de 2014.- &nbsp; ORDENANZA N\u00ba VI-0615-HCD-2014 \u201cCenso<\/div><div class=\"blog-btn\"><a href=\"https:\/\/hcdvillademerlo.com\/index.php\/2016\/05\/24\/establece-censo-forestal-permanente\/\" class=\"home-blog-btn\">Leer m\u00e1s<\/a><\/div><\/li>\n<li><a class=\"wp-block-latest-posts__post-title\" href=\"https:\/\/hcdvillademerlo.com\/index.php\/2016\/05\/24\/vias-verdes-margenes-de-arroyos\/\">VIAS VERDES- MARGENES DE ARROYOS<\/a><div class=\"wp-block-latest-posts__post-excerpt\">Villa de Merlo, (San Luis), 05 de Junio de 2014.- &nbsp; ORDENANZA N\u00ba VI-0614-HCD-2014 \u201cV\u00edas<\/div><div class=\"blog-btn\"><a href=\"https:\/\/hcdvillademerlo.com\/index.php\/2016\/05\/24\/vias-verdes-margenes-de-arroyos\/\" class=\"home-blog-btn\">Leer m\u00e1s<\/a><\/div><\/li>\n<li><a class=\"wp-block-latest-posts__post-title\" href=\"https:\/\/hcdvillademerlo.com\/index.php\/2016\/05\/24\/establecer-uso-de-cesto-de-residuos-en-la-via-publica\/\">ESTABLECER USO DE CESTO DE RESIDUOS EN LA VIA PUBLICA<\/a><div class=\"wp-block-latest-posts__post-excerpt\">Villa de Merlo, (San Luis), 04 de Diciembre de 2013.- &nbsp; ORDENANZA N\u00ba VI-0590-HCD-2013 \u201cCUIDANDO<\/div><div class=\"blog-btn\"><a href=\"https:\/\/hcdvillademerlo.com\/index.php\/2016\/05\/24\/establecer-uso-de-cesto-de-residuos-en-la-via-publica\/\" class=\"home-blog-btn\">Leer m\u00e1s<\/a><\/div><\/li>\n<li><a class=\"wp-block-latest-posts__post-title\" href=\"https:\/\/hcdvillademerlo.com\/index.php\/2016\/05\/24\/adherir-a-la-resolucion-no-590-2011-san-luis-agua\/\">ADHERIR A LA RESOLUCION N\u00ba 590-2011 SAN LUIS AGUA<\/a><div class=\"wp-block-latest-posts__post-excerpt\">\u00a0\u00a0\u00a0\u00a0\u00a0\u00a0\u00a0\u00a0\u00a0\u00a0\u00a0\u00a0\u00a0 \u00a0\u00a0\u00a0\u00a0\u00a0\u00a0\u00a0\u00a0\u00a0\u00a0\u00a0\u00a0\u00a0\u00a0\u00a0\u00a0\u00a0\u00a0\u00a0\u00a0\u00a0\u00a0\u00a0\u00a0\u00a0\u00a0\u00a0\u00a0Villa de Merlo (San Luis), 04 de Diciembre de 2013.- &nbsp; &nbsp; ORDENANZA N\u00ba<\/div><div class=\"blog-btn\"><a href=\"https:\/\/hcdvillademerlo.com\/index.php\/2016\/05\/24\/adherir-a-la-resolucion-no-590-2011-san-luis-agua\/\" class=\"home-blog-btn\">Leer m\u00e1s<\/a><\/div><\/li>\n<li><a class=\"wp-block-latest-posts__post-title\" href=\"https:\/\/hcdvillademerlo.com\/index.php\/2016\/05\/24\/modifica-ordenanza-monumentos-biologicos-60292\/\">MODIFICA ORDENANZA MONUMENTOS BIOL\u00d3GICOS (602\/92)<\/a><div class=\"wp-block-latest-posts__post-excerpt\">Villa de Merlo, San Luis), 12 de Junio de 2013.- ORDENANZA N\u00ba VI-0553-HCD-2013 &nbsp; VISTO:<\/div><div class=\"blog-btn\"><a href=\"https:\/\/hcdvillademerlo.com\/index.php\/2016\/05\/24\/modifica-ordenanza-monumentos-biologicos-60292\/\" class=\"home-blog-btn\">Leer m\u00e1s<\/a><\/div><\/li>\n<li><a class=\"wp-block-latest-posts__post-title\" href=\"https:\/\/hcdvillademerlo.com\/index.php\/2016\/05\/23\/penalidades-de-escape-libres\/\">ORDENANZA N\u00ba VI- 0545- HCD-2013 PENALIDADES DE ESCAPE LIBRES<\/a><div class=\"wp-block-latest-posts__post-excerpt\">Villa de Merlo, San Luis, 05 de Abril de 2013.- &nbsp; ORDENANZA N\u00ba VI- 0545-<\/div><div class=\"blog-btn\"><a href=\"https:\/\/hcdvillademerlo.com\/index.php\/2016\/05\/23\/penalidades-de-escape-libres\/\" class=\"home-blog-btn\">Leer m\u00e1s<\/a><\/div><\/li>\n<li><a class=\"wp-block-latest-posts__post-title\" href=\"https:\/\/hcdvillademerlo.com\/index.php\/2016\/05\/23\/regula-uso-de-pirotecnia\/\">REGULA USO DE PIROTECNIA<\/a><div class=\"wp-block-latest-posts__post-excerpt\">Villa de Merlo, 12 de Diciembre de 2012 &nbsp; ORDENANZA N\u00ba VI -0523-HCD-2012 &nbsp; VISTO:<\/div><div class=\"blog-btn\"><a href=\"https:\/\/hcdvillademerlo.com\/index.php\/2016\/05\/23\/regula-uso-de-pirotecnia\/\" class=\"home-blog-btn\">Leer m\u00e1s<\/a><\/div><\/li>\n<li><a class=\"wp-block-latest-posts__post-title\" href=\"https:\/\/hcdvillademerlo.com\/index.php\/2016\/05\/23\/control-de-roedores-y-otras-plagas\/\">CONTROL DE ROEDORES Y OTRAS PLAGAS<\/a><div class=\"wp-block-latest-posts__post-excerpt\">\u00a0Villa de Merlo, San Luis, 7 de Noviembre de 2012 &nbsp; ORDENANZA N\u00ba VI-0518-HCD-2012 \u201cCONTROL<\/div><div class=\"blog-btn\"><a href=\"https:\/\/hcdvillademerlo.com\/index.php\/2016\/05\/23\/control-de-roedores-y-otras-plagas\/\" class=\"home-blog-btn\">Leer m\u00e1s<\/a><\/div><\/li>\n<li><a class=\"wp-block-latest-posts__post-title\" href=\"https:\/\/hcdvillademerlo.com\/index.php\/2016\/05\/23\/acepta-donacion-espacios-verdes-3\/\">ACEPTA DONACION ESPACIOS VERDES<\/a><div class=\"wp-block-latest-posts__post-excerpt\">&nbsp; Villa de Merlo, San Luis 24 de Octubre de 2012.- &nbsp; ORDENANZA N\u00ba VIII-0515-HCD-2012<\/div><div class=\"blog-btn\"><a href=\"https:\/\/hcdvillademerlo.com\/index.php\/2016\/05\/23\/acepta-donacion-espacios-verdes-3\/\" class=\"home-blog-btn\">Leer m\u00e1s<\/a><\/div><\/li>\n<li><a class=\"wp-block-latest-posts__post-title\" href=\"https:\/\/hcdvillademerlo.com\/index.php\/2016\/05\/23\/aprueba-adhesion-patogenos\/\">APRUEBA ADHESION PATOGENOS<\/a><div class=\"wp-block-latest-posts__post-excerpt\">Villa de Merlo, San Luis, 29 de agosto de 2012.- &nbsp; ORDENANZA N\u00ba VI-0497-HCD-2012 &nbsp;<\/div><div class=\"blog-btn\"><a href=\"https:\/\/hcdvillademerlo.com\/index.php\/2016\/05\/23\/aprueba-adhesion-patogenos\/\" class=\"home-blog-btn\">Leer m\u00e1s<\/a><\/div><\/li>\n<li><a class=\"wp-block-latest-posts__post-title\" href=\"https:\/\/hcdvillademerlo.com\/index.php\/2016\/05\/23\/acepta-donacion-espacios-verdes-2\/\">ACEPTA DONACION ESPACIOS VERDES<\/a><div class=\"wp-block-latest-posts__post-excerpt\">Villa de Merlo, San Luis 27 de junio de 2012 &nbsp; &nbsp; ORDENANZA N\u00ba VI-0488-HCD-2012<\/div><div class=\"blog-btn\"><a href=\"https:\/\/hcdvillademerlo.com\/index.php\/2016\/05\/23\/acepta-donacion-espacios-verdes-2\/\" class=\"home-blog-btn\">Leer m\u00e1s<\/a><\/div><\/li>\n<li><a class=\"wp-block-latest-posts__post-title\" href=\"https:\/\/hcdvillademerlo.com\/index.php\/2016\/05\/23\/regulacion-control-y-gestion-de-aceites-vegetales-y-grasa-de-frituras-usados\/\">ORDENANZA N\u00ba VI-0487-HCD-2012: REGULACION, CONTROL Y GESTI\u00d3N DE ACEITES VEGETALES Y GRASA DE FRITURAS USADOS<\/a><div class=\"wp-block-latest-posts__post-excerpt\">Villa de Merlo, San Luis 27 de junio de 2012 ORDENANZA N\u00ba VI-0487-HCD-2012 \u00a0\u201cREGULACION, CONTROL<\/div><div class=\"blog-btn\"><a href=\"https:\/\/hcdvillademerlo.com\/index.php\/2016\/05\/23\/regulacion-control-y-gestion-de-aceites-vegetales-y-grasa-de-frituras-usados\/\" class=\"home-blog-btn\">Leer m\u00e1s<\/a><\/div><\/li>\n<li><a class=\"wp-block-latest-posts__post-title\" href=\"https:\/\/hcdvillademerlo.com\/index.php\/2016\/05\/23\/saneamiento-remediacion-y-revalorizacion-del-vertedero-municipal\/\">SANEAMIENTO, REMEDIACION Y REVALORIZACION DEL VERTEDERO MUNICIPAL<\/a><div class=\"wp-block-latest-posts__post-excerpt\">Villa de Merlo, San Luis 27 de junio de 2012 &nbsp; &nbsp; ORDENANZA N\u00ba VI-0486-HCD-2012<\/div><div class=\"blog-btn\"><a href=\"https:\/\/hcdvillademerlo.com\/index.php\/2016\/05\/23\/saneamiento-remediacion-y-revalorizacion-del-vertedero-municipal\/\" class=\"home-blog-btn\">Leer m\u00e1s<\/a><\/div><\/li>\n<li><a class=\"wp-block-latest-posts__post-title\" href=\"https:\/\/hcdvillademerlo.com\/index.php\/2016\/05\/23\/acepta-donacion-espacios-verdes\/\">ACEPTA DONACION ESPACIOS VERDES<\/a><div class=\"wp-block-latest-posts__post-excerpt\">Villa de Merlo, San Luis 06 de Junio de 2012.- &nbsp; ORDENANZA N\u00ba \u00a0VI-0481-HCD-2012 &nbsp;<\/div><div class=\"blog-btn\"><a href=\"https:\/\/hcdvillademerlo.com\/index.php\/2016\/05\/23\/acepta-donacion-espacios-verdes\/\" class=\"home-blog-btn\">Leer m\u00e1s<\/a><\/div><\/li>\n<li><a class=\"wp-block-latest-posts__post-title\" href=\"https:\/\/hcdvillademerlo.com\/index.php\/2016\/05\/18\/prohibe-uso-de-agroquimicos\/\">PROHIBE USO DE AGROQUIMICOS<\/a><div class=\"wp-block-latest-posts__post-excerpt\">\u00a0\u00a0\u00a0\u00a0\u00a0\u00a0\u00a0\u00a0\u00a0\u00a0\u00a0\u00a0\u00a0\u00a0\u00a0\u00a0\u00a0\u00a0\u00a0\u00a0\u00a0\u00a0\u00a0\u00a0\u00a0\u00a0\u00a0\u00a0\u00a0\u00a0\u00a0\u00a0\u00a0\u00a0\u00a0\u00a0\u00a0\u00a0\u00a0\u00a0\u00a0\u00a0\u00a0\u00a0\u00a0\u00a0\u00a0\u00a0\u00a0\u00a0\u00a0\u00a0\u00a0\u00a0\u00a0\u00a0\u00a0\u00a0\u00a0\u00a0\u00a0\u00a0\u00a0\u00a0\u00a0\u00a0\u00a0\u00a0\u00a0\u00a0\u00a0\u00a0\u00a0\u00a0\u00a0\u00a0\u00a0\u00a0\u00a0\u00a0\u00a0\u00a0\u00a0\u00a0\u00a0\u00a0\u00a0\u00a0\u00a0\u00a0\u00a0\u00a0\u00a0\u00a0\u00a0\u00a0\u00a0\u00a0 \u00a0\u00a0\u00a0\u00a0\u00a0\u00a0\u00a0\u00a0\u00a0\u00a0\u00a0\u00a0\u00a0\u00a0\u00a0\u00a0\u00a0\u00a0\u00a0\u00a0\u00a0\u00a0\u00a0\u00a0\u00a0\u00a0\u00a0\u00a0\u00a0\u00a0\u00a0\u00a0\u00a0\u00a0\u00a0\u00a0\u00a0\u00a0\u00a0\u00a0\u00a0\u00a0\u00a0\u00a0\u00a0\u00a0\u00a0\u00a0\u00a0\u00a0\u00a0 Villa de Merlo, (San Luis), 23 de noviembre de 2011.- &nbsp; ORDENANZA N\u00ba<\/div><div class=\"blog-btn\"><a href=\"https:\/\/hcdvillademerlo.com\/index.php\/2016\/05\/18\/prohibe-uso-de-agroquimicos\/\" class=\"home-blog-btn\">Leer m\u00e1s<\/a><\/div><\/li>\n<li><a class=\"wp-block-latest-posts__post-title\" href=\"https:\/\/hcdvillademerlo.com\/index.php\/2016\/05\/17\/tenencia-de-perros-peligrosos\/\">TENENCIA DE PERROS PELIGROSOS<\/a><div class=\"wp-block-latest-posts__post-excerpt\">\u00a0\u00a0\u00a0\u00a0\u00a0\u00a0\u00a0\u00a0\u00a0\u00a0\u00a0\u00a0\u00a0\u00a0\u00a0\u00a0\u00a0\u00a0\u00a0\u00a0\u00a0\u00a0\u00a0\u00a0\u00a0\u00a0\u00a0\u00a0\u00a0\u00a0\u00a0\u00a0\u00a0\u00a0\u00a0\u00a0\u00a0\u00a0\u00a0 \u00a0\u00a0\u00a0\u00a0\u00a0\u00a0\u00a0\u00a0\u00a0\u00a0\u00a0\u00a0Villa de Merlo (San Luis), 19 de abril de 2010.- ORDENANZA N\u00ba 1204-HCD-2010 &nbsp;<\/div><div class=\"blog-btn\"><a href=\"https:\/\/hcdvillademerlo.com\/index.php\/2016\/05\/17\/tenencia-de-perros-peligrosos\/\" class=\"home-blog-btn\">Leer m\u00e1s<\/a><\/div><\/li>\n<li><a class=\"wp-block-latest-posts__post-title\" href=\"https:\/\/hcdvillademerlo.com\/index.php\/2016\/05\/17\/homologa-decreto-001im2010-espectaculos-circenses\/\">HOMOLOGA DECRETO 001\/IM\/2010- ESPECTACULOS CIRCENSES<\/a><div class=\"wp-block-latest-posts__post-excerpt\">\u00a0\u00a0\u00a0\u00a0\u00a0\u00a0\u00a0\u00a0\u00a0\u00a0\u00a0\u00a0 \u00a0\u00a0\u00a0\u00a0\u00a0\u00a0\u00a0\u00a0\u00a0\u00a0\u00a0\u00a0\u00a0\u00a0\u00a0\u00a0\u00a0\u00a0\u00a0\u00a0\u00a0\u00a0\u00a0\u00a0\u00a0\u00a0\u00a0\u00a0Villa de Merlo (San Luis), 02 de Marzo \u00a0de 2010.- &nbsp; ORDENANZA N\u00ba 1196-HCD-2010<\/div><div class=\"blog-btn\"><a href=\"https:\/\/hcdvillademerlo.com\/index.php\/2016\/05\/17\/homologa-decreto-001im2010-espectaculos-circenses\/\" class=\"home-blog-btn\">Leer m\u00e1s<\/a><\/div><\/li>\n<li><a class=\"wp-block-latest-posts__post-title\" href=\"https:\/\/hcdvillademerlo.com\/index.php\/2016\/05\/16\/excepcionar-ordenanza-688-para-animales-de-la-montada\/\">EXCEPCIONAR ORDENANZA 688 PARA ANIMALES DE LA MONTADA<\/a><div class=\"wp-block-latest-posts__post-excerpt\">Villa de Merlo (S.L.) 16\u00a0 de Junio de 2009.- ORDENANZA N\u00ba 1151-HCD-2009 &nbsp; VISTO: La<\/div><div class=\"blog-btn\"><a href=\"https:\/\/hcdvillademerlo.com\/index.php\/2016\/05\/16\/excepcionar-ordenanza-688-para-animales-de-la-montada\/\" class=\"home-blog-btn\">Leer m\u00e1s<\/a><\/div><\/li>\n<li><a class=\"wp-block-latest-posts__post-title\" href=\"https:\/\/hcdvillademerlo.com\/index.php\/2016\/05\/16\/reglamentacion-ley-no-ix-0332-20045538-r-parque-presidente-peron\/\">\u201cREGLAMENTACI\u00d3N Ley N\u00ba IX -0332-2004(5538 \u201cR\u201d) PARQUE PRESIDENTE PERON\u201d<\/a><div class=\"wp-block-latest-posts__post-excerpt\">Villa de Merlo (S.L.) 05 de Junio de 2009.- &nbsp; ORDENANZA N\u00ba 1149-HCD-2009.- \u201cREGLAMENTACION Ley<\/div><div class=\"blog-btn\"><a href=\"https:\/\/hcdvillademerlo.com\/index.php\/2016\/05\/16\/reglamentacion-ley-no-ix-0332-20045538-r-parque-presidente-peron\/\" class=\"home-blog-btn\">Leer m\u00e1s<\/a><\/div><\/li>\n<li><a class=\"wp-block-latest-posts__post-title\" href=\"https:\/\/hcdvillademerlo.com\/index.php\/2016\/05\/16\/campana-de-fomento-del-reciclaje\/\">CAMPA\u00d1A DE FOMENTO DEL RECICLAJE<\/a><div class=\"wp-block-latest-posts__post-excerpt\">Villa de Merlo (S.L.) 05 de Junio de 2009.- &nbsp; ORDENANZA N\u00ba 1147-HCD-2009.- \u201cCampa\u00f1a de<\/div><div class=\"blog-btn\"><a href=\"https:\/\/hcdvillademerlo.com\/index.php\/2016\/05\/16\/campana-de-fomento-del-reciclaje\/\" class=\"home-blog-btn\">Leer m\u00e1s<\/a><\/div><\/li>\n<li><a class=\"wp-block-latest-posts__post-title\" href=\"https:\/\/hcdvillademerlo.com\/index.php\/2016\/05\/16\/modifica-ordenanza-no-60296-penalidades-desmonte-y-podas\/\">MODIFICA ORDENANZA N\u00ba 602\/96- PENALIDADES, DESMONTE Y PODAS<\/a><div class=\"wp-block-latest-posts__post-excerpt\">Villa de Merlo (S.L.) 9 de Enero de 2009.- \u00a0ORDENANZA N\u00ba 1122-HCD-2009 \u00a0 \u00a0 VISTO:<\/div><div class=\"blog-btn\"><a href=\"https:\/\/hcdvillademerlo.com\/index.php\/2016\/05\/16\/modifica-ordenanza-no-60296-penalidades-desmonte-y-podas\/\" class=\"home-blog-btn\">Leer m\u00e1s<\/a><\/div><\/li>\n<li><a class=\"wp-block-latest-posts__post-title\" href=\"https:\/\/hcdvillademerlo.com\/index.php\/2016\/05\/12\/prohibe-uso-de-bolsas-de-polietileno-en-villa-de-merlo\/\">PROHIBE USO DE BOLSAS DE POLIETILENO EN VILLA DE MERLO-DEROGADA<\/a><div class=\"wp-block-latest-posts__post-excerpt\">FUE DEROGADA POR ORDENANZA N\u00ba \u00a0VI-0722\/16 http:\/\/hcdvillademerlo.com.ar\/ordenanza-no-vi-0722-hcd-2016-prohibicion-de-utilizacion-de-bolsas-plasticas\/ Villa de Merlo, (San Luis), 21 de octubre<\/div><div class=\"blog-btn\"><a href=\"https:\/\/hcdvillademerlo.com\/index.php\/2016\/05\/12\/prohibe-uso-de-bolsas-de-polietileno-en-villa-de-merlo\/\" class=\"home-blog-btn\">Leer m\u00e1s<\/a><\/div><\/li>\n<li><a class=\"wp-block-latest-posts__post-title\" href=\"https:\/\/hcdvillademerlo.com\/index.php\/2016\/05\/11\/declarar-villa-de-merlo-libre-de-humo\/\">DECLARAR VILLA DE MERLO &quot;LIBRE DE HUMO&quot;<\/a><div class=\"wp-block-latest-posts__post-excerpt\">Villa de Merlo, San Luis, 01 de Julio de 2008 &nbsp; ORDENANZA N\u00ba 1097-HCD-2008 &nbsp;<\/div><div class=\"blog-btn\"><a href=\"https:\/\/hcdvillademerlo.com\/index.php\/2016\/05\/11\/declarar-villa-de-merlo-libre-de-humo\/\" class=\"home-blog-btn\">Leer m\u00e1s<\/a><\/div><\/li>\n<li><a class=\"wp-block-latest-posts__post-title\" href=\"https:\/\/hcdvillademerlo.com\/index.php\/2016\/05\/05\/adhiere-a-ley-provincial-controles-de-alcoholemia\/\">ADHIERE A LEY PROVINCIAL CONTROLES DE ALCOHOLEMIA<\/a><div class=\"wp-block-latest-posts__post-excerpt\">Villa de Merlo, (S.L)., 28\u00a0 de Abril de 2006.- &nbsp; ORDENANZA N\u00b0 975-HCD-06.- VISTO:\u00a0 Que<\/div><div class=\"blog-btn\"><a href=\"https:\/\/hcdvillademerlo.com\/index.php\/2016\/05\/05\/adhiere-a-ley-provincial-controles-de-alcoholemia\/\" class=\"home-blog-btn\">Leer m\u00e1s<\/a><\/div><\/li>\n<li><a class=\"wp-block-latest-posts__post-title\" href=\"https:\/\/hcdvillademerlo.com\/index.php\/2016\/04\/27\/autoriza-al-d-e-m-estudio-tecnico-sobre-especies-invasivas\/\">AUTORIZA AL D.E.M. ESTUDIO TECNICO SOBRE ESPECIES INVASIVAS<\/a><div class=\"wp-block-latest-posts__post-excerpt\">Villa de Merlo, 23 de Noviembre de 2005.- &nbsp; \u00a0\u00a0\u00a0\u00a0\u00a0\u00a0\u00a0\u00a0\u00a0\u00a0\u00a0\u00a0\u00a0\u00a0\u00a0\u00a0\u00a0\u00a0\u00a0\u00a0\u00a0\u00a0\u00a0\u00a0\u00a0\u00a0\u00a0\u00a0\u00a0\u00a0\u00a0\u00a0\u00a0\u00a0\u00a0\u00a0\u00a0\u00a0\u00a0\u00a0\u00a0\u00a0\u00a0\u00a0\u00a0\u00a0 ORDENANZA N\u00ba 942-HCD-2005 VISTO: El<\/div><div class=\"blog-btn\"><a href=\"https:\/\/hcdvillademerlo.com\/index.php\/2016\/04\/27\/autoriza-al-d-e-m-estudio-tecnico-sobre-especies-invasivas\/\" class=\"home-blog-btn\">Leer m\u00e1s<\/a><\/div><\/li>\n<li><a class=\"wp-block-latest-posts__post-title\" href=\"https:\/\/hcdvillademerlo.com\/index.php\/2016\/04\/21\/crea-investidura-ad-honoren-de-guardafaunas-guardaflora-y-guardambientales\/\">CREA INVESTIDURA AD HONOREN DE GUARDAFAUNAS, GUARDAFLORA Y GUARDAMBIENTALES<\/a><div class=\"wp-block-latest-posts__post-excerpt\">Villa de Merlo (San Luis) 05 de Octubre de 2005.- &nbsp; ORDENANZA N\u00ba 932-HCD-2005 \u00a0<\/div><div class=\"blog-btn\"><a href=\"https:\/\/hcdvillademerlo.com\/index.php\/2016\/04\/21\/crea-investidura-ad-honoren-de-guardafaunas-guardaflora-y-guardambientales\/\" class=\"home-blog-btn\">Leer m\u00e1s<\/a><\/div><\/li>\n<li><a class=\"wp-block-latest-posts__post-title\" href=\"https:\/\/hcdvillademerlo.com\/index.php\/2016\/04\/20\/declara-a-merlo-libre-de-transgenicos\/\">DECLARA A MERLO LIBRE DE TRANSG\u00c9NICOS<\/a><div class=\"wp-block-latest-posts__post-excerpt\">Villa de Merlo, San Luis, 28 de Setiembre de 2005.- &nbsp; ORDENANZA N\u00ba 930-HCD-2005 \u00a0<\/div><div class=\"blog-btn\"><a href=\"https:\/\/hcdvillademerlo.com\/index.php\/2016\/04\/20\/declara-a-merlo-libre-de-transgenicos\/\" class=\"home-blog-btn\">Leer m\u00e1s<\/a><\/div><\/li>\n<li><a class=\"wp-block-latest-posts__post-title\" href=\"https:\/\/hcdvillademerlo.com\/index.php\/2016\/04\/20\/plan-global-estrategico-para-el-manejo-de-riesgo-decreto-351pen79\/\">PLAN GLOBAL ESTRAT\u00c9GICO PARA EL MANEJO DE RIESGO (DECRETO 351\/PEN\/79)<\/a><div class=\"wp-block-latest-posts__post-excerpt\">Villa de Merlo, 31 de Agosto de 2005.- &nbsp; ORDENANZA N\u00ba 928-HCD-2005 \u00a0 VISTO: La<\/div><div class=\"blog-btn\"><a href=\"https:\/\/hcdvillademerlo.com\/index.php\/2016\/04\/20\/plan-global-estrategico-para-el-manejo-de-riesgo-decreto-351pen79\/\" class=\"home-blog-btn\">Leer m\u00e1s<\/a><\/div><\/li>\n<li><a class=\"wp-block-latest-posts__post-title\" href=\"https:\/\/hcdvillademerlo.com\/index.php\/2016\/04\/20\/prohibe-el-uso-de-p-c-b-en-todo-el-ejido-de-merlo\/\">PROHIBE EL USO DE P.C.B. EN TODO EL EJIDO DE MERLO<\/a><div class=\"wp-block-latest-posts__post-excerpt\">Villa de Merlo, San Luis, 31 de Agosto de 2005.- &nbsp; ORDENANZA N\u00ba 927-HCD-2005 \u00a0<\/div><div class=\"blog-btn\"><a href=\"https:\/\/hcdvillademerlo.com\/index.php\/2016\/04\/20\/prohibe-el-uso-de-p-c-b-en-todo-el-ejido-de-merlo\/\" class=\"home-blog-btn\">Leer m\u00e1s<\/a><\/div><\/li>\n<li><a class=\"wp-block-latest-posts__post-title\" href=\"https:\/\/hcdvillademerlo.com\/index.php\/2016\/04\/19\/reglamenta-tenencia-de-animales-de-compania-mod-la-ord-68898\/\">REGLAMENTA TENENCIA DE ANIMALES DE COMPA\u00d1\u00cdA (MOD. LA ORD. 688\/98)<\/a><div class=\"wp-block-latest-posts__post-excerpt\">\u00a0 Villa de Merlo, 31 de Mayo de 2005 &nbsp; ORDENANZA N\u00ba 913-HCD-2005 \u00a0 VISTO:<\/div><div class=\"blog-btn\"><a href=\"https:\/\/hcdvillademerlo.com\/index.php\/2016\/04\/19\/reglamenta-tenencia-de-animales-de-compania-mod-la-ord-68898\/\" class=\"home-blog-btn\">Leer m\u00e1s<\/a><\/div><\/li>\n<li><a class=\"wp-block-latest-posts__post-title\" href=\"https:\/\/hcdvillademerlo.com\/index.php\/2016\/04\/05\/criterios-basicos-para-uso-racional-del-agua\/\">CRITERIOS BASICOS PARA USO RACIONAL DEL AGUA<\/a><div class=\"wp-block-latest-posts__post-excerpt\">&nbsp; Villa de Merlo (S.L)\u00a0 28 de noviembre de 2003. ORDENANZA N\u00ba 839-HCD-2003 VISTO: La<\/div><div class=\"blog-btn\"><a href=\"https:\/\/hcdvillademerlo.com\/index.php\/2016\/04\/05\/criterios-basicos-para-uso-racional-del-agua\/\" class=\"home-blog-btn\">Leer m\u00e1s<\/a><\/div><\/li>\n<li><a class=\"wp-block-latest-posts__post-title\" href=\"https:\/\/hcdvillademerlo.com\/index.php\/2016\/03\/30\/decomiso-de-semovientes\/\">DECOMISO DE SEMOVIENTES<\/a><div class=\"wp-block-latest-posts__post-excerpt\">Villa de Merlo (S.L)\u00a0 5 de Setiembre de 2003 ORDENANZA N\u00ba 823-HCD-2003 VISTO: La Ordenanza<\/div><div class=\"blog-btn\"><a href=\"https:\/\/hcdvillademerlo.com\/index.php\/2016\/03\/30\/decomiso-de-semovientes\/\" class=\"home-blog-btn\">Leer m\u00e1s<\/a><\/div><\/li>\n<li><a class=\"wp-block-latest-posts__post-title\" href=\"https:\/\/hcdvillademerlo.com\/index.php\/2016\/03\/28\/ruidos-innecesarios-excesivos-ruidos-molestos\/\">ORDENANZA  N\u00ba 716-HCD-1999 RUIDOS INNECESARIOS EXCESIVOS (RUIDOS MOLESTOS)<\/a><div class=\"wp-block-latest-posts__post-excerpt\">Villa de Merlo, (San Luis), 18 de Junio de 1999 &nbsp; ORDENANZA\u00a0 N\u00ba 716-HCD-1999 VISTO:<\/div><div class=\"blog-btn\"><a href=\"https:\/\/hcdvillademerlo.com\/index.php\/2016\/03\/28\/ruidos-innecesarios-excesivos-ruidos-molestos\/\" class=\"home-blog-btn\">Leer m\u00e1s<\/a><\/div><\/li>\n<li><a class=\"wp-block-latest-posts__post-title\" href=\"https:\/\/hcdvillademerlo.com\/index.php\/2016\/03\/28\/agua-en-la-via-publica-y-reglamenta-lavado-de-veredas\/\">AGUA EN LA VIA PUBLICA Y REGLAMENTA LAVADO DE VEREDAS<\/a><div class=\"wp-block-latest-posts__post-excerpt\">Villa de Merlo, 17 de Diciembre de 1998 &nbsp; ORDENANZA\u00a0 N\u00ba 708 \u2013HCD- 1998 VISTO:<\/div><div class=\"blog-btn\"><a href=\"https:\/\/hcdvillademerlo.com\/index.php\/2016\/03\/28\/agua-en-la-via-publica-y-reglamenta-lavado-de-veredas\/\" class=\"home-blog-btn\">Leer m\u00e1s<\/a><\/div><\/li>\n<li><a class=\"wp-block-latest-posts__post-title\" href=\"https:\/\/hcdvillademerlo.com\/index.php\/2016\/03\/21\/animales-domesticos\/\">ANIMALES DOM\u00c9STICOS<\/a><div class=\"wp-block-latest-posts__post-excerpt\">Villa de Merlo (S.L) 26 de junio de 1998 &nbsp; ORDENANZA N\u00ba 688-HCD-1998 &nbsp; ART.<\/div><div class=\"blog-btn\"><a href=\"https:\/\/hcdvillademerlo.com\/index.php\/2016\/03\/21\/animales-domesticos\/\" class=\"home-blog-btn\">Leer m\u00e1s<\/a><\/div><\/li>\n<li><a class=\"wp-block-latest-posts__post-title\" href=\"https:\/\/hcdvillademerlo.com\/index.php\/2016\/03\/21\/modifica-ordenanza-60295-monumentos-biologicos\/\">MODIFICA ORDENANZA 602\/95- MONUMENTOS BIOLOGICOS<\/a><div class=\"wp-block-latest-posts__post-excerpt\">Merlo (S.L) 29 de marzo de 1998 &nbsp; ORDENANZA N\u00ba 678 -HCD-1998 VISTO: La Nota<\/div><div class=\"blog-btn\"><a href=\"https:\/\/hcdvillademerlo.com\/index.php\/2016\/03\/21\/modifica-ordenanza-60295-monumentos-biologicos\/\" class=\"home-blog-btn\">Leer m\u00e1s<\/a><\/div><\/li>\n<li><a class=\"wp-block-latest-posts__post-title\" href=\"https:\/\/hcdvillademerlo.com\/index.php\/2016\/03\/15\/registro-y-patente-de-perros-y-gatos\/\">REGISTRO Y PATENTE DE PERROS Y GATOS<\/a><div class=\"wp-block-latest-posts__post-excerpt\">Villa de Merlo (S.L.) 03 de Abril de 1997 \u00a0 ORDENANZA N\u00ba 649-HCD-1997 \u00a0 VISTO:<\/div><div class=\"blog-btn\"><a href=\"https:\/\/hcdvillademerlo.com\/index.php\/2016\/03\/15\/registro-y-patente-de-perros-y-gatos\/\" class=\"home-blog-btn\">Leer m\u00e1s<\/a><\/div><\/li>\n<li><a class=\"wp-block-latest-posts__post-title\" href=\"https:\/\/hcdvillademerlo.com\/index.php\/2016\/03\/15\/declara-area-protegida-a-arroyo-juan-perez-y-espacios-publicos\/\">DECLARA AREA PROTEGIDA A ARROYO JUAN PEREZ Y ESPACIOS PUBLICOS<\/a><div class=\"wp-block-latest-posts__post-excerpt\">Villa de Merlo (S.L.) 7 de noviembre \u00a0de 1996 \u00a0 ORDENANZA N\u00ba 644-HCD-1996 \u00a0 VISTO:<\/div><div class=\"blog-btn\"><a href=\"https:\/\/hcdvillademerlo.com\/index.php\/2016\/03\/15\/declara-area-protegida-a-arroyo-juan-perez-y-espacios-publicos\/\" class=\"home-blog-btn\">Leer m\u00e1s<\/a><\/div><\/li>\n<li><a class=\"wp-block-latest-posts__post-title\" href=\"https:\/\/hcdvillademerlo.com\/index.php\/2016\/03\/15\/crea-sistema-de-padrinazgo-de-espacios-verdes\/\">CREA SISTEMA DE PADRINAZGO DE ESPACIOS VERDES<\/a><div class=\"wp-block-latest-posts__post-excerpt\">Merlo (S.L) 7 de noviembre de 1996 &nbsp; ORDENANZA N\u00ba 643-HCD-1996 VISTO: El proyecto de<\/div><div class=\"blog-btn\"><a href=\"https:\/\/hcdvillademerlo.com\/index.php\/2016\/03\/15\/crea-sistema-de-padrinazgo-de-espacios-verdes\/\" class=\"home-blog-btn\">Leer m\u00e1s<\/a><\/div><\/li>\n<li><a class=\"wp-block-latest-posts__post-title\" href=\"https:\/\/hcdvillademerlo.com\/index.php\/2016\/03\/14\/modifica-monumentos-biologicos-ord-602\/\">MODIFICA MONUMENTOS BIOL\u00d3GICOS (ORD. 602)<\/a><div class=\"wp-block-latest-posts__post-excerpt\">Villa de Merlo (S.L.) 10 de abril de 1996 \u00a0 ORDENANZA N\u00ba 618-HCD-1996 \u00a0 VISTO:<\/div><div class=\"blog-btn\"><a href=\"https:\/\/hcdvillademerlo.com\/index.php\/2016\/03\/14\/modifica-monumentos-biologicos-ord-602\/\" class=\"home-blog-btn\">Leer m\u00e1s<\/a><\/div><\/li>\n<li><a class=\"wp-block-latest-posts__post-title\" href=\"https:\/\/hcdvillademerlo.com\/index.php\/2016\/03\/14\/declara-zona-protegida-de-reserva-natural-sierras-comechingones\/\">DECLARA ZONA PROTEGIDA DE RESERVA NATURAL SIERRAS COMECHINGONES<\/a><div class=\"wp-block-latest-posts__post-excerpt\">Villa de Merlo (S.L.) 23 de noviembre de1995 \u00a0 ORDENANZA N\u00ba 605-HCD-1995 \u00a0 VISTO: \u00a0\u00a0\u00a0\u00a0\u00a0\u00a0\u00a0\u00a0\u00a0\u00a0\u00a0\u00a0\u00a0<\/div><div class=\"blog-btn\"><a href=\"https:\/\/hcdvillademerlo.com\/index.php\/2016\/03\/14\/declara-zona-protegida-de-reserva-natural-sierras-comechingones\/\" class=\"home-blog-btn\">Leer m\u00e1s<\/a><\/div><\/li>\n<li><a class=\"wp-block-latest-posts__post-title\" href=\"https:\/\/hcdvillademerlo.com\/index.php\/2016\/03\/14\/crea-monumentos-biologicos\/\">CREA MONUMENTOS BIOLOGICOS<\/a><div class=\"wp-block-latest-posts__post-excerpt\">Villa de Merlo (S.L.) 26 de octubre 1995 \u00a0 ORDENANZA N\u00ba 602-HCD-1995 \u00a0 VISTO: El<\/div><div class=\"blog-btn\"><a href=\"https:\/\/hcdvillademerlo.com\/index.php\/2016\/03\/14\/crea-monumentos-biologicos\/\" class=\"home-blog-btn\">Leer m\u00e1s<\/a><\/div><\/li>\n<li><a class=\"wp-block-latest-posts__post-title\" href=\"https:\/\/hcdvillademerlo.com\/index.php\/2016\/03\/08\/prohibe-extraccion-de-tierra-y-aridos-en-el-cauce-arroyo-el-tigre\/\">PROH\u00cdBE EXTRACCI\u00d3N DE TIERRA Y \u00c1RIDOS EN EL CAUCE ARROYO EL TIGRE<\/a><div class=\"wp-block-latest-posts__post-excerpt\">Merlo (San Luis), 14 de Setiembre de 1994 &nbsp; ORDENANZA N\u00ba 568-HCD-1994 VISTO: La Ordenanza<\/div><div class=\"blog-btn\"><a href=\"https:\/\/hcdvillademerlo.com\/index.php\/2016\/03\/08\/prohibe-extraccion-de-tierra-y-aridos-en-el-cauce-arroyo-el-tigre\/\" class=\"home-blog-btn\">Leer m\u00e1s<\/a><\/div><\/li>\n<li><a class=\"wp-block-latest-posts__post-title\" href=\"https:\/\/hcdvillademerlo.com\/index.php\/2016\/03\/08\/un-nino-un-arbol\/\">UN NI\u00d1O UN ARBOL<\/a><div class=\"wp-block-latest-posts__post-excerpt\">\u00a0\u00a0\u00a0\u00a0\u00a0\u00a0\u00a0\u00a0\u00a0\u00a0\u00a0\u00a0 \u00a0\u00a0\u00a0\u00a0\u00a0\u00a0\u00a0\u00a0\u00a0\u00a0\u00a0\u00a0\u00a0\u00a0\u00a0\u00a0\u00a0\u00a0\u00a0\u00a0\u00a0\u00a0\u00a0\u00a0\u00a0\u00a0\u00a0\u00a0\u00a0\u00a0\u00a0\u00a0\u00a0\u00a0\u00a0\u00a0\u00a0\u00a0Villa de Merlo (San Luis), 30 de junio de 1994.- &nbsp; ORDENANZA N\u00ba VI-0056-HCD-1994<\/div><div class=\"blog-btn\"><a href=\"https:\/\/hcdvillademerlo.com\/index.php\/2016\/03\/08\/un-nino-un-arbol\/\" class=\"home-blog-btn\">Leer m\u00e1s<\/a><\/div><\/li>\n<li><a class=\"wp-block-latest-posts__post-title\" href=\"https:\/\/hcdvillademerlo.com\/index.php\/2016\/03\/08\/declara-de-interes-municipal-acciones-para-preservar-patrimonio-ecologico\/\">DECLARA DE INTER\u00c9S MUNICIPAL ACCIONES PARA PRESERVAR PATRIMONIO ECOLOGICO<\/a><div class=\"wp-block-latest-posts__post-excerpt\">Merlo, (S.L.) 27 de Octubre de 1993 \u00a0ORDENANZA N\u00ba 530-HCD-1993 \u00a0VISTO: El pedido efectuado por<\/div><div class=\"blog-btn\"><a href=\"https:\/\/hcdvillademerlo.com\/index.php\/2016\/03\/08\/declara-de-interes-municipal-acciones-para-preservar-patrimonio-ecologico\/\" class=\"home-blog-btn\">Leer m\u00e1s<\/a><\/div><\/li>\n<li><a class=\"wp-block-latest-posts__post-title\" href=\"https:\/\/hcdvillademerlo.com\/index.php\/2016\/03\/04\/crea-parque-natural-municipal-barranca-colorada\/\">CREA PARQUE NATURAL MUNICIPAL BARRANCA COLORADA<\/a><div class=\"wp-block-latest-posts__post-excerpt\">Merlo, (S.L.) 02 de Junio de 1993 &nbsp; ORDENANZA N\u00ba 516-HCD-1993 &nbsp; VISTO: La\u00a0 Nota<\/div><div class=\"blog-btn\"><a href=\"https:\/\/hcdvillademerlo.com\/index.php\/2016\/03\/04\/crea-parque-natural-municipal-barranca-colorada\/\" class=\"home-blog-btn\">Leer m\u00e1s<\/a><\/div><\/li>\n<li><a class=\"wp-block-latest-posts__post-title\" href=\"https:\/\/hcdvillademerlo.com\/index.php\/2016\/03\/04\/crea-direccion-proteccion-medio-natural-y-define-normas-de-calidad\/\">CREA DIRECCI\u00d3N PROTECCI\u00d3N MEDIO NATURAL Y DEFINE NORMAS DE CALIDAD<\/a><div class=\"wp-block-latest-posts__post-excerpt\">Merlo, San Luis, 22 de Abril de 1992 &nbsp; ORDENANZA N\u00ba 487-HCD-1992 &nbsp; VISTO: La<\/div><div class=\"blog-btn\"><a href=\"https:\/\/hcdvillademerlo.com\/index.php\/2016\/03\/04\/crea-direccion-proteccion-medio-natural-y-define-normas-de-calidad\/\" class=\"home-blog-btn\">Leer m\u00e1s<\/a><\/div><\/li>\n<li><a class=\"wp-block-latest-posts__post-title\" href=\"https:\/\/hcdvillademerlo.com\/index.php\/2016\/03\/02\/prohibe-extraccion-de-lena-plantas-etc\/\">PROHIBE EXTRACCION DE LE\u00d1A, PLANTAS, ETC<\/a><div class=\"wp-block-latest-posts__post-excerpt\">Merlo, (San Luis), 18 de Abril de 1990 ORDENANZA N\u00ba 451-HCD-1990 &nbsp; VISTO: Que la<\/div><div class=\"blog-btn\"><a href=\"https:\/\/hcdvillademerlo.com\/index.php\/2016\/03\/02\/prohibe-extraccion-de-lena-plantas-etc\/\" class=\"home-blog-btn\">Leer m\u00e1s<\/a><\/div><\/li>\n<li><a class=\"wp-block-latest-posts__post-title\" href=\"https:\/\/hcdvillademerlo.com\/index.php\/2016\/03\/02\/crea-parque-de-reserva-natural-el-ejido-de-merlo\/\">CREA PARQUE DE RESERVA NATURAL EL EJIDO DE MERLO<\/a><div class=\"wp-block-latest-posts__post-excerpt\">Merlo, San Luis, 30 de Agosto de 1989 &nbsp; ORDENANZA N\u00ba 439-HCD-1989 &nbsp; VISTO: Que<\/div><div class=\"blog-btn\"><a href=\"https:\/\/hcdvillademerlo.com\/index.php\/2016\/03\/02\/crea-parque-de-reserva-natural-el-ejido-de-merlo\/\" class=\"home-blog-btn\">Leer m\u00e1s<\/a><\/div><\/li>\n<li><a class=\"wp-block-latest-posts__post-title\" href=\"https:\/\/hcdvillademerlo.com\/index.php\/2016\/03\/02\/prohibe-arrojar-basura-en-radio-urbano\/\">PROH\u00cdBE ARROJAR BASURA EN RADIO URBANO<\/a><div class=\"wp-block-latest-posts__post-excerpt\">Merlo, San Luis, 01 de Julio de 1988 &nbsp; ORDENANZA N\u00ba 384-HCD-1988 &nbsp; VISTO: La<\/div><div class=\"blog-btn\"><a href=\"https:\/\/hcdvillademerlo.com\/index.php\/2016\/03\/02\/prohibe-arrojar-basura-en-radio-urbano\/\" class=\"home-blog-btn\">Leer m\u00e1s<\/a><\/div><\/li>\n<\/ul>","protected":false},"excerpt":{"rendered":"","protected":false},"author":1,"featured_media":0,"parent":9220,"menu_order":0,"comment_status":"closed","ping_status":"closed","template":"","meta":{"footnotes":""},"class_list":["post-10025","page","type-page","status-publish","hentry"],"_links":{"self":[{"href":"https:\/\/hcdvillademerlo.com\/index.php\/wp-json\/wp\/v2\/pages\/10025","targetHints":{"allow":["GET"]}}],"collection":[{"href":"https:\/\/hcdvillademerlo.com\/index.php\/wp-json\/wp\/v2\/pages"}],"about":[{"href":"https:\/\/hcdvillademerlo.com\/index.php\/wp-json\/wp\/v2\/types\/page"}],"author":[{"embeddable":true,"href":"https:\/\/hcdvillademerlo.com\/index.php\/wp-json\/wp\/v2\/users\/1"}],"replies":[{"embeddable":true,"href":"https:\/\/hcdvillademerlo.com\/index.php\/wp-json\/wp\/v2\/comments?post=10025"}],"version-history":[{"count":2,"href":"https:\/\/hcdvillademerlo.com\/index.php\/wp-json\/wp\/v2\/pages\/10025\/revisions"}],"predecessor-version":[{"id":10028,"href":"https:\/\/hcdvillademerlo.com\/index.php\/wp-json\/wp\/v2\/pages\/10025\/revisions\/10028"}],"up":[{"embeddable":true,"href":"https:\/\/hcdvillademerlo.com\/index.php\/wp-json\/wp\/v2\/pages\/9220"}],"wp:attachment":[{"href":"https:\/\/hcdvillademerlo.com\/index.php\/wp-json\/wp\/v2\/media?parent=10025"}],"curies":[{"name":"wp","href":"https:\/\/api.w.org\/{rel}","templated":true}]}}